{"id":146250,"date":"2015-01-08T10:30:48","date_gmt":"2015-01-08T08:30:48","guid":{"rendered":"https:\/\/kt.gov.rs\/?page_id=146250"},"modified":"2025-12-17T12:37:13","modified_gmt":"2025-12-17T10:37:13","slug":"lajme","status":"publish","type":"page","link":"https:\/\/kt.gov.rs\/sq\/lajme\/","title":{"rendered":"Lajme"},"content":{"rendered":"<div class=\"wpb-content-wrapper\"><p>[vc_row][vc_column width=\u201d2\/3\u2033]<div class=\"vc_row wpb_row vc_row-fluid\"><form method=\"get\" action=\"https:\/\/kt.gov.rs\/sq\/\" class=\"search_form_page page_margin_top\">\r\n\t\t<input class=\"text_input\" name=\"s\" type=\"text\" value=\"\" placeholder=\"\u041f\u0440\u0435\u0442\u0440\u0430\u0433\u0430\">\r\n\t\t<input type=\"submit\" value=\"\u041f\u0440\u0435\u0442\u0440\u0430\u0436\u0438\" class=\"more active margin_top_10\">\r\n\t<\/form><\/div>[\/vc_column][vc_column width=\u201d1\/3\u2033][vc_empty_space][vc_wp_archives options=\u201ddropdown,count\u201d][\/vc_column][\/vc_row][vc_row][vc_column]<div class=\"divider_block clearfix\"><hr class=\"divider first\"><hr class=\"divider subheader_arrow\"><hr class=\"divider last\"><\/div>[\/vc_column][\/vc_row][vc_row][vc_column]<div class=\"vc_row wpb_row vc_row-fluid\"><div class=\"vc_col-sm-4 wpb_column vc_column_container\"><ul class=\"blog three_columns clearfix\"><li class=\" post post-147316 type-post status-publish format-standard has-post-thumbnail hentry category-lajme\"><a class=\"post_image\" href=\"https:\/\/kt.gov.rs\/sq\/u-d-i-drejtorit-te-sherbimit-te-trupit-koordinues-nenad-mitroviq-zhvilloi-bisede-me-shefin-e-misionit-te-osbe-se-ne-serbi-marsel-peshko\/\" title=\"U.d. i drejtorit t\u00eb Sh\u00ebrbimit t\u00eb Trupit Koordinues, Nenad Mitroviq, zhvilloi bised\u00eb me Shefin e Misionit t\u00eb OSBE-s\u00eb n\u00eb Serbi, Marsel Peshko\"><img decoding=\"async\" width=\"510\" height=\"374\" src=\"https:\/\/kt.gov.rs\/wp-content\/uploads\/2026\/09\/peskoslajd-510x374.jpg\" class=\"attachment-blog-post-thumb-big size-blog-post-thumb-big wp-post-image\" alt=\"U.d. i drejtorit t\u00eb Sh\u00ebrbimit t\u00eb Trupit Koordinues, Nenad Mitroviq, zhvilloi bised\u00eb me Shefin e Misionit t\u00eb OSBE-s\u00eb n\u00eb Serbi, Marsel Peshko\" title=\"\" srcset=\"https:\/\/kt.gov.rs\/wp-content\/uploads\/2026\/09\/peskoslajd-510x374.jpg 510w, https:\/\/kt.gov.rs\/wp-content\/uploads\/2026\/09\/peskoslajd-330x242.jpg 330w, https:\/\/kt.gov.rs\/wp-content\/uploads\/2026\/09\/peskoslajd-130x95.jpg 130w\" sizes=\"(max-width: 510px) 100vw, 510px\" \/><\/a><h2 class=\"clearfix with_number\"><a href=\"https:\/\/kt.gov.rs\/sq\/u-d-i-drejtorit-te-sherbimit-te-trupit-koordinues-nenad-mitroviq-zhvilloi-bisede-me-shefin-e-misionit-te-osbe-se-ne-serbi-marsel-peshko\/\" title=\"U.d. i drejtorit t\u00eb Sh\u00ebrbimit t\u00eb Trupit Koordinues, Nenad Mitroviq, zhvilloi bised\u00eb me Shefin e Misionit t\u00eb OSBE-s\u00eb n\u00eb Serbi, Marsel Peshko\">U.d. i drejtorit t\u00eb Sh\u00ebrbimit t\u00eb Trupit Koordinues, Nenad Mitroviq, zhvilloi bised\u00eb me Shefin e Misionit t\u00eb OSBE-s\u00eb n\u00eb Serbi, Marsel Peshko<\/a><a href=\"https:\/\/kt.gov.rs\/sq\/u-d-i-drejtorit-te-sherbimit-te-trupit-koordinues-nenad-mitroviq-zhvilloi-bisede-me-shefin-e-misionit-te-osbe-se-ne-serbi-marsel-peshko\/#respond\" title=\"0 comments\" class=\"comments_number\">0<span class=\"arrow_comments\"><\/span><\/a><\/h2><ul class=\"post_details\"><li class=\"category container-category-55\"><a class=\"category-55\" href=\"https:\/\/kt.gov.rs\/sq\/kategoria\/lajme\/\" title=\"View all posts filed under Lajme\">Lajme<\/a><\/li><li class=\"date\">3. September 2026.<\/li><\/ul><p>U.d. i drejtorit t\u00eb Sh\u00ebrbimit t\u00eb Trupit Koordinues t\u00eb Qeveris\u00eb s\u00eb Republik\u00ebs s\u00eb Serbis\u00eb p\u00ebr komaunat e Preshev\u00ebs, Bujanocit dhe Medvegj\u00ebs, Nenad Mitroviq, u takua sot me Shefin e Misionit t\u00eb OSBE-s\u00eb n\u00eb Republik\u00ebn e Serbis\u00eb, Marsel Peshko.<\/p>\n<a title=\"READ MORE\" href=\"https:\/\/kt.gov.rs\/sq\/u-d-i-drejtorit-te-sherbimit-te-trupit-koordinues-nenad-mitroviq-zhvilloi-bisede-me-shefin-e-misionit-te-osbe-se-ne-serbi-marsel-peshko\/\" class=\"read_more\"><span class=\"arrow\"><\/span><span>READ MORE<\/span><\/a><\/li><li class=\" post post-147306 type-post status-publish format-standard has-post-thumbnail hentry category-lajme\"><a class=\"post_image\" href=\"https:\/\/kt.gov.rs\/sq\/nxenesve-te-klases-se-pare-ne-medvegje-u-jane-dorezuar-canta-dhe-mjete-shkollore-falas\/\" title=\"NX\u00cbN\u00cbSVE T\u00cb KLAS\u00cbS S\u00cb PAR\u00cb N\u00cb MEDVEGJ\u00cb U JAN\u00cb DOR\u00cbZUAR \u00c7ANTA DHE MJETE SHKOLLORE FALAS\"><img decoding=\"async\" width=\"510\" height=\"374\" src=\"https:\/\/kt.gov.rs\/wp-content\/uploads\/2026\/09\/prvacislajd-510x374.jpg\" class=\"attachment-blog-post-thumb-big size-blog-post-thumb-big wp-post-image\" alt=\"NX\u00cbN\u00cbSVE T\u00cb KLAS\u00cbS S\u00cb PAR\u00cb N\u00cb MEDVEGJ\u00cb U JAN\u00cb DOR\u00cbZUAR \u00c7ANTA DHE MJETE SHKOLLORE FALAS\" title=\"\" srcset=\"https:\/\/kt.gov.rs\/wp-content\/uploads\/2026\/09\/prvacislajd-510x374.jpg 510w, https:\/\/kt.gov.rs\/wp-content\/uploads\/2026\/09\/prvacislajd-330x242.jpg 330w, https:\/\/kt.gov.rs\/wp-content\/uploads\/2026\/09\/prvacislajd-130x95.jpg 130w\" sizes=\"(max-width: 510px) 100vw, 510px\" \/><\/a><h2 class=\"clearfix with_number\"><a href=\"https:\/\/kt.gov.rs\/sq\/nxenesve-te-klases-se-pare-ne-medvegje-u-jane-dorezuar-canta-dhe-mjete-shkollore-falas\/\" title=\"NX\u00cbN\u00cbSVE T\u00cb KLAS\u00cbS S\u00cb PAR\u00cb N\u00cb MEDVEGJ\u00cb U JAN\u00cb DOR\u00cbZUAR \u00c7ANTA DHE MJETE SHKOLLORE FALAS\">NX\u00cbN\u00cbSVE T\u00cb KLAS\u00cbS S\u00cb PAR\u00cb N\u00cb MEDVEGJ\u00cb U JAN\u00cb DOR\u00cbZUAR \u00c7ANTA DHE MJETE SHKOLLORE FALAS<\/a><a href=\"https:\/\/kt.gov.rs\/sq\/nxenesve-te-klases-se-pare-ne-medvegje-u-jane-dorezuar-canta-dhe-mjete-shkollore-falas\/#respond\" title=\"0 comments\" class=\"comments_number\">0<span class=\"arrow_comments\"><\/span><\/a><\/h2><ul class=\"post_details\"><li class=\"category container-category-55\"><a class=\"category-55\" href=\"https:\/\/kt.gov.rs\/sq\/kategoria\/lajme\/\" title=\"View all posts filed under Lajme\">Lajme<\/a><\/li><li class=\"date\">2. September 2026.<\/li><\/ul><p>Sh\u00ebrbimi i Trupit Koordinues t\u00eb Qeveris\u00eb s\u00eb Republik\u00ebs s\u00eb Serbis\u00eb p\u00ebr komunat Preshev\u00eb, Bujanoc dhe Medvegj\u00eb ka siguruar edhe k\u00ebt\u00eb vit \u00e7anta shkollore dhe mjete shkollore falas p\u00ebr t\u00eb gjith\u00eb nx\u00ebn\u00ebsit q\u00eb fillojn\u00eb klas\u00ebn e par\u00eb t\u00eb shkoll\u00ebs fillore n\u00eb territorin e komun\u00ebs s\u00eb Medvegj\u00ebs.<\/p>\n<a title=\"READ MORE\" href=\"https:\/\/kt.gov.rs\/sq\/nxenesve-te-klases-se-pare-ne-medvegje-u-jane-dorezuar-canta-dhe-mjete-shkollore-falas\/\" class=\"read_more\"><span class=\"arrow\"><\/span><span>READ MORE<\/span><\/a><\/li><li class=\" post post-147287 type-post status-publish format-standard has-post-thumbnail hentry category-lajme\"><a class=\"post_image\" href=\"https:\/\/kt.gov.rs\/sq\/canta-dhe-pajisje-shkollore-falas-per-te-gjithe-nxenesit-e-klases-se-pare-ne-presheve-bujanoc-dhe-medvegje\/\" title=\"\u00c7ANTA DHE PAJISJE SHKOLLORE FALAS P\u00cbR T\u00cb GJITH\u00cb NX\u00cbN\u00cbSIT E KLAS\u00cbS S\u00cb PAR\u00cb N\u00cb PRESHEV\u00cb, BUJANOC DHE MEDVEGJ\u00cb\"><img decoding=\"async\" width=\"510\" height=\"374\" src=\"https:\/\/kt.gov.rs\/wp-content\/uploads\/2026\/09\/skolaslajd4-510x374.jpg\" class=\"attachment-blog-post-thumb-big size-blog-post-thumb-big wp-post-image\" alt=\"\u00c7ANTA DHE PAJISJE SHKOLLORE FALAS P\u00cbR T\u00cb GJITH\u00cb NX\u00cbN\u00cbSIT E KLAS\u00cbS S\u00cb PAR\u00cb N\u00cb PRESHEV\u00cb, BUJANOC DHE MEDVEGJ\u00cb\" title=\"\" srcset=\"https:\/\/kt.gov.rs\/wp-content\/uploads\/2026\/09\/skolaslajd4-510x374.jpg 510w, https:\/\/kt.gov.rs\/wp-content\/uploads\/2026\/09\/skolaslajd4-330x242.jpg 330w, https:\/\/kt.gov.rs\/wp-content\/uploads\/2026\/09\/skolaslajd4-130x95.jpg 130w\" sizes=\"(max-width: 510px) 100vw, 510px\" \/><\/a><h2 class=\"clearfix with_number\"><a href=\"https:\/\/kt.gov.rs\/sq\/canta-dhe-pajisje-shkollore-falas-per-te-gjithe-nxenesit-e-klases-se-pare-ne-presheve-bujanoc-dhe-medvegje\/\" title=\"\u00c7ANTA DHE PAJISJE SHKOLLORE FALAS P\u00cbR T\u00cb GJITH\u00cb NX\u00cbN\u00cbSIT E KLAS\u00cbS S\u00cb PAR\u00cb N\u00cb PRESHEV\u00cb, BUJANOC DHE MEDVEGJ\u00cb\">\u00c7ANTA DHE PAJISJE SHKOLLORE FALAS P\u00cbR T\u00cb GJITH\u00cb NX\u00cbN\u00cbSIT E KLAS\u00cbS S\u00cb PAR\u00cb N\u00cb PRESHEV\u00cb, BUJANOC DHE MEDVEGJ\u00cb<\/a><a href=\"https:\/\/kt.gov.rs\/sq\/canta-dhe-pajisje-shkollore-falas-per-te-gjithe-nxenesit-e-klases-se-pare-ne-presheve-bujanoc-dhe-medvegje\/#respond\" title=\"0 comments\" class=\"comments_number\">0<span class=\"arrow_comments\"><\/span><\/a><\/h2><ul class=\"post_details\"><li class=\"category container-category-55\"><a class=\"category-55\" href=\"https:\/\/kt.gov.rs\/sq\/kategoria\/lajme\/\" title=\"View all posts filed under Lajme\">Lajme<\/a><\/li><li class=\"date\">1. September 2026.<\/li><\/ul><p>Sh\u00ebrbimi i Trupit Koordinues t\u00eb Qeveris\u00eb s\u00eb Republik\u00ebs s\u00eb Serbis\u00eb p\u00ebr komunat Preshev\u00eb, Bujanoc dhe Medvegj\u00eb edhe k\u00ebt\u00eb vit ka siguruar \u00e7anta dhe pajisje shkollore falas p\u00ebr t\u00eb gjith\u00eb nx\u00ebn\u00ebsit q\u00eb fillojn\u00eb klas\u00ebn e par\u00eb t\u00eb shkoll\u00ebs fillore n\u00eb territorin e k\u00ebtyre tri komunave.<\/p>\n<a title=\"READ MORE\" href=\"https:\/\/kt.gov.rs\/sq\/canta-dhe-pajisje-shkollore-falas-per-te-gjithe-nxenesit-e-klases-se-pare-ne-presheve-bujanoc-dhe-medvegje\/\" class=\"read_more\"><span class=\"arrow\"><\/span><span>READ MORE<\/span><\/a><\/li><li class=\" post post-147263 type-post status-publish format-standard has-post-thumbnail hentry category-lajme\"><a class=\"post_image\" href=\"https:\/\/kt.gov.rs\/sq\/sherbimi-i-trupit-koordinues-siguroi-canta-dhe-pajisje-shkollore-per-te-gjithe-nxenesit-e-klases-se-pare-ne-presheve-bujanoc-dhe-medvegje\/\" title=\"SH\u00cbRBIMI I TRUPIT KOORDINUES SIGUROI \u00c7ANTA DHE PAJISJE SHKOLLORE P\u00cbR T\u00cb GJITH\u00cb NX\u00cbN\u00cbSIT E KLAS\u00cbS S\u00cb PAR\u00cb N\u00cb PRESHEV\u00cb, BUJANOC DHE MEDVEGJ\u00cb\"><img decoding=\"async\" width=\"510\" height=\"374\" src=\"https:\/\/kt.gov.rs\/wp-content\/uploads\/2026\/08\/viber-image-2026-08-31-09-37-39-747-510x374.jpg\" class=\"attachment-blog-post-thumb-big size-blog-post-thumb-big wp-post-image\" alt=\"SH\u00cbRBIMI I TRUPIT KOORDINUES SIGUROI \u00c7ANTA DHE PAJISJE SHKOLLORE P\u00cbR T\u00cb GJITH\u00cb NX\u00cbN\u00cbSIT E KLAS\u00cbS S\u00cb PAR\u00cb N\u00cb PRESHEV\u00cb, BUJANOC DHE MEDVEGJ\u00cb\" title=\"\" srcset=\"https:\/\/kt.gov.rs\/wp-content\/uploads\/2026\/08\/viber-image-2026-08-31-09-37-39-747-510x374.jpg 510w, https:\/\/kt.gov.rs\/wp-content\/uploads\/2026\/08\/viber-image-2026-08-31-09-37-39-747-330x242.jpg 330w, https:\/\/kt.gov.rs\/wp-content\/uploads\/2026\/08\/viber-image-2026-08-31-09-37-39-747-130x95.jpg 130w\" sizes=\"(max-width: 510px) 100vw, 510px\" \/><\/a><h2 class=\"clearfix with_number\"><a href=\"https:\/\/kt.gov.rs\/sq\/sherbimi-i-trupit-koordinues-siguroi-canta-dhe-pajisje-shkollore-per-te-gjithe-nxenesit-e-klases-se-pare-ne-presheve-bujanoc-dhe-medvegje\/\" title=\"SH\u00cbRBIMI I TRUPIT KOORDINUES SIGUROI \u00c7ANTA DHE PAJISJE SHKOLLORE P\u00cbR T\u00cb GJITH\u00cb NX\u00cbN\u00cbSIT E KLAS\u00cbS S\u00cb PAR\u00cb N\u00cb PRESHEV\u00cb, BUJANOC DHE MEDVEGJ\u00cb\">SH\u00cbRBIMI I TRUPIT KOORDINUES SIGUROI \u00c7ANTA DHE PAJISJE SHKOLLORE P\u00cbR T\u00cb GJITH\u00cb NX\u00cbN\u00cbSIT E KLAS\u00cbS S\u00cb PAR\u00cb N\u00cb PRESHEV\u00cb, BUJANOC DHE MEDVEGJ\u00cb<\/a><a href=\"https:\/\/kt.gov.rs\/sq\/sherbimi-i-trupit-koordinues-siguroi-canta-dhe-pajisje-shkollore-per-te-gjithe-nxenesit-e-klases-se-pare-ne-presheve-bujanoc-dhe-medvegje\/#respond\" title=\"0 comments\" class=\"comments_number\">0<span class=\"arrow_comments\"><\/span><\/a><\/h2><ul class=\"post_details\"><li class=\"category container-category-55\"><a class=\"category-55\" href=\"https:\/\/kt.gov.rs\/sq\/kategoria\/lajme\/\" title=\"View all posts filed under Lajme\">Lajme<\/a><\/li><li class=\"date\">31. August 2026.<\/li><\/ul><p>Sh\u00ebrbimi i Trupit Koordinues t\u00eb Qeveris\u00eb s\u00eb Republik\u00ebs s\u00eb Serbis\u00eb p\u00ebr komunat Preshev\u00eb, Bujanoc dhe Medvegj\u00eb edhe k\u00ebt\u00eb vit ka siguruar mjete p\u00ebr blerjen e \u00e7antave dhe pajisjeve shkollore p\u00ebr t\u00eb gjith\u00eb nx\u00ebn\u00ebsit q\u00eb n\u00eb vitin shkollor 2026\/2027 fillojn\u00eb klas\u00ebn e par\u00eb t\u00eb shkoll\u00ebs fillore n\u00eb territorin e k\u00ebtyre tri komunave.<\/p>\n<a title=\"READ MORE\" href=\"https:\/\/kt.gov.rs\/sq\/sherbimi-i-trupit-koordinues-siguroi-canta-dhe-pajisje-shkollore-per-te-gjithe-nxenesit-e-klases-se-pare-ne-presheve-bujanoc-dhe-medvegje\/\" class=\"read_more\"><span class=\"arrow\"><\/span><span>READ MORE<\/span><\/a><\/li><\/ul><\/div><div class=\"vc_col-sm-4 wpb_column vc_column_container\"><ul class=\"blog three_columns clearfix\"><li class=\" post post-147249 type-post status-publish format-standard has-post-thumbnail hentry category-lajme\"><a class=\"post_image\" href=\"https:\/\/kt.gov.rs\/sq\/ministri-berisha-permes-dialogut-nderkulturor-ndertojme-besimin-dhe-ruajme-identitetin\/\" title=\"Ministri Berisha: P\u00ebrmes dialogut nd\u00ebrkulturor nd\u00ebrtojm\u00eb besimin dhe ruajm\u00eb identitetin\"><img decoding=\"async\" width=\"510\" height=\"374\" src=\"https:\/\/kt.gov.rs\/wp-content\/uploads\/2026\/08\/berisaslajd22-510x374.jpg\" class=\"attachment-blog-post-thumb-big size-blog-post-thumb-big wp-post-image\" alt=\"Ministri Berisha: P\u00ebrmes dialogut nd\u00ebrkulturor nd\u00ebrtojm\u00eb besimin dhe ruajm\u00eb identitetin\" title=\"\" srcset=\"https:\/\/kt.gov.rs\/wp-content\/uploads\/2026\/08\/berisaslajd22-510x374.jpg 510w, https:\/\/kt.gov.rs\/wp-content\/uploads\/2026\/08\/berisaslajd22-330x242.jpg 330w, https:\/\/kt.gov.rs\/wp-content\/uploads\/2026\/08\/berisaslajd22-130x95.jpg 130w\" sizes=\"(max-width: 510px) 100vw, 510px\" \/><\/a><h2 class=\"clearfix with_number\"><a href=\"https:\/\/kt.gov.rs\/sq\/ministri-berisha-permes-dialogut-nderkulturor-ndertojme-besimin-dhe-ruajme-identitetin\/\" title=\"Ministri Berisha: P\u00ebrmes dialogut nd\u00ebrkulturor nd\u00ebrtojm\u00eb besimin dhe ruajm\u00eb identitetin\">Ministri Berisha: P\u00ebrmes dialogut nd\u00ebrkulturor nd\u00ebrtojm\u00eb besimin dhe ruajm\u00eb identitetin<\/a><a href=\"https:\/\/kt.gov.rs\/sq\/ministri-berisha-permes-dialogut-nderkulturor-ndertojme-besimin-dhe-ruajme-identitetin\/#respond\" title=\"0 comments\" class=\"comments_number\">0<span class=\"arrow_comments\"><\/span><\/a><\/h2><ul class=\"post_details\"><li class=\"category container-category-55\"><a class=\"category-55\" href=\"https:\/\/kt.gov.rs\/sq\/kategoria\/lajme\/\" title=\"View all posts filed under Lajme\">Lajme<\/a><\/li><li class=\"date\">29. August 2026.<\/li><\/ul><p>Ministri p\u00ebr t\u00eb Drejtat e Njeriut dhe t\u00eb Pakicave dhe Dialogun Shoq\u00ebror, Demo Berisha, mori pjes\u00eb n\u00eb Bujanoc n\u00eb tribun\u00ebn me tem\u00eb \u201eDialogu nd\u00ebrkulturor dhe ruajtja e identitetit t\u00eb pakicave komb\u00ebtare n\u00eb jug t\u00eb Serbis\u00eb: Preshev\u00eb, Bujanoc dhe Medvegj\u00eb\u201c, duke theksuar se dialogu nd\u00ebrkulturor \u00ebsht\u00eb i nj\u00eb r\u00ebnd\u00ebsie vendimtare p\u00ebr integrimin e pakicave komb\u00ebtare n\u00eb rrjedhat shoq\u00ebrore, duke ruajtur nj\u00ebkoh\u00ebsisht identitetin e tyre kulturor, gjuh\u00ebsor dhe komb\u00ebtar.<\/p>\n<a title=\"READ MORE\" href=\"https:\/\/kt.gov.rs\/sq\/ministri-berisha-permes-dialogut-nderkulturor-ndertojme-besimin-dhe-ruajme-identitetin\/\" class=\"read_more\"><span class=\"arrow\"><\/span><span>READ MORE<\/span><\/a><\/li><li class=\" post post-147222 type-post status-publish format-standard has-post-thumbnail hentry category-lajme\"><a class=\"post_image\" href=\"https:\/\/kt.gov.rs\/sq\/nenad-mitrovic-vizitoi-bashkesite-lokale-breznice-muhoc-dhe-zarbince\/\" title=\"Nenad Mitrovi\u0107 vizitoi bashk\u00ebsit\u00eb lokale Breznic\u00eb, Muhoc dhe Zarbinc\u00eb\"><img decoding=\"async\" width=\"510\" height=\"374\" src=\"https:\/\/kt.gov.rs\/wp-content\/uploads\/2026\/08\/posetabreznicaslajd-510x374.jpg\" class=\"attachment-blog-post-thumb-big size-blog-post-thumb-big wp-post-image\" alt=\"Nenad Mitrovi\u0107 vizitoi bashk\u00ebsit\u00eb lokale Breznic\u00eb, Muhoc dhe Zarbinc\u00eb\" title=\"\" srcset=\"https:\/\/kt.gov.rs\/wp-content\/uploads\/2026\/08\/posetabreznicaslajd-510x374.jpg 510w, https:\/\/kt.gov.rs\/wp-content\/uploads\/2026\/08\/posetabreznicaslajd-330x242.jpg 330w, https:\/\/kt.gov.rs\/wp-content\/uploads\/2026\/08\/posetabreznicaslajd-130x95.jpg 130w\" sizes=\"(max-width: 510px) 100vw, 510px\" \/><\/a><h2 class=\"clearfix with_number\"><a href=\"https:\/\/kt.gov.rs\/sq\/nenad-mitrovic-vizitoi-bashkesite-lokale-breznice-muhoc-dhe-zarbince\/\" title=\"Nenad Mitrovi\u0107 vizitoi bashk\u00ebsit\u00eb lokale Breznic\u00eb, Muhoc dhe Zarbinc\u00eb\">Nenad Mitrovi\u0107 vizitoi bashk\u00ebsit\u00eb lokale Breznic\u00eb, Muhoc dhe Zarbinc\u00eb<\/a><a href=\"https:\/\/kt.gov.rs\/sq\/nenad-mitrovic-vizitoi-bashkesite-lokale-breznice-muhoc-dhe-zarbince\/#respond\" title=\"0 comments\" class=\"comments_number\">0<span class=\"arrow_comments\"><\/span><\/a><\/h2><ul class=\"post_details\"><li class=\"category container-category-55\"><a class=\"category-55\" href=\"https:\/\/kt.gov.rs\/sq\/kategoria\/lajme\/\" title=\"View all posts filed under Lajme\">Lajme<\/a><\/li><li class=\"date\">26. August 2026.<\/li><\/ul><p>U.d. i drejtorit t\u00eb Sh\u00ebrbimit t\u00eb Trupit Koordinues t\u00eb Qeveris\u00eb s\u00eb Republik\u00ebs s\u00eb Serbis\u00eb p\u00ebr komunat Preshev\u00eb, Bujanoc dhe Medvegj\u00eb, Nenad Mitrovi\u0107, s\u00eb bashku me bashk\u00ebpun\u00ebtor\u00ebt dhe Ali Aslanin nga Sektori p\u00ebr Situata Emergjente i Komun\u00ebs s\u00eb Bujanocit, vizitoi Breznic\u00ebn, Muhocin dhe Zarbinc\u00ebn, ku me kryetar\u00ebt e bashk\u00ebsive lokale dhe banor\u00ebt diskutoi p\u00ebr \u00e7\u00ebshtjet infrastrukturore dhe \u00e7\u00ebshtje t\u00eb tjera me r\u00ebnd\u00ebsi p\u00ebr jet\u00ebn e p\u00ebrditshme t\u00eb banor\u00ebve.<\/p>\n<a title=\"READ MORE\" href=\"https:\/\/kt.gov.rs\/sq\/nenad-mitrovic-vizitoi-bashkesite-lokale-breznice-muhoc-dhe-zarbince\/\" class=\"read_more\"><span class=\"arrow\"><\/span><span>READ MORE<\/span><\/a><\/li><li class=\" post post-147202 type-post status-publish format-standard has-post-thumbnail hentry category-lajme\"><a class=\"post_image\" href=\"https:\/\/kt.gov.rs\/sq\/nenad-mitrovic-ne-rtv-vranje-per-fushaten-informuese-mbi-pasivizimin-e-adresave\/\" title=\"Nenad Mitrovi\u0107 n\u00eb RTV Vranj\u00eb p\u00ebr fushat\u00ebn informuese mbi pasivizimin e adresave\"><img decoding=\"async\" width=\"510\" height=\"374\" src=\"https:\/\/kt.gov.rs\/wp-content\/uploads\/2026\/02\/ramazanslajd-510x374.jpg\" class=\"attachment-blog-post-thumb-big size-blog-post-thumb-big wp-post-image\" alt=\"Nenad Mitrovi\u0107 n\u00eb RTV Vranj\u00eb p\u00ebr fushat\u00ebn informuese mbi pasivizimin e adresave\" title=\"\" srcset=\"https:\/\/kt.gov.rs\/wp-content\/uploads\/2026\/02\/ramazanslajd-510x374.jpg 510w, https:\/\/kt.gov.rs\/wp-content\/uploads\/2026\/02\/ramazanslajd-330x242.jpg 330w, https:\/\/kt.gov.rs\/wp-content\/uploads\/2026\/02\/ramazanslajd-130x95.jpg 130w\" sizes=\"(max-width: 510px) 100vw, 510px\" \/><\/a><h2 class=\"clearfix with_number\"><a href=\"https:\/\/kt.gov.rs\/sq\/nenad-mitrovic-ne-rtv-vranje-per-fushaten-informuese-mbi-pasivizimin-e-adresave\/\" title=\"Nenad Mitrovi\u0107 n\u00eb RTV Vranj\u00eb p\u00ebr fushat\u00ebn informuese mbi pasivizimin e adresave\">Nenad Mitrovi\u0107 n\u00eb RTV Vranj\u00eb p\u00ebr fushat\u00ebn informuese mbi pasivizimin e adresave<\/a><a href=\"https:\/\/kt.gov.rs\/sq\/nenad-mitrovic-ne-rtv-vranje-per-fushaten-informuese-mbi-pasivizimin-e-adresave\/#respond\" title=\"0 comments\" class=\"comments_number\">0<span class=\"arrow_comments\"><\/span><\/a><\/h2><ul class=\"post_details\"><li class=\"category container-category-55\"><a class=\"category-55\" href=\"https:\/\/kt.gov.rs\/sq\/kategoria\/lajme\/\" title=\"View all posts filed under Lajme\">Lajme<\/a><\/li><li class=\"date\">25. August 2026.<\/li><\/ul><p>U.d. i drejtorit t\u00eb Sh\u00ebrbimit t\u00eb Trupit Koordinues t\u00eb Qeveris\u00eb s\u00eb Republik\u00ebs s\u00eb Serbis\u00eb p\u00ebr komunat Preshev\u00eb, Bujanoc dhe Medvegj\u00eb, Nenad Mitrovi\u0107, ishte i ftuar n\u00eb RTV Vranj\u00eb, ku foli p\u00ebr fushat\u00ebn informuese mbi pasivizimin e adresave, t\u00eb cil\u00ebn Sh\u00ebrbimi i Trupit Koordinues po e zbaton n\u00eb kuad\u00ebr t\u00eb Planit t\u00eb Veprimit p\u00ebr Realizimin e t\u00eb Drejtave t\u00eb Pakicave Komb\u00ebtare p\u00ebr periudh\u00ebn 2026\u20132029.<\/p>\n<a title=\"READ MORE\" href=\"https:\/\/kt.gov.rs\/sq\/nenad-mitrovic-ne-rtv-vranje-per-fushaten-informuese-mbi-pasivizimin-e-adresave\/\" class=\"read_more\"><span class=\"arrow\"><\/span><span>READ MORE<\/span><\/a><\/li><li class=\" post post-147180 type-post status-publish format-standard has-post-thumbnail hentry category-lajme\"><a class=\"post_image\" href=\"https:\/\/kt.gov.rs\/sq\/v-d-direktora-sluzbe-koordinacionog-t-6\/\" title=\"U.d. drejtori i Sh\u00ebrbimit t\u00eb Trupit Koordinues bisedoi me kryetaren e Komun\u00ebs s\u00eb Preshev\u00ebs p\u00ebr fushat\u00ebn informuese mbi pasivizimin e adresave\"><img decoding=\"async\" width=\"510\" height=\"374\" src=\"https:\/\/kt.gov.rs\/wp-content\/uploads\/2026\/08\/vest-26080401-1-510x374.jpg\" class=\"attachment-blog-post-thumb-big size-blog-post-thumb-big wp-post-image\" alt=\"U.d. drejtori i Sh\u00ebrbimit t\u00eb Trupit Koordinues bisedoi me kryetaren e Komun\u00ebs s\u00eb Preshev\u00ebs p\u00ebr fushat\u00ebn informuese mbi pasivizimin e adresave\" title=\"\" srcset=\"https:\/\/kt.gov.rs\/wp-content\/uploads\/2026\/08\/vest-26080401-1-510x374.jpg 510w, https:\/\/kt.gov.rs\/wp-content\/uploads\/2026\/08\/vest-26080401-1-330x242.jpg 330w, https:\/\/kt.gov.rs\/wp-content\/uploads\/2026\/08\/vest-26080401-1-130x95.jpg 130w\" sizes=\"(max-width: 510px) 100vw, 510px\" \/><\/a><h2 class=\"clearfix with_number\"><a href=\"https:\/\/kt.gov.rs\/sq\/v-d-direktora-sluzbe-koordinacionog-t-6\/\" title=\"U.d. drejtori i Sh\u00ebrbimit t\u00eb Trupit Koordinues bisedoi me kryetaren e Komun\u00ebs s\u00eb Preshev\u00ebs p\u00ebr fushat\u00ebn informuese mbi pasivizimin e adresave\">U.d. drejtori i Sh\u00ebrbimit t\u00eb Trupit Koordinues bisedoi me kryetaren e Komun\u00ebs s\u00eb Preshev\u00ebs p\u00ebr fushat\u00ebn informuese mbi pasivizimin e adresave<\/a><a href=\"https:\/\/kt.gov.rs\/sq\/v-d-direktora-sluzbe-koordinacionog-t-6\/#respond\" title=\"0 comments\" class=\"comments_number\">0<span class=\"arrow_comments\"><\/span><\/a><\/h2><ul class=\"post_details\"><li class=\"category container-category-55\"><a class=\"category-55\" href=\"https:\/\/kt.gov.rs\/sq\/kategoria\/lajme\/\" title=\"View all posts filed under Lajme\">Lajme<\/a><\/li><li class=\"date\">4. August 2026.<\/li><\/ul><p>U.d. drejtori i Sh\u00ebrbimit t\u00eb Trupit Koordinues t\u00eb Qeveris\u00eb s\u00eb Republik\u00ebs s\u00eb Serbis\u00eb p\u00ebr komunat Preshev\u00eb, Bujanoc dhe Medvegj\u00eb, Nenad Mitrovi\u0107, u takua sot me kryetaren e Komun\u00ebs s\u00eb Preshev\u00ebs, Ardita Sinani.<\/p>\n<a title=\"READ MORE\" href=\"https:\/\/kt.gov.rs\/sq\/v-d-direktora-sluzbe-koordinacionog-t-6\/\" class=\"read_more\"><span class=\"arrow\"><\/span><span>READ MORE<\/span><\/a><\/li><\/ul><\/div><div class=\"vc_col-sm-4 wpb_column vc_column_container\"><ul class=\"blog three_columns clearfix\"><li class=\" post post-147163 type-post status-publish format-standard has-post-thumbnail hentry category-lajme\"><a class=\"post_image\" href=\"https:\/\/kt.gov.rs\/sq\/ne-medvegje-u-dorezuan-kontratat-per-ndarjen-e-subvencioneve-per-subjektet-ekonomike\/\" title=\"N\u00eb Medvegj\u00eb u dor\u00ebzuan kontratat p\u00ebr ndarjen e subvencioneve p\u00ebr subjektet ekonomike\"><img decoding=\"async\" width=\"510\" height=\"374\" src=\"https:\/\/kt.gov.rs\/wp-content\/uploads\/2026\/08\/vest-26080301-7-510x374.jpg\" class=\"attachment-blog-post-thumb-big size-blog-post-thumb-big wp-post-image\" alt=\"N\u00eb Medvegj\u00eb u dor\u00ebzuan kontratat p\u00ebr ndarjen e subvencioneve p\u00ebr subjektet ekonomike\" title=\"\" srcset=\"https:\/\/kt.gov.rs\/wp-content\/uploads\/2026\/08\/vest-26080301-7-510x374.jpg 510w, https:\/\/kt.gov.rs\/wp-content\/uploads\/2026\/08\/vest-26080301-7-330x242.jpg 330w, https:\/\/kt.gov.rs\/wp-content\/uploads\/2026\/08\/vest-26080301-7-130x95.jpg 130w\" sizes=\"(max-width: 510px) 100vw, 510px\" \/><\/a><h2 class=\"clearfix with_number\"><a href=\"https:\/\/kt.gov.rs\/sq\/ne-medvegje-u-dorezuan-kontratat-per-ndarjen-e-subvencioneve-per-subjektet-ekonomike\/\" title=\"N\u00eb Medvegj\u00eb u dor\u00ebzuan kontratat p\u00ebr ndarjen e subvencioneve p\u00ebr subjektet ekonomike\">N\u00eb Medvegj\u00eb u dor\u00ebzuan kontratat p\u00ebr ndarjen e subvencioneve p\u00ebr subjektet ekonomike<\/a><a href=\"https:\/\/kt.gov.rs\/sq\/ne-medvegje-u-dorezuan-kontratat-per-ndarjen-e-subvencioneve-per-subjektet-ekonomike\/#respond\" title=\"0 comments\" class=\"comments_number\">0<span class=\"arrow_comments\"><\/span><\/a><\/h2><ul class=\"post_details\"><li class=\"category container-category-55\"><a class=\"category-55\" href=\"https:\/\/kt.gov.rs\/sq\/kategoria\/lajme\/\" title=\"View all posts filed under Lajme\">Lajme<\/a><\/li><li class=\"date\">3. August 2026.<\/li><\/ul><p>Sh\u00ebrbimi i Trupit Koordinues t\u00eb Qeveris\u00eb s\u00eb Republik\u00ebs s\u00eb Serbis\u00eb p\u00ebr Komunat Preshev\u00eb, Bujanoc dhe Medvegj\u00eb ka organizuar sot n\u00eb Medvegj\u00eb ndarjen solemne t\u00eb kontratave p\u00ebr subjektet ekonomike q\u00eb kan\u00eb fituar t\u00eb drejt\u00ebn e subvencioneve sipas Konkursit publik p\u00ebr ndarjen e subvencioneve p\u00ebr subjektet ekonomike n\u00eb pron\u00ebsi private p\u00ebr vitin 2026.<\/p>\n<a title=\"READ MORE\" href=\"https:\/\/kt.gov.rs\/sq\/ne-medvegje-u-dorezuan-kontratat-per-ndarjen-e-subvencioneve-per-subjektet-ekonomike\/\" class=\"read_more\"><span class=\"arrow\"><\/span><span>READ MORE<\/span><\/a><\/li><li class=\" post post-147153 type-post status-publish format-standard has-post-thumbnail hentry category-lajme\"><a class=\"post_image\" href=\"https:\/\/kt.gov.rs\/sq\/nenad-mitrovic-razgovarao-sa-zamenik\/\" title=\"Nenad Mitroviq ka biseduar me z\u00ebvend\u00ebskryetarin e komun\u00ebs s\u00eb Medvegj\u00ebs p\u00ebr realizimin e fushat\u00ebs informuese p\u00ebr pasivizimin e adresave\"><img decoding=\"async\" width=\"510\" height=\"374\" src=\"https:\/\/kt.gov.rs\/wp-content\/uploads\/2026\/08\/vest-26080301-1-510x374.jpg\" class=\"attachment-blog-post-thumb-big size-blog-post-thumb-big wp-post-image\" alt=\"Nenad Mitroviq ka biseduar me z\u00ebvend\u00ebskryetarin e komun\u00ebs s\u00eb Medvegj\u00ebs p\u00ebr realizimin e fushat\u00ebs informuese p\u00ebr pasivizimin e adresave\" title=\"\" srcset=\"https:\/\/kt.gov.rs\/wp-content\/uploads\/2026\/08\/vest-26080301-1-510x374.jpg 510w, https:\/\/kt.gov.rs\/wp-content\/uploads\/2026\/08\/vest-26080301-1-330x242.jpg 330w, https:\/\/kt.gov.rs\/wp-content\/uploads\/2026\/08\/vest-26080301-1-130x95.jpg 130w\" sizes=\"(max-width: 510px) 100vw, 510px\" \/><\/a><h2 class=\"clearfix with_number\"><a href=\"https:\/\/kt.gov.rs\/sq\/nenad-mitrovic-razgovarao-sa-zamenik\/\" title=\"Nenad Mitroviq ka biseduar me z\u00ebvend\u00ebskryetarin e komun\u00ebs s\u00eb Medvegj\u00ebs p\u00ebr realizimin e fushat\u00ebs informuese p\u00ebr pasivizimin e adresave\">Nenad Mitroviq ka biseduar me z\u00ebvend\u00ebskryetarin e komun\u00ebs s\u00eb Medvegj\u00ebs p\u00ebr realizimin e fushat\u00ebs informuese p\u00ebr pasivizimin e adresave<\/a><a href=\"https:\/\/kt.gov.rs\/sq\/nenad-mitrovic-razgovarao-sa-zamenik\/#respond\" title=\"0 comments\" class=\"comments_number\">0<span class=\"arrow_comments\"><\/span><\/a><\/h2><ul class=\"post_details\"><li class=\"category container-category-55\"><a class=\"category-55\" href=\"https:\/\/kt.gov.rs\/sq\/kategoria\/lajme\/\" title=\"View all posts filed under Lajme\">Lajme<\/a><\/li><li class=\"date\">3. August 2026.<\/li><\/ul><p>U.d. i drejtorit t\u00eb Sh\u00ebrbimit t\u00eb Trupit Trupit Koordinues t\u00eb Qeveris\u00eb s\u00eb Republik\u00ebs s\u00eb Serbis\u00eb p\u00ebr komunat Preshev\u00eb, Bujanoc dhe Medvegj\u00eb, Nenad Mitroviq, \u00ebsht\u00eb takuar sot me z\u00ebvend\u00ebskryetarin e komun\u00ebs s\u00eb Medvegj\u00ebs, Rade Peroviq.<\/p>\n<a title=\"READ MORE\" href=\"https:\/\/kt.gov.rs\/sq\/nenad-mitrovic-razgovarao-sa-zamenik\/\" class=\"read_more\"><span class=\"arrow\"><\/span><span>READ MORE<\/span><\/a><\/li><li class=\" post post-147125 type-post status-publish format-standard has-post-thumbnail hentry category-lajme\"><a class=\"post_image\" href=\"https:\/\/kt.gov.rs\/sq\/njoftim-per-ngjarjen\/\" title=\"Njoftim p\u00ebr ngjarjen\"><img decoding=\"async\" width=\"510\" height=\"374\" src=\"https:\/\/kt.gov.rs\/wp-content\/uploads\/2026\/07\/najava-510x374.jpg\" class=\"attachment-blog-post-thumb-big size-blog-post-thumb-big wp-post-image\" alt=\"Njoftim p\u00ebr ngjarjen\" title=\"\" srcset=\"https:\/\/kt.gov.rs\/wp-content\/uploads\/2026\/07\/najava-510x374.jpg 510w, https:\/\/kt.gov.rs\/wp-content\/uploads\/2026\/07\/najava-330x242.jpg 330w, https:\/\/kt.gov.rs\/wp-content\/uploads\/2026\/07\/najava-130x95.jpg 130w\" sizes=\"(max-width: 510px) 100vw, 510px\" \/><\/a><h2 class=\"clearfix with_number\"><a href=\"https:\/\/kt.gov.rs\/sq\/njoftim-per-ngjarjen\/\" title=\"Njoftim p\u00ebr ngjarjen\">Njoftim p\u00ebr ngjarjen<\/a><a href=\"https:\/\/kt.gov.rs\/sq\/njoftim-per-ngjarjen\/#respond\" title=\"0 comments\" class=\"comments_number\">0<span class=\"arrow_comments\"><\/span><\/a><\/h2><ul class=\"post_details\"><li class=\"category container-category-55\"><a class=\"category-55\" href=\"https:\/\/kt.gov.rs\/sq\/kategoria\/lajme\/\" title=\"View all posts filed under Lajme\">Lajme<\/a><\/li><li class=\"date\">31. July 2026.<\/li><\/ul><p>Sh\u00ebrbimi i Trupit Koordinues t\u00eb Qeveris\u00eb s\u00eb Republik\u00ebs s\u00eb Serbis\u00eb p\u00ebr komunat Preshev\u00eb, Bujanoc dhe Medvegj\u00eb do t\u00eb organizoj\u00eb t\u00eb h\u00ebn\u00ebn, m\u00eb 3 gusht 2026, ceremonin\u00eb e ndarjes s\u00eb kontratave p\u00ebr subjektet ekonomike q\u00eb kan\u00eb fituar t\u00eb drejt\u00ebn p\u00ebr subvencione n\u00eb baz\u00eb t\u00eb Konkursit Publik p\u00ebr ndarjen e subvencioneve subjekteve ekonomike n\u00eb pron\u00ebsi private p\u00ebr vitin 2026.<\/p>\n<a title=\"READ MORE\" href=\"https:\/\/kt.gov.rs\/sq\/njoftim-per-ngjarjen\/\" class=\"read_more\"><span class=\"arrow\"><\/span><span>READ MORE<\/span><\/a><\/li><li class=\" post post-147113 type-post status-publish format-standard has-post-thumbnail hentry category-lajme\"><a class=\"post_image\" href=\"https:\/\/kt.gov.rs\/sq\/ushetruesi-i-detyres-se-drejtorit-te-sherbimit-te-trupit-koordinues-u-takua-me-kryetarin-e-komunes-se-bujanocit\/\" title=\"USHETRUESI I DETYR\u00cbS S\u00cb DREJTORIT T\u00cb SH\u00cbRBIMIT T\u00cb TRUPIT KOORDINUES U TAKUA ME KRYETARIN E KOMUN\u00cbS S\u00cb BUJANOCIT\"><img decoding=\"async\" width=\"510\" height=\"374\" src=\"https:\/\/kt.gov.rs\/wp-content\/uploads\/2026\/07\/pajazitislajd2-510x374.jpg\" class=\"attachment-blog-post-thumb-big size-blog-post-thumb-big wp-post-image\" alt=\"USHETRUESI I DETYR\u00cbS S\u00cb DREJTORIT T\u00cb SH\u00cbRBIMIT T\u00cb TRUPIT KOORDINUES U TAKUA ME KRYETARIN E KOMUN\u00cbS S\u00cb BUJANOCIT\" title=\"\" srcset=\"https:\/\/kt.gov.rs\/wp-content\/uploads\/2026\/07\/pajazitislajd2-510x374.jpg 510w, https:\/\/kt.gov.rs\/wp-content\/uploads\/2026\/07\/pajazitislajd2-330x242.jpg 330w, https:\/\/kt.gov.rs\/wp-content\/uploads\/2026\/07\/pajazitislajd2-130x95.jpg 130w\" sizes=\"(max-width: 510px) 100vw, 510px\" \/><\/a><h2 class=\"clearfix with_number\"><a href=\"https:\/\/kt.gov.rs\/sq\/ushetruesi-i-detyres-se-drejtorit-te-sherbimit-te-trupit-koordinues-u-takua-me-kryetarin-e-komunes-se-bujanocit\/\" title=\"USHETRUESI I DETYR\u00cbS S\u00cb DREJTORIT T\u00cb SH\u00cbRBIMIT T\u00cb TRUPIT KOORDINUES U TAKUA ME KRYETARIN E KOMUN\u00cbS S\u00cb BUJANOCIT\">USHETRUESI I DETYR\u00cbS S\u00cb DREJTORIT T\u00cb SH\u00cbRBIMIT T\u00cb TRUPIT KOORDINUES U TAKUA ME KRYETARIN E KOMUN\u00cbS S\u00cb BUJANOCIT<\/a><a href=\"https:\/\/kt.gov.rs\/sq\/ushetruesi-i-detyres-se-drejtorit-te-sherbimit-te-trupit-koordinues-u-takua-me-kryetarin-e-komunes-se-bujanocit\/#respond\" title=\"0 comments\" class=\"comments_number\">0<span class=\"arrow_comments\"><\/span><\/a><\/h2><ul class=\"post_details\"><li class=\"category container-category-55\"><a class=\"category-55\" href=\"https:\/\/kt.gov.rs\/sq\/kategoria\/lajme\/\" title=\"View all posts filed under Lajme\">Lajme<\/a><\/li><li class=\"date\">29. July 2026.<\/li><\/ul><p>Ushtruesi i detyr\u00ebs s\u00eb drejtorit t\u00eb Sh\u00ebrbimit t\u00eb Trupit Koordinues t\u00eb Qeveris\u00eb s\u00eb Republik\u00ebs s\u00eb Serbis\u00eb p\u00ebr komunat Preshev\u00eb, Bujanoc dhe Medvegj\u00eb, Nenad Mitroviq, u takua sot me kryetarin e Komun\u00ebs s\u00eb Bujanocit, Arber Pajaziti. Takimi u organizua me rastin e fillimit t\u00eb realizimit t\u00eb fushat\u00ebs informuese p\u00ebr procedur\u00ebn e pasivizimit t\u00eb adresave, t\u00eb cil\u00ebn e zbaton Sh\u00ebrbimi i Trupit Koordinues.<\/p>\n<a title=\"READ MORE\" href=\"https:\/\/kt.gov.rs\/sq\/ushetruesi-i-detyres-se-drejtorit-te-sherbimit-te-trupit-koordinues-u-takua-me-kryetarin-e-komunes-se-bujanocit\/\" class=\"read_more\"><span class=\"arrow\"><\/span><span>READ MORE<\/span><\/a><\/li><\/ul><\/div><\/div><div class='pagination_container clearfix ajax theme_blog_3_columns_pagination page_margin_top'><ul class='pagination'><li class='selected'><a href='https:\/\/kt.gov.rs\/sq\/wp-json\/wp\/v2\/pages\/146250' data-page='1'>1<\/a><\/li><li><a href='https:\/\/kt.gov.rs\/sq\/wp-json\/wp\/v2\/pages\/146250\/page\/2\/' data-page='2'>2<\/a><\/li><li><a href='https:\/\/kt.gov.rs\/sq\/wp-json\/wp\/v2\/pages\/146250\/page\/3\/' data-page='3'>3<\/a><\/li><li class='pr_pagination_next'><a href='https:\/\/kt.gov.rs\/sq\/wp-json\/wp\/v2\/pages\/146250\/page\/2\/' data-page='2'>\u203a<\/a><\/li><li class='pr_pagination_last'><a href='https:\/\/kt.gov.rs\/sq\/wp-json\/wp\/v2\/pages\/146250\/page\/425\/' data-page='425'>\u00bb<\/a><\/li><\/ul><span class='pr_preloader pagination_preloader'><\/span><\/div><input type=\"hidden\" name=\"theme_blog_3_columns_pagination\" value=\"{&quot;pr_pagination&quot;:&quot;1&quot;,&quot;ajax_pagination&quot;:&quot;1&quot;,&quot;items_per_page&quot;:&quot;12&quot;,&quot;show_post_title&quot;:&quot;1&quot;,&quot;show_post_excerpt&quot;:&quot;1&quot;,&quot;read_more&quot;:&quot;1&quot;,&quot;read_more_featured&quot;:&quot;1&quot;,&quot;show_post_icon&quot;:&quot;1&quot;,&quot;show_post_categories&quot;:&quot;1&quot;,&quot;show_post_author&quot;:&quot;0&quot;,&quot;show_post_date&quot;:&quot;1&quot;,&quot;show_post_comments_box&quot;:&quot;1&quot;,&quot;is_search_results&quot;:&quot;0&quot;,&quot;show_more_label&quot;:&quot;\\u041e\\u041f\\u0428\\u0418\\u0420\\u041d\\u0418\\u0408\\u0415&quot;,&quot;monthnum&quot;:&quot;&quot;,&quot;day&quot;:&quot;&quot;,&quot;year&quot;:&quot;&quot;,&quot;w&quot;:&quot;&quot;,&quot;page_uri&quot;:&quot;\\\/sq\\\/wp-json\\\/wp\\\/v2\\\/pages\\\/146250&quot;}\" \/>[\/vc_column][\/vc_row]<\/p>\n<!-- PMB print buttons is only displayed on a single post\/page URLs--><\/div>","protected":false},"excerpt":{"rendered":"<p>[vc_row][vc_column width=\u201d2\/3\u2033][\/vc_column][vc_column width=\u201d1\/3\u2033][vc_empty_space][vc_wp_archives options=\u201ddropdown,count\u201d][\/vc_column][\/vc_row][vc_row][vc_column][\/vc_column][\/vc_row][vc_row][vc_column][\/vc_column][\/vc_row]<\/p>\n","protected":false},"author":1,"featured_media":0,"parent":0,"menu_order":0,"comment_status":"open","ping_status":"open","template":"template-blog.php","meta":{"footnotes":""},"class_list":["post-146250","page","type-page","status-publish","hentry"],"yoast_head":"<!-- This site is optimized with the Yoast SEO plugin v28.2 - https:\/\/yoast.com\/product\/yoast-seo-wordpress\/ -->\n<title>Lajme - Republika e S\u00ebrbis\u00eb Trupi Koordinues p\u00ebr komunat Bujanoc, Preshev\u00eb dhe Medvegj\u00eb<\/title>\n<meta name=\"robots\" content=\"index, follow, max-snippet:-1, max-image-preview:large, max-video-preview:-1\" \/>\n<link rel=\"canonical\" href=\"https:\/\/kt.gov.rs\/sq\/lajme\/\" \/>\n<meta property=\"og:locale\" content=\"sq_AL\" \/>\n<meta property=\"og:type\" content=\"article\" \/>\n<meta property=\"og:title\" content=\"Lajme - Republika e S\u00ebrbis\u00eb Trupi Koordinues p\u00ebr komunat Bujanoc, Preshev\u00eb dhe Medvegj\u00eb\" \/>\n<meta property=\"og:description\" content=\"[vc_row][vc_column width=\u201d2\/3\u2033][\/vc_column][vc_column width=\u201d1\/3\u2033][vc_empty_space][vc_wp_archives options=\u201ddropdown,count\u201d][\/vc_column][\/vc_row][vc_row][vc_column][\/vc_column][\/vc_row][vc_row][vc_column][\/vc_column][\/vc_row]\" \/>\n<meta property=\"og:url\" content=\"https:\/\/kt.gov.rs\/sq\/lajme\/\" \/>\n<meta property=\"og:site_name\" content=\"Republika e S\u00ebrbis\u00eb Trupi Koordinues p\u00ebr komunat Bujanoc, Preshev\u00eb dhe Medvegj\u00eb\" \/>\n<meta property=\"article:publisher\" content=\"https:\/\/www.facebook.com\/SluzbaKoordinacionogTelaVladeRepublikeSrbije\" \/>\n<meta property=\"article:modified_time\" content=\"2025-12-17T10:37:13+00:00\" \/>\n<meta name=\"twitter:card\" content=\"summary_large_image\" \/>\n<meta name=\"twitter:site\" content=\"@kt_gov\" \/>\n<meta name=\"twitter:label1\" content=\"Est. reading time\" \/>\n\t<meta name=\"twitter:data1\" content=\"1 minute\" \/>\n<script type=\"application\/ld+json\" class=\"yoast-schema-graph\">{\"@context\":\"https:\\\/\\\/schema.org\",\"@graph\":[{\"@type\":\"WebPage\",\"@id\":\"https:\\\/\\\/kt.gov.rs\\\/sq\\\/lajme\\\/\",\"url\":\"https:\\\/\\\/kt.gov.rs\\\/sq\\\/lajme\\\/\",\"name\":\"Lajme - Republika e S\u00ebrbis\u00eb Trupi Koordinues p\u00ebr komunat Bujanoc, Preshev\u00eb dhe Medvegj\u00eb\",\"isPartOf\":{\"@id\":\"https:\\\/\\\/kt.gov.rs\\\/#website\"},\"datePublished\":\"2015-01-08T08:30:48+00:00\",\"dateModified\":\"2025-12-17T10:37:13+00:00\",\"breadcrumb\":{\"@id\":\"https:\\\/\\\/kt.gov.rs\\\/sq\\\/lajme\\\/#breadcrumb\"},\"inLanguage\":\"sq-AL\",\"potentialAction\":[{\"@type\":\"ReadAction\",\"target\":[\"https:\\\/\\\/kt.gov.rs\\\/sq\\\/lajme\\\/\"]}]},{\"@type\":\"BreadcrumbList\",\"@id\":\"https:\\\/\\\/kt.gov.rs\\\/sq\\\/lajme\\\/#breadcrumb\",\"itemListElement\":[{\"@type\":\"ListItem\",\"position\":1,\"name\":\"\u041f\u043e\u0447\u0435\u0442\u043d\u0430\",\"item\":\"https:\\\/\\\/kt.gov.rs\\\/sq\\\/\"},{\"@type\":\"ListItem\",\"position\":2,\"name\":\"Lajme\"}]},{\"@type\":\"WebSite\",\"@id\":\"https:\\\/\\\/kt.gov.rs\\\/#website\",\"url\":\"https:\\\/\\\/kt.gov.rs\\\/\",\"name\":\"\u041a\u043e\u043e\u0440\u0434\u0438\u043d\u0430\u0446\u0438\u043e\u043d\u043e \u0442\u0435\u043b\u043e \u0412\u043b\u0430\u0434\u0435 \u0420\u0435\u043f\u0443\u0431\u043b\u0438\u043a\u0435 \u0421\u0440\u0431\u0438\u0458\u0435 \u0437\u0430 \u043e\u043f\u0448\u0442\u0438\u043d\u0435 \u041f\u0440\u0435\u0448\u0435\u0432\u043e, \u0411\u0443\u0458\u0430\u043d\u043e\u0432\u0430\u0446 \u0438 \u041c\u0435\u0434\u0432\u0435\u0452a\",\"description\":\"\",\"publisher\":{\"@id\":\"https:\\\/\\\/kt.gov.rs\\\/#organization\"},\"alternateName\":\"\u041a\u043e\u043e\u0440\u0434\u0438\u043d\u0430\u0446\u0438\u043e\u043d\u043e \u0442\u0435\u043b\u043e\",\"potentialAction\":[{\"@type\":\"SearchAction\",\"target\":{\"@type\":\"EntryPoint\",\"urlTemplate\":\"https:\\\/\\\/kt.gov.rs\\\/?s={search_term_string}\"},\"query-input\":{\"@type\":\"PropertyValueSpecification\",\"valueRequired\":true,\"valueName\":\"search_term_string\"}}],\"inLanguage\":\"sq-AL\"},{\"@type\":\"Organization\",\"@id\":\"https:\\\/\\\/kt.gov.rs\\\/#organization\",\"name\":\"\u041a\u043e\u043e\u0440\u0434\u0438\u043d\u0430\u0446\u0438\u043e\u043d\u043e \u0442\u0435\u043b\u043e \u0412\u043b\u0430\u0434\u0435 \u0420\u0435\u043f\u0443\u0431\u043b\u0438\u043a\u0435 \u0421\u0440\u0431\u0438\u0458\u0435 \u0437\u0430 \u043e\u043f\u0448\u0442\u0438\u043d\u0435 \u041f\u0440\u0435\u0448\u0435\u0432\u043e, \u0411\u0443\u0458\u0430\u043d\u043e\u0432\u0430\u0446 \u0438 \u041c\u0435\u0434\u0432\u0435\u0452a\",\"alternateName\":\"\u041a\u043e\u043e\u0440\u0434\u0438\u043d\u0430\u0446\u0438\u043e\u043d\u043e \u0442\u0435\u043b\u043e\",\"url\":\"https:\\\/\\\/kt.gov.rs\\\/\",\"logo\":{\"@type\":\"ImageObject\",\"inLanguage\":\"sq-AL\",\"@id\":\"https:\\\/\\\/kt.gov.rs\\\/#\\\/schema\\\/logo\\\/image\\\/\",\"url\":\"https:\\\/\\\/kt.gov.rs\\\/wp-content\\\/uploads\\\/2024\\\/12\\\/koord2.jpg\",\"contentUrl\":\"https:\\\/\\\/kt.gov.rs\\\/wp-content\\\/uploads\\\/2024\\\/12\\\/koord2.jpg\",\"width\":640,\"height\":480,\"caption\":\"\u041a\u043e\u043e\u0440\u0434\u0438\u043d\u0430\u0446\u0438\u043e\u043d\u043e \u0442\u0435\u043b\u043e \u0412\u043b\u0430\u0434\u0435 \u0420\u0435\u043f\u0443\u0431\u043b\u0438\u043a\u0435 \u0421\u0440\u0431\u0438\u0458\u0435 \u0437\u0430 \u043e\u043f\u0448\u0442\u0438\u043d\u0435 \u041f\u0440\u0435\u0448\u0435\u0432\u043e, \u0411\u0443\u0458\u0430\u043d\u043e\u0432\u0430\u0446 \u0438 \u041c\u0435\u0434\u0432\u0435\u0452a\"},\"image\":{\"@id\":\"https:\\\/\\\/kt.gov.rs\\\/#\\\/schema\\\/logo\\\/image\\\/\"},\"sameAs\":[\"https:\\\/\\\/www.facebook.com\\\/SluzbaKoordinacionogTelaVladeRepublikeSrbije\",\"https:\\\/\\\/x.com\\\/kt_gov\",\"https:\\\/\\\/www.youtube.com\\\/@koordinacionotelo\"]}]}<\/script>\n<!-- \/ Yoast SEO plugin. -->","yoast_head_json":{"title":"Lajme - Republika e S\u00ebrbis\u00eb Trupi Koordinues p\u00ebr komunat Bujanoc, Preshev\u00eb dhe Medvegj\u00eb","robots":{"index":"index","follow":"follow","max-snippet":"max-snippet:-1","max-image-preview":"max-image-preview:large","max-video-preview":"max-video-preview:-1"},"canonical":"https:\/\/kt.gov.rs\/sq\/lajme\/","og_locale":"sq_AL","og_type":"article","og_title":"Lajme - Republika e S\u00ebrbis\u00eb Trupi Koordinues p\u00ebr komunat Bujanoc, Preshev\u00eb dhe Medvegj\u00eb","og_description":"[vc_row][vc_column width=\u201d2\/3\u2033][\/vc_column][vc_column width=\u201d1\/3\u2033][vc_empty_space][vc_wp_archives options=\u201ddropdown,count\u201d][\/vc_column][\/vc_row][vc_row][vc_column][\/vc_column][\/vc_row][vc_row][vc_column][\/vc_column][\/vc_row]","og_url":"https:\/\/kt.gov.rs\/sq\/lajme\/","og_site_name":"Republika e S\u00ebrbis\u00eb Trupi Koordinues p\u00ebr komunat Bujanoc, Preshev\u00eb dhe Medvegj\u00eb","article_publisher":"https:\/\/www.facebook.com\/SluzbaKoordinacionogTelaVladeRepublikeSrbije","article_modified_time":"2025-12-17T10:37:13+00:00","twitter_card":"summary_large_image","twitter_site":"@kt_gov","twitter_misc":{"Est. reading time":"1 minute"},"schema":{"@context":"https:\/\/schema.org","@graph":[{"@type":"WebPage","@id":"https:\/\/kt.gov.rs\/sq\/lajme\/","url":"https:\/\/kt.gov.rs\/sq\/lajme\/","name":"Lajme - Republika e S\u00ebrbis\u00eb Trupi Koordinues p\u00ebr komunat Bujanoc, Preshev\u00eb dhe Medvegj\u00eb","isPartOf":{"@id":"https:\/\/kt.gov.rs\/#website"},"datePublished":"2015-01-08T08:30:48+00:00","dateModified":"2025-12-17T10:37:13+00:00","breadcrumb":{"@id":"https:\/\/kt.gov.rs\/sq\/lajme\/#breadcrumb"},"inLanguage":"sq-AL","potentialAction":[{"@type":"ReadAction","target":["https:\/\/kt.gov.rs\/sq\/lajme\/"]}]},{"@type":"BreadcrumbList","@id":"https:\/\/kt.gov.rs\/sq\/lajme\/#breadcrumb","itemListElement":[{"@type":"ListItem","position":1,"name":"\u041f\u043e\u0447\u0435\u0442\u043d\u0430","item":"https:\/\/kt.gov.rs\/sq\/"},{"@type":"ListItem","position":2,"name":"Lajme"}]},{"@type":"WebSite","@id":"https:\/\/kt.gov.rs\/#website","url":"https:\/\/kt.gov.rs\/","name":"\u041a\u043e\u043e\u0440\u0434\u0438\u043d\u0430\u0446\u0438\u043e\u043d\u043e \u0442\u0435\u043b\u043e \u0412\u043b\u0430\u0434\u0435 \u0420\u0435\u043f\u0443\u0431\u043b\u0438\u043a\u0435 \u0421\u0440\u0431\u0438\u0458\u0435 \u0437\u0430 \u043e\u043f\u0448\u0442\u0438\u043d\u0435 \u041f\u0440\u0435\u0448\u0435\u0432\u043e, \u0411\u0443\u0458\u0430\u043d\u043e\u0432\u0430\u0446 \u0438 \u041c\u0435\u0434\u0432\u0435\u0452a","description":"","publisher":{"@id":"https:\/\/kt.gov.rs\/#organization"},"alternateName":"\u041a\u043e\u043e\u0440\u0434\u0438\u043d\u0430\u0446\u0438\u043e\u043d\u043e \u0442\u0435\u043b\u043e","potentialAction":[{"@type":"SearchAction","target":{"@type":"EntryPoint","urlTemplate":"https:\/\/kt.gov.rs\/?s={search_term_string}"},"query-input":{"@type":"PropertyValueSpecification","valueRequired":true,"valueName":"search_term_string"}}],"inLanguage":"sq-AL"},{"@type":"Organization","@id":"https:\/\/kt.gov.rs\/#organization","name":"\u041a\u043e\u043e\u0440\u0434\u0438\u043d\u0430\u0446\u0438\u043e\u043d\u043e \u0442\u0435\u043b\u043e \u0412\u043b\u0430\u0434\u0435 \u0420\u0435\u043f\u0443\u0431\u043b\u0438\u043a\u0435 \u0421\u0440\u0431\u0438\u0458\u0435 \u0437\u0430 \u043e\u043f\u0448\u0442\u0438\u043d\u0435 \u041f\u0440\u0435\u0448\u0435\u0432\u043e, \u0411\u0443\u0458\u0430\u043d\u043e\u0432\u0430\u0446 \u0438 \u041c\u0435\u0434\u0432\u0435\u0452a","alternateName":"\u041a\u043e\u043e\u0440\u0434\u0438\u043d\u0430\u0446\u0438\u043e\u043d\u043e \u0442\u0435\u043b\u043e","url":"https:\/\/kt.gov.rs\/","logo":{"@type":"ImageObject","inLanguage":"sq-AL","@id":"https:\/\/kt.gov.rs\/#\/schema\/logo\/image\/","url":"https:\/\/kt.gov.rs\/wp-content\/uploads\/2024\/12\/koord2.jpg","contentUrl":"https:\/\/kt.gov.rs\/wp-content\/uploads\/2024\/12\/koord2.jpg","width":640,"height":480,"caption":"\u041a\u043e\u043e\u0440\u0434\u0438\u043d\u0430\u0446\u0438\u043e\u043d\u043e \u0442\u0435\u043b\u043e \u0412\u043b\u0430\u0434\u0435 \u0420\u0435\u043f\u0443\u0431\u043b\u0438\u043a\u0435 \u0421\u0440\u0431\u0438\u0458\u0435 \u0437\u0430 \u043e\u043f\u0448\u0442\u0438\u043d\u0435 \u041f\u0440\u0435\u0448\u0435\u0432\u043e, \u0411\u0443\u0458\u0430\u043d\u043e\u0432\u0430\u0446 \u0438 \u041c\u0435\u0434\u0432\u0435\u0452a"},"image":{"@id":"https:\/\/kt.gov.rs\/#\/schema\/logo\/image\/"},"sameAs":["https:\/\/www.facebook.com\/SluzbaKoordinacionogTelaVladeRepublikeSrbije","https:\/\/x.com\/kt_gov","https:\/\/www.youtube.com\/@koordinacionotelo"]}]}},"_links":{"self":[{"href":"https:\/\/kt.gov.rs\/sq\/wp-json\/wp\/v2\/pages\/146250","targetHints":{"allow":["GET"]}}],"collection":[{"href":"https:\/\/kt.gov.rs\/sq\/wp-json\/wp\/v2\/pages"}],"about":[{"href":"https:\/\/kt.gov.rs\/sq\/wp-json\/wp\/v2\/types\/page"}],"author":[{"embeddable":true,"href":"https:\/\/kt.gov.rs\/sq\/wp-json\/wp\/v2\/users\/1"}],"replies":[{"embeddable":true,"href":"https:\/\/kt.gov.rs\/sq\/wp-json\/wp\/v2\/comments?post=146250"}],"version-history":[{"count":1,"href":"https:\/\/kt.gov.rs\/sq\/wp-json\/wp\/v2\/pages\/146250\/revisions"}],"predecessor-version":[{"id":146254,"href":"https:\/\/kt.gov.rs\/sq\/wp-json\/wp\/v2\/pages\/146250\/revisions\/146254"}],"wp:attachment":[{"href":"https:\/\/kt.gov.rs\/sq\/wp-json\/wp\/v2\/media?parent=146250"}],"curies":[{"name":"wp","href":"https:\/\/api.w.org\/{rel}","templated":true}]}}