{"id":144838,"date":"2014-12-30T11:32:14","date_gmt":"2014-12-30T09:32:14","guid":{"rendered":"https:\/\/kt.gov.rs\/single-post-template\/"},"modified":"2026-03-24T13:34:55","modified_gmt":"2026-03-24T11:34:55","slug":"single-post-template","status":"publish","type":"page","link":"https:\/\/kt.gov.rs\/sq\/single-post-template\/","title":{"rendered":"Single Post Template"},"content":{"rendered":"<div class=\"wpb-content-wrapper\"><p>[vc_row top_margin=\u201dpage_margin_top\u201d][vc_column]<hr class=\"divider\">[\/vc_column][\/vc_row][vc_row top_margin=\u201dpage_margin_top\u201d][vc_column width=\u201d2\/3\u2033]<div class=\"single post post-144838 page type-page status-publish hentry\"><h1 class=\"post_title\"><a href=\"https:\/\/kt.gov.rs\/sq\/single-post-template\/\" title=\"Single Post Template\">Single Post Template<\/a><\/h1><ul class=\"post_details clearfix\"><li class=\"detail category\">In <\/li><li class=\"detail date\">30. December 2014.<\/li><li class=\"detail views\">5 Views<\/li><\/ul><div class=\"post_content page_margin_top_section clearfix\"><div class=\"content_box full_width\"><h3 class=\"excerpt\"><p>[vc_row top_margin=\u201dpage_margin_top\u201d][vc_column][\/vc_column][\/vc_row][vc_row top_margin=\u201dpage_margin_top\u201d][vc_column width=\u201d2\/3\u2033][\/vc_column][vc_column width=\u201d1\/3\u2033][vc_widget_sidebar top_margin=\u201dpage_margin_top_section\u201d sidebar_id=\u201dsidebar-blog\u201d][\/vc_column][\/vc_row]<\/p>\n<\/h3><\/div><\/div><\/div><\/div><div class=\"vc_row wpb_row vc_row-fluid page_margin_top\">\r\n\t\t\t\t\t\t<div class=\"share_box clearfix\">\r\n\t\t\t\t\t\t<label>Share:<\/label>\r\n\t\t\t\t\t\t<ul class=\"social_icons clearfix\"><li><a target=\"_blank\" title=\"\" href=\"https:\/\/www.facebook.com\/sharer\/sharer.php?u=https:\/\/kt.gov.rs\/sq\/single-post-template\/\" class=\"social_icon facebook\">\u00a0<\/a><\/li><li><a target=\"_blank\" title=\"\" href=\"https:\/\/twitter.com\/home?status=https:\/\/kt.gov.rs\/sq\/single-post-template\/\" class=\"social_icon twitter\">\u00a0<\/a><\/li><\/ul><\/div><\/div><div class=\"vc_row wpb_row vc_row-fluid page_margin_top\"><\/div><h4 class=\"box_header page_margin_top_section\">Shihni m\u00eb shum\u00eb<\/h4><div class=\"horizontal_carousel_container clearfix page_margin_top\"><ul class=\"blog horizontal_carousel visible-3 autoplay-0 pause_on_hover-1 scroll-1\"><li class=\"post\">\r\n\t\t\t<a href=\"https:\/\/kt.gov.rs\/sq\/konkursi-publik-per-ndarjen-e-mjeteve-per-inkurajimin-e-programeve-apo-pjeseve-te-mjeteve-qe-mungojne-per-financimin-e-programeve-te-interesit-publik-te-cilat-realizohen-nga-shoqatat-me-qellim-per-t\/\" title=\"Konkursi publik p\u00ebr ndarjen e mjeteve p\u00ebr inkurajimin e programeve apo pjes\u00ebve t\u00eb mjeteve q\u00eb mungojn\u00eb p\u00ebr financimin e programeve t\u00eb interesit publik t\u00eb cilat realizohen nga shoqatat me q\u00ebllim p\u00ebr t&#039;i ndihmuar qytetar\u00ebt n\u00eb territorin e komunave Preshev\u00eb, Bujanoc dhe Medvegj\u00eb p\u00ebr vitin 2026\" class=\"post_image clearfix\"><img decoding=\"async\" width=\"330\" height=\"242\" src=\"https:\/\/kt.gov.rs\/wp-content\/uploads\/2026\/03\/drvo-slajd2-330x242.jpg\" class=\"attachment-blog-post-thumb size-blog-post-thumb wp-post-image\" alt=\"Konkursi publik p\u00ebr ndarjen e mjeteve p\u00ebr inkurajimin e programeve apo pjes\u00ebve t\u00eb mjeteve q\u00eb mungojn\u00eb p\u00ebr financimin e programeve t\u00eb interesit publik t\u00eb cilat realizohen nga shoqatat me q\u00ebllim p\u00ebr t\u2019i ndihmuar qytetar\u00ebt n\u00eb territorin e komunave Preshev\u00eb, Bujanoc dhe Medvegj\u00eb p\u00ebr vitin 2026\" title=\"\" srcset=\"https:\/\/kt.gov.rs\/wp-content\/uploads\/2026\/03\/drvo-slajd2-330x242.jpg 330w, https:\/\/kt.gov.rs\/wp-content\/uploads\/2026\/03\/drvo-slajd2-510x374.jpg 510w, https:\/\/kt.gov.rs\/wp-content\/uploads\/2026\/03\/drvo-slajd2-130x95.jpg 130w\" sizes=\"(max-width: 330px) 100vw, 330px\" \/><\/a><h5><a href=\"https:\/\/kt.gov.rs\/sq\/konkursi-publik-per-ndarjen-e-mjeteve-per-inkurajimin-e-programeve-apo-pjeseve-te-mjeteve-qe-mungojne-per-financimin-e-programeve-te-interesit-publik-te-cilat-realizohen-nga-shoqatat-me-qellim-per-t\/\" title=\"Konkursi publik p\u00ebr ndarjen e mjeteve p\u00ebr inkurajimin e programeve apo pjes\u00ebve t\u00eb mjeteve q\u00eb mungojn\u00eb p\u00ebr financimin e programeve t\u00eb interesit publik t\u00eb cilat realizohen nga shoqatat me q\u00ebllim p\u00ebr t&#039;i ndihmuar qytetar\u00ebt n\u00eb territorin e komunave Preshev\u00eb, Bujanoc dhe Medvegj\u00eb p\u00ebr vitin 2026\">Konkursi publik p\u00ebr ndarjen e mjeteve p\u00ebr inkurajimin e programeve apo pjes\u00ebve t\u00eb mjeteve q\u00eb mungojn\u00eb p\u00ebr financimin e programeve t\u00eb interesit publik t\u00eb cilat realizohen nga shoqatat me q\u00ebllim p\u00ebr t'i ndihmuar qytetar\u00ebt n\u00eb territorin e komunave Preshev\u00eb, Bujanoc dhe Medvegj\u00eb p\u00ebr vitin 2026<\/a><\/h5>\r\n\t\t\t<ul class=\"post_details simple\"><li class=\"category container-category-55\"><a class=\"category-55\" href=\"https:\/\/kt.gov.rs\/sq\/kategoria\/lajme\/\" title=\"View all posts filed under Lajme\">Lajme<\/a><\/li><li class=\"date\">27. April 2026.<\/li>\r\n\t\t\t<\/ul><\/li><li class=\"post\">\r\n\t\t\t<a href=\"https:\/\/kt.gov.rs\/sq\/takimi-i-nenad-mitrovicit-me-crtomir-peter-fischinger\/\" title=\"TAKIMI I NENAD MITROVI\u0106IT ME \u010cRTOMIR PETER FISCHINGER\" class=\"post_image clearfix\"><img decoding=\"async\" width=\"330\" height=\"242\" src=\"https:\/\/kt.gov.rs\/wp-content\/uploads\/2026\/04\/fisinger-slajd-330x242.jpg\" class=\"attachment-blog-post-thumb size-blog-post-thumb wp-post-image\" alt=\"TAKIMI I NENAD MITROVI\u0106IT ME \u010cRTOMIR PETER FISCHINGER\" title=\"\" srcset=\"https:\/\/kt.gov.rs\/wp-content\/uploads\/2026\/04\/fisinger-slajd-330x242.jpg 330w, https:\/\/kt.gov.rs\/wp-content\/uploads\/2026\/04\/fisinger-slajd-510x374.jpg 510w, https:\/\/kt.gov.rs\/wp-content\/uploads\/2026\/04\/fisinger-slajd-130x95.jpg 130w\" sizes=\"(max-width: 330px) 100vw, 330px\" \/><\/a><h5><a href=\"https:\/\/kt.gov.rs\/sq\/takimi-i-nenad-mitrovicit-me-crtomir-peter-fischinger\/\" title=\"TAKIMI I NENAD MITROVI\u0106IT ME \u010cRTOMIR PETER FISCHINGER\">TAKIMI I NENAD MITROVI\u0106IT ME \u010cRTOMIR PETER FISCHINGER<\/a><\/h5>\r\n\t\t\t<ul class=\"post_details simple\"><li class=\"category container-category-55\"><a class=\"category-55\" href=\"https:\/\/kt.gov.rs\/sq\/kategoria\/lajme\/\" title=\"View all posts filed under Lajme\">Lajme<\/a><\/li><li class=\"date\">23. April 2026.<\/li>\r\n\t\t\t<\/ul><\/li><li class=\"post\">\r\n\t\t\t<a href=\"https:\/\/kt.gov.rs\/sq\/urimi-i-nenad-mitrovicit-me-rastin-e-fiter-bajramit\/\" title=\"URIMI I NENAD MITROVI\u0106IT ME RASTIN E FIT\u00cbR BAJRAMIT\" class=\"post_image clearfix\"><img decoding=\"async\" width=\"330\" height=\"242\" src=\"https:\/\/kt.gov.rs\/wp-content\/uploads\/2025\/12\/nenadNGslajd-330x242.jpg\" class=\"attachment-blog-post-thumb size-blog-post-thumb wp-post-image\" alt=\"URIMI I NENAD MITROVI\u0106IT ME RASTIN E FIT\u00cbR BAJRAMIT\" title=\"\" srcset=\"https:\/\/kt.gov.rs\/wp-content\/uploads\/2025\/12\/nenadNGslajd-330x242.jpg 330w, https:\/\/kt.gov.rs\/wp-content\/uploads\/2025\/12\/nenadNGslajd-510x374.jpg 510w, https:\/\/kt.gov.rs\/wp-content\/uploads\/2025\/12\/nenadNGslajd-130x95.jpg 130w\" sizes=\"(max-width: 330px) 100vw, 330px\" \/><\/a><h5><a href=\"https:\/\/kt.gov.rs\/sq\/urimi-i-nenad-mitrovicit-me-rastin-e-fiter-bajramit\/\" title=\"URIMI I NENAD MITROVI\u0106IT ME RASTIN E FIT\u00cbR BAJRAMIT\">URIMI I NENAD MITROVI\u0106IT ME RASTIN E FIT\u00cbR BAJRAMIT<\/a><\/h5>\r\n\t\t\t<ul class=\"post_details simple\"><li class=\"category container-category-55\"><a class=\"category-55\" href=\"https:\/\/kt.gov.rs\/sq\/kategoria\/lajme\/\" title=\"View all posts filed under Lajme\">Lajme<\/a><\/li><li class=\"date\">19. March 2026.<\/li>\r\n\t\t\t<\/ul><\/li><li class=\"post\">\r\n\t\t\t<a href=\"https:\/\/kt.gov.rs\/sq\/nenad-mitrovic-bisedoi-ne-bujanoc-me-milan-antonijevic\/\" title=\"NENAD MITROVI\u0106 BISEDOI N\u00cb BUJANOC ME MILAN ANTONIJEVI\u0106\" class=\"post_image clearfix\"><img decoding=\"async\" width=\"330\" height=\"242\" src=\"https:\/\/kt.gov.rs\/wp-content\/uploads\/2026\/02\/MANTslajd-330x242.jpg\" class=\"attachment-blog-post-thumb size-blog-post-thumb wp-post-image\" alt=\"NENAD MITROVI\u0106 BISEDOI N\u00cb BUJANOC ME MILAN ANTONIJEVI\u0106\" title=\"\" srcset=\"https:\/\/kt.gov.rs\/wp-content\/uploads\/2026\/02\/MANTslajd-330x242.jpg 330w, https:\/\/kt.gov.rs\/wp-content\/uploads\/2026\/02\/MANTslajd-510x374.jpg 510w, https:\/\/kt.gov.rs\/wp-content\/uploads\/2026\/02\/MANTslajd-130x95.jpg 130w\" sizes=\"(max-width: 330px) 100vw, 330px\" \/><\/a><h5><a href=\"https:\/\/kt.gov.rs\/sq\/nenad-mitrovic-bisedoi-ne-bujanoc-me-milan-antonijevic\/\" title=\"NENAD MITROVI\u0106 BISEDOI N\u00cb BUJANOC ME MILAN ANTONIJEVI\u0106\">NENAD MITROVI\u0106 BISEDOI N\u00cb BUJANOC ME MILAN ANTONIJEVI\u0106<\/a><\/h5>\r\n\t\t\t<ul class=\"post_details simple\"><li class=\"category container-category-55\"><a class=\"category-55\" href=\"https:\/\/kt.gov.rs\/sq\/kategoria\/lajme\/\" title=\"View all posts filed under Lajme\">Lajme<\/a><\/li><li class=\"date\">27. February 2026.<\/li>\r\n\t\t\t<\/ul><\/li><li class=\"post\">\r\n\t\t\t<a href=\"https:\/\/kt.gov.rs\/sq\/nenad-mitrovic-viziton-panairin-e-47-te-nderkombetar-te-turizmit\/\" title=\"NENAD MITROVI\u0106 VIZITON PANAIRIN E 47-T\u00cb ND\u00cbRKOMB\u00cbTAR T\u00cb TURIZMIT\" class=\"post_image clearfix\"><img decoding=\"async\" width=\"330\" height=\"242\" src=\"https:\/\/kt.gov.rs\/wp-content\/uploads\/2026\/02\/sjamturslajd-330x242.jpg\" class=\"attachment-blog-post-thumb size-blog-post-thumb wp-post-image\" alt=\"NENAD MITROVI\u0106 VIZITON PANAIRIN E 47-T\u00cb ND\u00cbRKOMB\u00cbTAR T\u00cb TURIZMIT\" title=\"\" srcset=\"https:\/\/kt.gov.rs\/wp-content\/uploads\/2026\/02\/sjamturslajd-330x242.jpg 330w, https:\/\/kt.gov.rs\/wp-content\/uploads\/2026\/02\/sjamturslajd-510x374.jpg 510w, https:\/\/kt.gov.rs\/wp-content\/uploads\/2026\/02\/sjamturslajd-130x95.jpg 130w\" sizes=\"(max-width: 330px) 100vw, 330px\" \/><\/a><h5><a href=\"https:\/\/kt.gov.rs\/sq\/nenad-mitrovic-viziton-panairin-e-47-te-nderkombetar-te-turizmit\/\" title=\"NENAD MITROVI\u0106 VIZITON PANAIRIN E 47-T\u00cb ND\u00cbRKOMB\u00cbTAR T\u00cb TURIZMIT\">NENAD MITROVI\u0106 VIZITON PANAIRIN E 47-T\u00cb ND\u00cbRKOMB\u00cbTAR T\u00cb TURIZMIT<\/a><\/h5>\r\n\t\t\t<ul class=\"post_details simple\"><li class=\"category container-category-55\"><a class=\"category-55\" href=\"https:\/\/kt.gov.rs\/sq\/kategoria\/lajme\/\" title=\"View all posts filed under Lajme\">Lajme<\/a><\/li><li class=\"date\">20. February 2026.<\/li>\r\n\t\t\t<\/ul><\/li><li class=\"post\">\r\n\t\t\t<a href=\"https:\/\/kt.gov.rs\/sq\/urimi-i-nenad-mitrovic-me-rastin-e-fillimit-te-muajit-te-ramazanit\/\" title=\"URIMI I NENAD MITROVI\u0106 ME RASTIN E FILLIMIT T\u00cb MUAJIT T\u00cb RAMAZANIT\" class=\"post_image clearfix\"><img decoding=\"async\" width=\"330\" height=\"242\" src=\"https:\/\/kt.gov.rs\/wp-content\/uploads\/2026\/02\/ramazanslajd-330x242.jpg\" class=\"attachment-blog-post-thumb size-blog-post-thumb wp-post-image\" alt=\"URIMI I NENAD MITROVI\u0106 ME RASTIN E FILLIMIT T\u00cb MUAJIT T\u00cb RAMAZANIT\" title=\"\" srcset=\"https:\/\/kt.gov.rs\/wp-content\/uploads\/2026\/02\/ramazanslajd-330x242.jpg 330w, https:\/\/kt.gov.rs\/wp-content\/uploads\/2026\/02\/ramazanslajd-510x374.jpg 510w, https:\/\/kt.gov.rs\/wp-content\/uploads\/2026\/02\/ramazanslajd-130x95.jpg 130w\" sizes=\"(max-width: 330px) 100vw, 330px\" \/><\/a><h5><a href=\"https:\/\/kt.gov.rs\/sq\/urimi-i-nenad-mitrovic-me-rastin-e-fillimit-te-muajit-te-ramazanit\/\" title=\"URIMI I NENAD MITROVI\u0106 ME RASTIN E FILLIMIT T\u00cb MUAJIT T\u00cb RAMAZANIT\">URIMI I NENAD MITROVI\u0106 ME RASTIN E FILLIMIT T\u00cb MUAJIT T\u00cb RAMAZANIT<\/a><\/h5>\r\n\t\t\t<ul class=\"post_details simple\"><li class=\"category container-category-55\"><a class=\"category-55\" href=\"https:\/\/kt.gov.rs\/sq\/kategoria\/lajme\/\" title=\"View all posts filed under Lajme\">Lajme<\/a><\/li><li class=\"date\">19. February 2026.<\/li>\r\n\t\t\t<\/ul><\/li><\/ul><\/div>[\/vc_column][vc_column width=\u201d1\/3\u2033][vc_widget_sidebar top_margin=\u201dpage_margin_top_section\u201d sidebar_id=\u201dsidebar-blog\u201d]<h4 class=\"box_header\">M\u00eb t\u00eb fundit<\/h4><div class=\"vertical_carousel_container clearfix\"><ul class=\"blog small vertical_carousel visible-10 autoplay-0 pause_on_hover-1 scroll-1\"><li class=\"post\">\r\n\t\t\t<a href=\"https:\/\/kt.gov.rs\/sq\/konkursi-publik-per-ndarjen-e-mjeteve-per-inkurajimin-e-programeve-apo-pjeseve-te-mjeteve-qe-mungojne-per-financimin-e-programeve-te-interesit-publik-te-cilat-realizohen-nga-shoqatat-me-qellim-per-t\/\" title=\"Konkursi publik p\u00ebr ndarjen e mjeteve p\u00ebr inkurajimin e programeve apo pjes\u00ebve t\u00eb mjeteve q\u00eb mungojn\u00eb p\u00ebr financimin e programeve t\u00eb interesit publik t\u00eb cilat realizohen nga shoqatat me q\u00ebllim p\u00ebr t&#039;i ndihmuar qytetar\u00ebt n\u00eb territorin e komunave Preshev\u00eb, Bujanoc dhe Medvegj\u00eb p\u00ebr vitin 2026\" class=\"post_image clearfix\"><img decoding=\"async\" width=\"100\" height=\"100\" src=\"https:\/\/kt.gov.rs\/wp-content\/uploads\/2026\/03\/drvo-slajd2-100x100.jpg\" class=\"attachment-pressroom-small-thumb size-pressroom-small-thumb wp-post-image\" alt=\"Konkursi publik p\u00ebr ndarjen e mjeteve p\u00ebr inkurajimin e programeve apo pjes\u00ebve t\u00eb mjeteve q\u00eb mungojn\u00eb p\u00ebr financimin e programeve t\u00eb interesit publik t\u00eb cilat realizohen nga shoqatat me q\u00ebllim p\u00ebr t\u2019i ndihmuar qytetar\u00ebt n\u00eb territorin e komunave Preshev\u00eb, Bujanoc dhe Medvegj\u00eb p\u00ebr vitin 2026\" title=\"\" srcset=\"https:\/\/kt.gov.rs\/wp-content\/uploads\/2026\/03\/drvo-slajd2-100x100.jpg 100w, https:\/\/kt.gov.rs\/wp-content\/uploads\/2026\/03\/drvo-slajd2-150x150.jpg 150w, https:\/\/kt.gov.rs\/wp-content\/uploads\/2026\/03\/drvo-slajd2-524x524.jpg 524w\" sizes=\"(max-width: 100px) 100vw, 100px\" \/><\/a><div class=\"post_content\"><h5><a href=\"https:\/\/kt.gov.rs\/sq\/konkursi-publik-per-ndarjen-e-mjeteve-per-inkurajimin-e-programeve-apo-pjeseve-te-mjeteve-qe-mungojne-per-financimin-e-programeve-te-interesit-publik-te-cilat-realizohen-nga-shoqatat-me-qellim-per-t\/\" title=\"Konkursi publik p\u00ebr ndarjen e mjeteve p\u00ebr inkurajimin e programeve apo pjes\u00ebve t\u00eb mjeteve q\u00eb mungojn\u00eb p\u00ebr financimin e programeve t\u00eb interesit publik t\u00eb cilat realizohen nga shoqatat me q\u00ebllim p\u00ebr t&#039;i ndihmuar qytetar\u00ebt n\u00eb territorin e komunave Preshev\u00eb, Bujanoc dhe Medvegj\u00eb p\u00ebr vitin 2026\">Konkursi publik p\u00ebr ndarjen e mjeteve p\u00ebr inkurajimin e programeve apo pjes\u00ebve t\u00eb mjeteve q\u00eb mungojn\u00eb p\u00ebr financimin e programeve t\u00eb interesit publik t\u00eb cilat realizohen nga shoqatat me q\u00ebllim p\u00ebr t'i ndihmuar qytetar\u00ebt n\u00eb territorin e komunave Preshev\u00eb, Bujanoc dhe Medvegj\u00eb p\u00ebr vitin 2026<\/a><\/h5>\r\n\t\t\t<ul class=\"post_details simple\"><li class=\"category container-category-55\"><a class=\"category-55\" href=\"https:\/\/kt.gov.rs\/sq\/kategoria\/lajme\/\" title=\"View all posts filed under Lajme\">Lajme<\/a><\/li><li class=\"date\">27. April 2026.<\/li>\r\n\t\t\t<\/ul><\/div><\/li><li class=\"post\">\r\n\t\t\t<a href=\"https:\/\/kt.gov.rs\/sq\/takimi-i-nenad-mitrovicit-me-crtomir-peter-fischinger\/\" title=\"TAKIMI I NENAD MITROVI\u0106IT ME \u010cRTOMIR PETER FISCHINGER\" class=\"post_image clearfix\"><img decoding=\"async\" width=\"100\" height=\"100\" src=\"https:\/\/kt.gov.rs\/wp-content\/uploads\/2026\/04\/fisinger-slajd-100x100.jpg\" class=\"attachment-pressroom-small-thumb size-pressroom-small-thumb wp-post-image\" alt=\"TAKIMI I NENAD MITROVI\u0106IT ME \u010cRTOMIR PETER FISCHINGER\" title=\"\" srcset=\"https:\/\/kt.gov.rs\/wp-content\/uploads\/2026\/04\/fisinger-slajd-100x100.jpg 100w, https:\/\/kt.gov.rs\/wp-content\/uploads\/2026\/04\/fisinger-slajd-150x150.jpg 150w, https:\/\/kt.gov.rs\/wp-content\/uploads\/2026\/04\/fisinger-slajd-524x524.jpg 524w\" sizes=\"(max-width: 100px) 100vw, 100px\" \/><\/a><div class=\"post_content\"><h5><a href=\"https:\/\/kt.gov.rs\/sq\/takimi-i-nenad-mitrovicit-me-crtomir-peter-fischinger\/\" title=\"TAKIMI I NENAD MITROVI\u0106IT ME \u010cRTOMIR PETER FISCHINGER\">TAKIMI I NENAD MITROVI\u0106IT ME \u010cRTOMIR PETER FISCHINGER<\/a><\/h5>\r\n\t\t\t<ul class=\"post_details simple\"><li class=\"category container-category-55\"><a class=\"category-55\" href=\"https:\/\/kt.gov.rs\/sq\/kategoria\/lajme\/\" title=\"View all posts filed under Lajme\">Lajme<\/a><\/li><li class=\"date\">23. April 2026.<\/li>\r\n\t\t\t<\/ul><\/div><\/li><li class=\"post\">\r\n\t\t\t<a href=\"https:\/\/kt.gov.rs\/sq\/urimi-i-nenad-mitrovicit-me-rastin-e-fiter-bajramit\/\" title=\"URIMI I NENAD MITROVI\u0106IT ME RASTIN E FIT\u00cbR BAJRAMIT\" class=\"post_image clearfix\"><img decoding=\"async\" width=\"100\" height=\"100\" src=\"https:\/\/kt.gov.rs\/wp-content\/uploads\/2025\/12\/nenadNGslajd-100x100.jpg\" class=\"attachment-pressroom-small-thumb size-pressroom-small-thumb wp-post-image\" alt=\"URIMI I NENAD MITROVI\u0106IT ME RASTIN E FIT\u00cbR BAJRAMIT\" title=\"\" srcset=\"https:\/\/kt.gov.rs\/wp-content\/uploads\/2025\/12\/nenadNGslajd-100x100.jpg 100w, https:\/\/kt.gov.rs\/wp-content\/uploads\/2025\/12\/nenadNGslajd-150x150.jpg 150w, https:\/\/kt.gov.rs\/wp-content\/uploads\/2025\/12\/nenadNGslajd-524x524.jpg 524w\" sizes=\"(max-width: 100px) 100vw, 100px\" \/><\/a><div class=\"post_content\"><h5><a href=\"https:\/\/kt.gov.rs\/sq\/urimi-i-nenad-mitrovicit-me-rastin-e-fiter-bajramit\/\" title=\"URIMI I NENAD MITROVI\u0106IT ME RASTIN E FIT\u00cbR BAJRAMIT\">URIMI I NENAD MITROVI\u0106IT ME RASTIN E FIT\u00cbR BAJRAMIT<\/a><\/h5>\r\n\t\t\t<ul class=\"post_details simple\"><li class=\"category container-category-55\"><a class=\"category-55\" href=\"https:\/\/kt.gov.rs\/sq\/kategoria\/lajme\/\" title=\"View all posts filed under Lajme\">Lajme<\/a><\/li><li class=\"date\">19. March 2026.<\/li>\r\n\t\t\t<\/ul><\/div><\/li><li class=\"post\">\r\n\t\t\t<a href=\"https:\/\/kt.gov.rs\/sq\/nenad-mitrovic-bisedoi-ne-bujanoc-me-milan-antonijevic\/\" title=\"NENAD MITROVI\u0106 BISEDOI N\u00cb BUJANOC ME MILAN ANTONIJEVI\u0106\" class=\"post_image clearfix\"><img decoding=\"async\" width=\"100\" height=\"100\" src=\"https:\/\/kt.gov.rs\/wp-content\/uploads\/2026\/02\/MANTslajd-100x100.jpg\" class=\"attachment-pressroom-small-thumb size-pressroom-small-thumb wp-post-image\" alt=\"NENAD MITROVI\u0106 BISEDOI N\u00cb BUJANOC ME MILAN ANTONIJEVI\u0106\" title=\"\" srcset=\"https:\/\/kt.gov.rs\/wp-content\/uploads\/2026\/02\/MANTslajd-100x100.jpg 100w, https:\/\/kt.gov.rs\/wp-content\/uploads\/2026\/02\/MANTslajd-150x150.jpg 150w, https:\/\/kt.gov.rs\/wp-content\/uploads\/2026\/02\/MANTslajd-524x524.jpg 524w\" sizes=\"(max-width: 100px) 100vw, 100px\" \/><\/a><div class=\"post_content\"><h5><a href=\"https:\/\/kt.gov.rs\/sq\/nenad-mitrovic-bisedoi-ne-bujanoc-me-milan-antonijevic\/\" title=\"NENAD MITROVI\u0106 BISEDOI N\u00cb BUJANOC ME MILAN ANTONIJEVI\u0106\">NENAD MITROVI\u0106 BISEDOI N\u00cb BUJANOC ME MILAN ANTONIJEVI\u0106<\/a><\/h5>\r\n\t\t\t<ul class=\"post_details simple\"><li class=\"category container-category-55\"><a class=\"category-55\" href=\"https:\/\/kt.gov.rs\/sq\/kategoria\/lajme\/\" title=\"View all posts filed under Lajme\">Lajme<\/a><\/li><li class=\"date\">27. February 2026.<\/li>\r\n\t\t\t<\/ul><\/div><\/li><li class=\"post\">\r\n\t\t\t<a href=\"https:\/\/kt.gov.rs\/sq\/nenad-mitrovic-viziton-panairin-e-47-te-nderkombetar-te-turizmit\/\" title=\"NENAD MITROVI\u0106 VIZITON PANAIRIN E 47-T\u00cb ND\u00cbRKOMB\u00cbTAR T\u00cb TURIZMIT\" class=\"post_image clearfix\"><img decoding=\"async\" width=\"100\" height=\"100\" src=\"https:\/\/kt.gov.rs\/wp-content\/uploads\/2026\/02\/sjamturslajd-100x100.jpg\" class=\"attachment-pressroom-small-thumb size-pressroom-small-thumb wp-post-image\" alt=\"NENAD MITROVI\u0106 VIZITON PANAIRIN E 47-T\u00cb ND\u00cbRKOMB\u00cbTAR T\u00cb TURIZMIT\" title=\"\" srcset=\"https:\/\/kt.gov.rs\/wp-content\/uploads\/2026\/02\/sjamturslajd-100x100.jpg 100w, https:\/\/kt.gov.rs\/wp-content\/uploads\/2026\/02\/sjamturslajd-150x150.jpg 150w, https:\/\/kt.gov.rs\/wp-content\/uploads\/2026\/02\/sjamturslajd-524x524.jpg 524w\" sizes=\"(max-width: 100px) 100vw, 100px\" \/><\/a><div class=\"post_content\"><h5><a href=\"https:\/\/kt.gov.rs\/sq\/nenad-mitrovic-viziton-panairin-e-47-te-nderkombetar-te-turizmit\/\" title=\"NENAD MITROVI\u0106 VIZITON PANAIRIN E 47-T\u00cb ND\u00cbRKOMB\u00cbTAR T\u00cb TURIZMIT\">NENAD MITROVI\u0106 VIZITON PANAIRIN E 47-T\u00cb ND\u00cbRKOMB\u00cbTAR T\u00cb TURIZMIT<\/a><\/h5>\r\n\t\t\t<ul class=\"post_details simple\"><li class=\"category container-category-55\"><a class=\"category-55\" href=\"https:\/\/kt.gov.rs\/sq\/kategoria\/lajme\/\" title=\"View all posts filed under Lajme\">Lajme<\/a><\/li><li class=\"date\">20. February 2026.<\/li>\r\n\t\t\t<\/ul><\/div><\/li><li class=\"post\">\r\n\t\t\t<a href=\"https:\/\/kt.gov.rs\/sq\/urimi-i-nenad-mitrovic-me-rastin-e-fillimit-te-muajit-te-ramazanit\/\" title=\"URIMI I NENAD MITROVI\u0106 ME RASTIN E FILLIMIT T\u00cb MUAJIT T\u00cb RAMAZANIT\" class=\"post_image clearfix\"><img decoding=\"async\" width=\"100\" height=\"100\" src=\"https:\/\/kt.gov.rs\/wp-content\/uploads\/2026\/02\/ramazanslajd-100x100.jpg\" class=\"attachment-pressroom-small-thumb size-pressroom-small-thumb wp-post-image\" alt=\"URIMI I NENAD MITROVI\u0106 ME RASTIN E FILLIMIT T\u00cb MUAJIT T\u00cb RAMAZANIT\" title=\"\" srcset=\"https:\/\/kt.gov.rs\/wp-content\/uploads\/2026\/02\/ramazanslajd-100x100.jpg 100w, https:\/\/kt.gov.rs\/wp-content\/uploads\/2026\/02\/ramazanslajd-150x150.jpg 150w, https:\/\/kt.gov.rs\/wp-content\/uploads\/2026\/02\/ramazanslajd-524x524.jpg 524w\" sizes=\"(max-width: 100px) 100vw, 100px\" \/><\/a><div class=\"post_content\"><h5><a href=\"https:\/\/kt.gov.rs\/sq\/urimi-i-nenad-mitrovic-me-rastin-e-fillimit-te-muajit-te-ramazanit\/\" title=\"URIMI I NENAD MITROVI\u0106 ME RASTIN E FILLIMIT T\u00cb MUAJIT T\u00cb RAMAZANIT\">URIMI I NENAD MITROVI\u0106 ME RASTIN E FILLIMIT T\u00cb MUAJIT T\u00cb RAMAZANIT<\/a><\/h5>\r\n\t\t\t<ul class=\"post_details simple\"><li class=\"category container-category-55\"><a class=\"category-55\" href=\"https:\/\/kt.gov.rs\/sq\/kategoria\/lajme\/\" title=\"View all posts filed under Lajme\">Lajme<\/a><\/li><li class=\"date\">19. February 2026.<\/li>\r\n\t\t\t<\/ul><\/div><\/li><li class=\"post\">\r\n\t\t\t<a href=\"https:\/\/kt.gov.rs\/sq\/takimi-i-nenad-mitrovic-dhe-milan-antonijevic\/\" title=\"TAKIMI I NENAD MITROVI\u0106 DHE MILAN ANTONIJEVI\u0106\" class=\"post_image clearfix\"><img decoding=\"async\" width=\"100\" height=\"100\" src=\"https:\/\/kt.gov.rs\/wp-content\/uploads\/2026\/02\/antonijevicslajd-100x100.jpg\" class=\"attachment-pressroom-small-thumb size-pressroom-small-thumb wp-post-image\" alt=\"TAKIMI I NENAD MITROVI\u0106 DHE MILAN ANTONIJEVI\u0106\" title=\"\" srcset=\"https:\/\/kt.gov.rs\/wp-content\/uploads\/2026\/02\/antonijevicslajd-100x100.jpg 100w, https:\/\/kt.gov.rs\/wp-content\/uploads\/2026\/02\/antonijevicslajd-150x150.jpg 150w, https:\/\/kt.gov.rs\/wp-content\/uploads\/2026\/02\/antonijevicslajd-524x524.jpg 524w\" sizes=\"(max-width: 100px) 100vw, 100px\" \/><\/a><div class=\"post_content\"><h5><a href=\"https:\/\/kt.gov.rs\/sq\/takimi-i-nenad-mitrovic-dhe-milan-antonijevic\/\" title=\"TAKIMI I NENAD MITROVI\u0106 DHE MILAN ANTONIJEVI\u0106\">TAKIMI I NENAD MITROVI\u0106 DHE MILAN ANTONIJEVI\u0106<\/a><\/h5>\r\n\t\t\t<ul class=\"post_details simple\"><li class=\"category container-category-55\"><a class=\"category-55\" href=\"https:\/\/kt.gov.rs\/sq\/kategoria\/lajme\/\" title=\"View all posts filed under Lajme\">Lajme<\/a><\/li><li class=\"date\">13. February 2026.<\/li>\r\n\t\t\t<\/ul><\/div><\/li><li class=\"post\">\r\n\t\t\t<a href=\"https:\/\/kt.gov.rs\/sq\/jelena-zaric-kovacevic-dhe-nenad-mitrovic-vizituan-presheven-dhe-bujanocin\/\" title=\"JELENA \u017dARI\u0106 KOVA\u010cEVI\u0106 DHE NENAD MITROVI\u0106 VIZITUAN PRESHEV\u00cbN DHE BUJANOCIN\" class=\"post_image clearfix\"><img decoding=\"async\" width=\"100\" height=\"100\" src=\"https:\/\/kt.gov.rs\/wp-content\/uploads\/2026\/01\/zarickovacevicslajd-100x100.jpg\" class=\"attachment-pressroom-small-thumb size-pressroom-small-thumb wp-post-image\" alt=\"JELENA \u017dARI\u0106 KOVA\u010cEVI\u0106 DHE NENAD MITROVI\u0106 VIZITUAN PRESHEV\u00cbN DHE BUJANOCIN\" title=\"\" srcset=\"https:\/\/kt.gov.rs\/wp-content\/uploads\/2026\/01\/zarickovacevicslajd-100x100.jpg 100w, https:\/\/kt.gov.rs\/wp-content\/uploads\/2026\/01\/zarickovacevicslajd-150x150.jpg 150w, https:\/\/kt.gov.rs\/wp-content\/uploads\/2026\/01\/zarickovacevicslajd-524x524.jpg 524w\" sizes=\"(max-width: 100px) 100vw, 100px\" \/><\/a><div class=\"post_content\"><h5><a href=\"https:\/\/kt.gov.rs\/sq\/jelena-zaric-kovacevic-dhe-nenad-mitrovic-vizituan-presheven-dhe-bujanocin\/\" title=\"JELENA \u017dARI\u0106 KOVA\u010cEVI\u0106 DHE NENAD MITROVI\u0106 VIZITUAN PRESHEV\u00cbN DHE BUJANOCIN\">JELENA \u017dARI\u0106 KOVA\u010cEVI\u0106 DHE NENAD MITROVI\u0106 VIZITUAN PRESHEV\u00cbN DHE BUJANOCIN<\/a><\/h5>\r\n\t\t\t<ul class=\"post_details simple\"><li class=\"category container-category-55\"><a class=\"category-55\" href=\"https:\/\/kt.gov.rs\/sq\/kategoria\/lajme\/\" title=\"View all posts filed under Lajme\">Lajme<\/a><\/li><li class=\"date\">28. January 2026.<\/li>\r\n\t\t\t<\/ul><\/div><\/li><li class=\"post\">\r\n\t\t\t<a href=\"https:\/\/kt.gov.rs\/sq\/deklarate-e-kryetarit-te-trupit-koordinues-aleksandar-martinovic\/\" title=\"DEKLARAT\u00cb E KRYETARIT T\u00cb TRUPIT KOORDINUES ALEKSANDAR MARTINOVI\u0106\" class=\"post_image clearfix\"><img decoding=\"async\" width=\"100\" height=\"100\" src=\"https:\/\/kt.gov.rs\/wp-content\/uploads\/2026\/01\/martinovicslajd-100x100.jpg\" class=\"attachment-pressroom-small-thumb size-pressroom-small-thumb wp-post-image\" alt=\"DEKLARAT\u00cb E KRYETARIT T\u00cb TRUPIT KOORDINUES ALEKSANDAR MARTINOVI\u0106\" title=\"\" srcset=\"https:\/\/kt.gov.rs\/wp-content\/uploads\/2026\/01\/martinovicslajd-100x100.jpg 100w, https:\/\/kt.gov.rs\/wp-content\/uploads\/2026\/01\/martinovicslajd-150x150.jpg 150w, https:\/\/kt.gov.rs\/wp-content\/uploads\/2026\/01\/martinovicslajd-524x524.jpg 524w\" sizes=\"(max-width: 100px) 100vw, 100px\" \/><\/a><div class=\"post_content\"><h5><a href=\"https:\/\/kt.gov.rs\/sq\/deklarate-e-kryetarit-te-trupit-koordinues-aleksandar-martinovic\/\" title=\"DEKLARAT\u00cb E KRYETARIT T\u00cb TRUPIT KOORDINUES ALEKSANDAR MARTINOVI\u0106\">DEKLARAT\u00cb E KRYETARIT T\u00cb TRUPIT KOORDINUES ALEKSANDAR MARTINOVI\u0106<\/a><\/h5>\r\n\t\t\t<ul class=\"post_details simple\"><li class=\"category container-category-55\"><a class=\"category-55\" href=\"https:\/\/kt.gov.rs\/sq\/kategoria\/lajme\/\" title=\"View all posts filed under Lajme\">Lajme<\/a><\/li><li class=\"date\">27. January 2026.<\/li>\r\n\t\t\t<\/ul><\/div><\/li><li class=\"post\">\r\n\t\t\t<a href=\"https:\/\/kt.gov.rs\/sq\/urimi-i-vitit-te-ri-dhe-i-krishtlindjes-nga-nenad-mitrovic\/\" title=\"URIMI I VITIT T\u00cb RI DHE I KRISHTLINDJES NGA NENAD MITROVI\u0106\" class=\"post_image clearfix\"><img decoding=\"async\" width=\"100\" height=\"100\" src=\"https:\/\/kt.gov.rs\/wp-content\/uploads\/2025\/12\/nenadNGslajd-100x100.jpg\" class=\"attachment-pressroom-small-thumb size-pressroom-small-thumb wp-post-image\" alt=\"URIMI I VITIT T\u00cb RI DHE I KRISHTLINDJES NGA NENAD MITROVI\u0106\" title=\"\" srcset=\"https:\/\/kt.gov.rs\/wp-content\/uploads\/2025\/12\/nenadNGslajd-100x100.jpg 100w, https:\/\/kt.gov.rs\/wp-content\/uploads\/2025\/12\/nenadNGslajd-150x150.jpg 150w, https:\/\/kt.gov.rs\/wp-content\/uploads\/2025\/12\/nenadNGslajd-524x524.jpg 524w\" sizes=\"(max-width: 100px) 100vw, 100px\" \/><\/a><div class=\"post_content\"><h5><a href=\"https:\/\/kt.gov.rs\/sq\/urimi-i-vitit-te-ri-dhe-i-krishtlindjes-nga-nenad-mitrovic\/\" title=\"URIMI I VITIT T\u00cb RI DHE I KRISHTLINDJES NGA NENAD MITROVI\u0106\">URIMI I VITIT T\u00cb RI DHE I KRISHTLINDJES NGA NENAD MITROVI\u0106<\/a><\/h5>\r\n\t\t\t<ul class=\"post_details simple\"><li class=\"category container-category-55\"><a class=\"category-55\" href=\"https:\/\/kt.gov.rs\/sq\/kategoria\/lajme\/\" title=\"View all posts filed under Lajme\">Lajme<\/a><\/li><li class=\"date\">30. December 2025.<\/li>\r\n\t\t\t<\/ul><\/div><\/li><\/ul><\/div>[\/vc_column][\/vc_row]<\/p>\n<!-- PMB print buttons is only displayed on a single post\/page URLs--><\/div>","protected":false},"excerpt":{"rendered":"<p>[vc_row top_margin=\u201dpage_margin_top\u201d][vc_column][\/vc_column][\/vc_row][vc_row top_margin=\u201dpage_margin_top\u201d][vc_column width=\u201d2\/3\u2033][\/vc_column][vc_column width=\u201d1\/3\u2033][vc_widget_sidebar top_margin=\u201dpage_margin_top_section\u201d sidebar_id=\u201dsidebar-blog\u201d][\/vc_column][\/vc_row]<\/p>\n","protected":false},"author":1,"featured_media":0,"parent":0,"menu_order":0,"comment_status":"open","ping_status":"open","template":"single.php","meta":{"footnotes":""},"class_list":["post-144838","page","type-page","status-publish","hentry"],"yoast_head":"<!-- This site is optimized with the Yoast SEO plugin v27.5 - https:\/\/yoast.com\/product\/yoast-seo-wordpress\/ -->\n<title>Single Post Template - Republika e S\u00ebrbis\u00eb Trupi Koordinues p\u00ebr komunat Bujanoc, Preshev\u00eb dhe Medvegj\u00eb<\/title>\n<meta name=\"robots\" content=\"index, follow, max-snippet:-1, max-image-preview:large, max-video-preview:-1\" \/>\n<link rel=\"canonical\" href=\"https:\/\/kt.gov.rs\/sq\/single-post-template\/\" \/>\n<meta property=\"og:locale\" content=\"sq_AL\" \/>\n<meta property=\"og:type\" content=\"article\" \/>\n<meta property=\"og:title\" content=\"Single Post Template - Republika e S\u00ebrbis\u00eb Trupi Koordinues p\u00ebr komunat Bujanoc, Preshev\u00eb dhe Medvegj\u00eb\" \/>\n<meta property=\"og:description\" content=\"[vc_row top_margin=\u201dpage_margin_top\u201d][vc_column][\/vc_column][\/vc_row][vc_row top_margin=\u201dpage_margin_top\u201d][vc_column width=\u201d2\/3\u2033][\/vc_column][vc_column width=\u201d1\/3\u2033][vc_widget_sidebar top_margin=\u201dpage_margin_top_section\u201d sidebar_id=\u201dsidebar-blog\u201d][\/vc_column][\/vc_row]\" \/>\n<meta property=\"og:url\" content=\"https:\/\/kt.gov.rs\/sq\/single-post-template\/\" \/>\n<meta property=\"og:site_name\" content=\"Republika e S\u00ebrbis\u00eb Trupi Koordinues p\u00ebr komunat Bujanoc, Preshev\u00eb dhe Medvegj\u00eb\" \/>\n<meta property=\"article:publisher\" content=\"https:\/\/www.facebook.com\/SluzbaKoordinacionogTelaVladeRepublikeSrbije\" \/>\n<meta property=\"article:modified_time\" content=\"2026-03-24T11:34:55+00:00\" \/>\n<meta name=\"twitter:card\" content=\"summary_large_image\" \/>\n<meta name=\"twitter:site\" content=\"@kt_gov\" \/>\n<meta name=\"twitter:label1\" content=\"Est. reading time\" \/>\n\t<meta name=\"twitter:data1\" content=\"1 minute\" \/>\n<script type=\"application\/ld+json\" class=\"yoast-schema-graph\">{\"@context\":\"https:\\\/\\\/schema.org\",\"@graph\":[{\"@type\":\"WebPage\",\"@id\":\"https:\\\/\\\/kt.gov.rs\\\/sq\\\/single-post-template\\\/\",\"url\":\"https:\\\/\\\/kt.gov.rs\\\/sq\\\/single-post-template\\\/\",\"name\":\"Single Post Template - Republika e S\u00ebrbis\u00eb Trupi Koordinues p\u00ebr komunat Bujanoc, Preshev\u00eb dhe Medvegj\u00eb\",\"isPartOf\":{\"@id\":\"https:\\\/\\\/kt.gov.rs\\\/#website\"},\"datePublished\":\"2014-12-30T09:32:14+00:00\",\"dateModified\":\"2026-03-24T11:34:55+00:00\",\"breadcrumb\":{\"@id\":\"https:\\\/\\\/kt.gov.rs\\\/sq\\\/single-post-template\\\/#breadcrumb\"},\"inLanguage\":\"sq-AL\",\"potentialAction\":[{\"@type\":\"ReadAction\",\"target\":[\"https:\\\/\\\/kt.gov.rs\\\/sq\\\/single-post-template\\\/\"]}]},{\"@type\":\"BreadcrumbList\",\"@id\":\"https:\\\/\\\/kt.gov.rs\\\/sq\\\/single-post-template\\\/#breadcrumb\",\"itemListElement\":[{\"@type\":\"ListItem\",\"position\":1,\"name\":\"\u041f\u043e\u0447\u0435\u0442\u043d\u0430\",\"item\":\"https:\\\/\\\/kt.gov.rs\\\/sq\\\/\"},{\"@type\":\"ListItem\",\"position\":2,\"name\":\"Single Post Template\"}]},{\"@type\":\"WebSite\",\"@id\":\"https:\\\/\\\/kt.gov.rs\\\/#website\",\"url\":\"https:\\\/\\\/kt.gov.rs\\\/\",\"name\":\"\u041a\u043e\u043e\u0440\u0434\u0438\u043d\u0430\u0446\u0438\u043e\u043d\u043e \u0442\u0435\u043b\u043e \u0412\u043b\u0430\u0434\u0435 \u0420\u0435\u043f\u0443\u0431\u043b\u0438\u043a\u0435 \u0421\u0440\u0431\u0438\u0458\u0435 \u0437\u0430 \u043e\u043f\u0448\u0442\u0438\u043d\u0435 \u041f\u0440\u0435\u0448\u0435\u0432\u043e, \u0411\u0443\u0458\u0430\u043d\u043e\u0432\u0430\u0446 \u0438 \u041c\u0435\u0434\u0432\u0435\u0452a\",\"description\":\"\",\"publisher\":{\"@id\":\"https:\\\/\\\/kt.gov.rs\\\/#organization\"},\"alternateName\":\"\u041a\u043e\u043e\u0440\u0434\u0438\u043d\u0430\u0446\u0438\u043e\u043d\u043e \u0442\u0435\u043b\u043e\",\"potentialAction\":[{\"@type\":\"SearchAction\",\"target\":{\"@type\":\"EntryPoint\",\"urlTemplate\":\"https:\\\/\\\/kt.gov.rs\\\/?s={search_term_string}\"},\"query-input\":{\"@type\":\"PropertyValueSpecification\",\"valueRequired\":true,\"valueName\":\"search_term_string\"}}],\"inLanguage\":\"sq-AL\"},{\"@type\":\"Organization\",\"@id\":\"https:\\\/\\\/kt.gov.rs\\\/#organization\",\"name\":\"\u041a\u043e\u043e\u0440\u0434\u0438\u043d\u0430\u0446\u0438\u043e\u043d\u043e \u0442\u0435\u043b\u043e \u0412\u043b\u0430\u0434\u0435 \u0420\u0435\u043f\u0443\u0431\u043b\u0438\u043a\u0435 \u0421\u0440\u0431\u0438\u0458\u0435 \u0437\u0430 \u043e\u043f\u0448\u0442\u0438\u043d\u0435 \u041f\u0440\u0435\u0448\u0435\u0432\u043e, \u0411\u0443\u0458\u0430\u043d\u043e\u0432\u0430\u0446 \u0438 \u041c\u0435\u0434\u0432\u0435\u0452a\",\"alternateName\":\"\u041a\u043e\u043e\u0440\u0434\u0438\u043d\u0430\u0446\u0438\u043e\u043d\u043e \u0442\u0435\u043b\u043e\",\"url\":\"https:\\\/\\\/kt.gov.rs\\\/\",\"logo\":{\"@type\":\"ImageObject\",\"inLanguage\":\"sq-AL\",\"@id\":\"https:\\\/\\\/kt.gov.rs\\\/#\\\/schema\\\/logo\\\/image\\\/\",\"url\":\"https:\\\/\\\/kt.gov.rs\\\/wp-content\\\/uploads\\\/2024\\\/12\\\/koord2.jpg\",\"contentUrl\":\"https:\\\/\\\/kt.gov.rs\\\/wp-content\\\/uploads\\\/2024\\\/12\\\/koord2.jpg\",\"width\":640,\"height\":480,\"caption\":\"\u041a\u043e\u043e\u0440\u0434\u0438\u043d\u0430\u0446\u0438\u043e\u043d\u043e \u0442\u0435\u043b\u043e \u0412\u043b\u0430\u0434\u0435 \u0420\u0435\u043f\u0443\u0431\u043b\u0438\u043a\u0435 \u0421\u0440\u0431\u0438\u0458\u0435 \u0437\u0430 \u043e\u043f\u0448\u0442\u0438\u043d\u0435 \u041f\u0440\u0435\u0448\u0435\u0432\u043e, \u0411\u0443\u0458\u0430\u043d\u043e\u0432\u0430\u0446 \u0438 \u041c\u0435\u0434\u0432\u0435\u0452a\"},\"image\":{\"@id\":\"https:\\\/\\\/kt.gov.rs\\\/#\\\/schema\\\/logo\\\/image\\\/\"},\"sameAs\":[\"https:\\\/\\\/www.facebook.com\\\/SluzbaKoordinacionogTelaVladeRepublikeSrbije\",\"https:\\\/\\\/x.com\\\/kt_gov\",\"https:\\\/\\\/www.youtube.com\\\/@koordinacionotelo\"]}]}<\/script>\n<!-- \/ Yoast SEO plugin. -->","yoast_head_json":{"title":"Single Post Template - Republika e S\u00ebrbis\u00eb Trupi Koordinues p\u00ebr komunat Bujanoc, Preshev\u00eb dhe Medvegj\u00eb","robots":{"index":"index","follow":"follow","max-snippet":"max-snippet:-1","max-image-preview":"max-image-preview:large","max-video-preview":"max-video-preview:-1"},"canonical":"https:\/\/kt.gov.rs\/sq\/single-post-template\/","og_locale":"sq_AL","og_type":"article","og_title":"Single Post Template - Republika e S\u00ebrbis\u00eb Trupi Koordinues p\u00ebr komunat Bujanoc, Preshev\u00eb dhe Medvegj\u00eb","og_description":"[vc_row top_margin=\u201dpage_margin_top\u201d][vc_column][\/vc_column][\/vc_row][vc_row top_margin=\u201dpage_margin_top\u201d][vc_column width=\u201d2\/3\u2033][\/vc_column][vc_column width=\u201d1\/3\u2033][vc_widget_sidebar top_margin=\u201dpage_margin_top_section\u201d sidebar_id=\u201dsidebar-blog\u201d][\/vc_column][\/vc_row]","og_url":"https:\/\/kt.gov.rs\/sq\/single-post-template\/","og_site_name":"Republika e S\u00ebrbis\u00eb Trupi Koordinues p\u00ebr komunat Bujanoc, Preshev\u00eb dhe Medvegj\u00eb","article_publisher":"https:\/\/www.facebook.com\/SluzbaKoordinacionogTelaVladeRepublikeSrbije","article_modified_time":"2026-03-24T11:34:55+00:00","twitter_card":"summary_large_image","twitter_site":"@kt_gov","twitter_misc":{"Est. reading time":"1 minute"},"schema":{"@context":"https:\/\/schema.org","@graph":[{"@type":"WebPage","@id":"https:\/\/kt.gov.rs\/sq\/single-post-template\/","url":"https:\/\/kt.gov.rs\/sq\/single-post-template\/","name":"Single Post Template - Republika e S\u00ebrbis\u00eb Trupi Koordinues p\u00ebr komunat Bujanoc, Preshev\u00eb dhe Medvegj\u00eb","isPartOf":{"@id":"https:\/\/kt.gov.rs\/#website"},"datePublished":"2014-12-30T09:32:14+00:00","dateModified":"2026-03-24T11:34:55+00:00","breadcrumb":{"@id":"https:\/\/kt.gov.rs\/sq\/single-post-template\/#breadcrumb"},"inLanguage":"sq-AL","potentialAction":[{"@type":"ReadAction","target":["https:\/\/kt.gov.rs\/sq\/single-post-template\/"]}]},{"@type":"BreadcrumbList","@id":"https:\/\/kt.gov.rs\/sq\/single-post-template\/#breadcrumb","itemListElement":[{"@type":"ListItem","position":1,"name":"\u041f\u043e\u0447\u0435\u0442\u043d\u0430","item":"https:\/\/kt.gov.rs\/sq\/"},{"@type":"ListItem","position":2,"name":"Single Post Template"}]},{"@type":"WebSite","@id":"https:\/\/kt.gov.rs\/#website","url":"https:\/\/kt.gov.rs\/","name":"\u041a\u043e\u043e\u0440\u0434\u0438\u043d\u0430\u0446\u0438\u043e\u043d\u043e \u0442\u0435\u043b\u043e \u0412\u043b\u0430\u0434\u0435 \u0420\u0435\u043f\u0443\u0431\u043b\u0438\u043a\u0435 \u0421\u0440\u0431\u0438\u0458\u0435 \u0437\u0430 \u043e\u043f\u0448\u0442\u0438\u043d\u0435 \u041f\u0440\u0435\u0448\u0435\u0432\u043e, \u0411\u0443\u0458\u0430\u043d\u043e\u0432\u0430\u0446 \u0438 \u041c\u0435\u0434\u0432\u0435\u0452a","description":"","publisher":{"@id":"https:\/\/kt.gov.rs\/#organization"},"alternateName":"\u041a\u043e\u043e\u0440\u0434\u0438\u043d\u0430\u0446\u0438\u043e\u043d\u043e \u0442\u0435\u043b\u043e","potentialAction":[{"@type":"SearchAction","target":{"@type":"EntryPoint","urlTemplate":"https:\/\/kt.gov.rs\/?s={search_term_string}"},"query-input":{"@type":"PropertyValueSpecification","valueRequired":true,"valueName":"search_term_string"}}],"inLanguage":"sq-AL"},{"@type":"Organization","@id":"https:\/\/kt.gov.rs\/#organization","name":"\u041a\u043e\u043e\u0440\u0434\u0438\u043d\u0430\u0446\u0438\u043e\u043d\u043e \u0442\u0435\u043b\u043e \u0412\u043b\u0430\u0434\u0435 \u0420\u0435\u043f\u0443\u0431\u043b\u0438\u043a\u0435 \u0421\u0440\u0431\u0438\u0458\u0435 \u0437\u0430 \u043e\u043f\u0448\u0442\u0438\u043d\u0435 \u041f\u0440\u0435\u0448\u0435\u0432\u043e, \u0411\u0443\u0458\u0430\u043d\u043e\u0432\u0430\u0446 \u0438 \u041c\u0435\u0434\u0432\u0435\u0452a","alternateName":"\u041a\u043e\u043e\u0440\u0434\u0438\u043d\u0430\u0446\u0438\u043e\u043d\u043e \u0442\u0435\u043b\u043e","url":"https:\/\/kt.gov.rs\/","logo":{"@type":"ImageObject","inLanguage":"sq-AL","@id":"https:\/\/kt.gov.rs\/#\/schema\/logo\/image\/","url":"https:\/\/kt.gov.rs\/wp-content\/uploads\/2024\/12\/koord2.jpg","contentUrl":"https:\/\/kt.gov.rs\/wp-content\/uploads\/2024\/12\/koord2.jpg","width":640,"height":480,"caption":"\u041a\u043e\u043e\u0440\u0434\u0438\u043d\u0430\u0446\u0438\u043e\u043d\u043e \u0442\u0435\u043b\u043e \u0412\u043b\u0430\u0434\u0435 \u0420\u0435\u043f\u0443\u0431\u043b\u0438\u043a\u0435 \u0421\u0440\u0431\u0438\u0458\u0435 \u0437\u0430 \u043e\u043f\u0448\u0442\u0438\u043d\u0435 \u041f\u0440\u0435\u0448\u0435\u0432\u043e, \u0411\u0443\u0458\u0430\u043d\u043e\u0432\u0430\u0446 \u0438 \u041c\u0435\u0434\u0432\u0435\u0452a"},"image":{"@id":"https:\/\/kt.gov.rs\/#\/schema\/logo\/image\/"},"sameAs":["https:\/\/www.facebook.com\/SluzbaKoordinacionogTelaVladeRepublikeSrbije","https:\/\/x.com\/kt_gov","https:\/\/www.youtube.com\/@koordinacionotelo"]}]}},"_links":{"self":[{"href":"https:\/\/kt.gov.rs\/sq\/wp-json\/wp\/v2\/pages\/144838","targetHints":{"allow":["GET"]}}],"collection":[{"href":"https:\/\/kt.gov.rs\/sq\/wp-json\/wp\/v2\/pages"}],"about":[{"href":"https:\/\/kt.gov.rs\/sq\/wp-json\/wp\/v2\/types\/page"}],"author":[{"embeddable":true,"href":"https:\/\/kt.gov.rs\/sq\/wp-json\/wp\/v2\/users\/1"}],"replies":[{"embeddable":true,"href":"https:\/\/kt.gov.rs\/sq\/wp-json\/wp\/v2\/comments?post=144838"}],"version-history":[{"count":2,"href":"https:\/\/kt.gov.rs\/sq\/wp-json\/wp\/v2\/pages\/144838\/revisions"}],"predecessor-version":[{"id":144840,"href":"https:\/\/kt.gov.rs\/sq\/wp-json\/wp\/v2\/pages\/144838\/revisions\/144840"}],"wp:attachment":[{"href":"https:\/\/kt.gov.rs\/sq\/wp-json\/wp\/v2\/media?parent=144838"}],"curies":[{"name":"wp","href":"https:\/\/api.w.org\/{rel}","templated":true}]}}