{"version":"1.0","provider_name":"Republika e S\u00ebrbis\u00eb Trupi Koordinues p\u00ebr komunat Bujanoc, Preshev\u00eb dhe Medvegj\u00eb","provider_url":"https:\/\/kt.gov.rs\/sq\/","author_name":"ktmin","author_url":"https:\/\/kt.gov.rs\/sq\/author\/ktmin\/","title":"TRUPI KOORDINUES NDIHMON MBJELLJET PRANVERORE N\u00cb FSHATIN LEVOSOV\u00cb - Republika e S\u00ebrbis\u00eb Trupi Koordinues p\u00ebr komunat Bujanoc, Preshev\u00eb dhe Medvegj\u00eb","type":"rich","width":600,"height":338,"html":"<blockquote class=\"wp-embedded-content\" data-secret=\"LsZMuYErdi\"><a href=\"https:\/\/kt.gov.rs\/sq\/trupi-koordinues-ndihmon-mbjelljet-pranverore-ne-fshatin-levosove\/\">TRUPI KOORDINUES NDIHMON MBJELLJET PRANVERORE N\u00cb FSHATIN LEVOSOV\u00cb<\/a><\/blockquote><iframe sandbox=\"allow-scripts\" security=\"restricted\" src=\"https:\/\/kt.gov.rs\/sq\/trupi-koordinues-ndihmon-mbjelljet-pranverore-ne-fshatin-levosove\/embed\/#?secret=LsZMuYErdi\" width=\"600\" height=\"338\" title=\"\u201cTRUPI KOORDINUES NDIHMON MBJELLJET PRANVERORE N\u00cb FSHATIN LEVOSOV\u00cb\u201d \u2014 Republika e S\u00ebrbis\u00eb Trupi Koordinues p\u00ebr komunat Bujanoc, Preshev\u00eb dhe Medvegj\u00eb\" data-secret=\"LsZMuYErdi\" frameborder=\"0\" marginwidth=\"0\" marginheight=\"0\" scrolling=\"no\" class=\"wp-embedded-content\"><\/iframe><script type=\"text\/javascript\">\n\/* <![CDATA[ *\/\n\/*! This file is auto-generated *\/\n!function(d,l){\"use strict\";l.querySelector&&d.addEventListener&&\"undefined\"!=typeof URL&&(d.wp=d.wp||{},d.wp.receiveEmbedMessage||(d.wp.receiveEmbedMessage=function(e){var t=e.data;if((t||t.secret||t.message||t.value)&&!\/[^a-zA-Z0-9]\/.test(t.secret)){for(var s,r,n,a=l.querySelectorAll('iframe[data-secret=\"'+t.secret+'\"]'),o=l.querySelectorAll('blockquote[data-secret=\"'+t.secret+'\"]'),c=new RegExp(\"^https?:$\",\"i\"),i=0;i<o.length;i++)o[i].style.display=\"none\";for(i=0;i<a.length;i++)s=a[i],e.source===s.contentWindow&&(s.removeAttribute(\"style\"),\"height\"===t.message?(1e3<(r=parseInt(t.value,10))?r=1e3:~~r<200&&(r=200),s.height=r):\"link\"===t.message&&(r=new URL(s.getAttribute(\"src\")),n=new URL(t.value),c.test(n.protocol))&&n.host===r.host&&l.activeElement===s&&(d.top.location.href=t.value))}},d.addEventListener(\"message\",d.wp.receiveEmbedMessage,!1),l.addEventListener(\"DOMContentLoaded\",function(){for(var e,t,s=l.querySelectorAll(\"iframe.wp-embedded-content\"),r=0;r<s.length;r++)(t=(e=s[r]).getAttribute(\"data-secret\"))||(t=Math.random().toString(36).substring(2,12),e.src+=\"#?secret=\"+t,e.setAttribute(\"data-secret\",t)),e.contentWindow.postMessage({message:\"ready\",secret:t},\"*\")},!1)))}(window,document);\n\/* ]]> *\/\n<\/script>\n","thumbnail_url":"https:\/\/kt.gov.rs\/wp-content\/uploads\/2024\/07\/newspic348-5.jpg","thumbnail_width":265,"thumbnail_height":176,"description":"Kryetari i trupit Koordinues Milan Markoviq, t\u00eb premten e kaluar vizitoi fshatin Levosov\u00eb t\u00eb komun\u00ebs s\u00eb Bujanocit. S\u00eb pari bisedoi me an\u00ebtar\u00ebt e kooperativ\u00ebs bujq\u00ebsore ,,Jug Levosoje\u2019\u2019. Kjo kooperativ\u00eb bujq\u00ebsore \u00ebsht\u00eb shembulli m\u00eb i mir\u00eb i bashk\u00ebpunimit multietnik n\u00eb mes Shqip\u00ebtar\u00ebve dhe Serb\u00ebve. Kooperativist\u00ebt n\u00eb konkursin e shpallur nga ana e Trupit Koordinues kan\u00eb fituar mjete finansiare p\u00ebr riparimin e mekanik\u00ebs bujq\u00ebsore si dhe p\u00ebr mbjelljen pranverore."}