{"version":"1.0","provider_name":"Republika e S\u00ebrbis\u00eb Trupi Koordinues p\u00ebr komunat Bujanoc, Preshev\u00eb dhe Medvegj\u00eb","provider_url":"https:\/\/kt.gov.rs\/sq\/","author_name":"ktmin","author_url":"https:\/\/kt.gov.rs\/sq\/author\/ktmin\/","title":"THIRRJE P\u00cbR MEDIAT - 20.05.2011. - Republika e S\u00ebrbis\u00eb Trupi Koordinues p\u00ebr komunat Bujanoc, Preshev\u00eb dhe Medvegj\u00eb","type":"rich","width":600,"height":338,"html":"<blockquote class=\"wp-embedded-content\" data-secret=\"NS66xeyIKw\"><a href=\"https:\/\/kt.gov.rs\/sq\/thirrje-per-mediat-20-05-2011\/\">THIRRJE P\u00cbR MEDIAT \u2013 20.05.2011.<\/a><\/blockquote><iframe sandbox=\"allow-scripts\" security=\"restricted\" src=\"https:\/\/kt.gov.rs\/sq\/thirrje-per-mediat-20-05-2011\/embed\/#?secret=NS66xeyIKw\" width=\"600\" height=\"338\" title=\"\u201cTHIRRJE P\u00cbR MEDIAT \u2013 20.05.2011.\u201d \u2014 Republika e S\u00ebrbis\u00eb Trupi Koordinues p\u00ebr komunat Bujanoc, Preshev\u00eb dhe Medvegj\u00eb\" data-secret=\"NS66xeyIKw\" frameborder=\"0\" marginwidth=\"0\" marginheight=\"0\" scrolling=\"no\" class=\"wp-embedded-content\"><\/iframe><script type=\"text\/javascript\">\n\/* <![CDATA[ *\/\n\/*! This file is auto-generated *\/\n!function(d,l){\"use strict\";l.querySelector&&d.addEventListener&&\"undefined\"!=typeof URL&&(d.wp=d.wp||{},d.wp.receiveEmbedMessage||(d.wp.receiveEmbedMessage=function(e){var t=e.data;if((t||t.secret||t.message||t.value)&&!\/[^a-zA-Z0-9]\/.test(t.secret)){for(var s,r,n,a=l.querySelectorAll('iframe[data-secret=\"'+t.secret+'\"]'),o=l.querySelectorAll('blockquote[data-secret=\"'+t.secret+'\"]'),c=new RegExp(\"^https?:$\",\"i\"),i=0;i<o.length;i++)o[i].style.display=\"none\";for(i=0;i<a.length;i++)s=a[i],e.source===s.contentWindow&&(s.removeAttribute(\"style\"),\"height\"===t.message?(1e3<(r=parseInt(t.value,10))?r=1e3:~~r<200&&(r=200),s.height=r):\"link\"===t.message&&(r=new URL(s.getAttribute(\"src\")),n=new URL(t.value),c.test(n.protocol))&&n.host===r.host&&l.activeElement===s&&(d.top.location.href=t.value))}},d.addEventListener(\"message\",d.wp.receiveEmbedMessage,!1),l.addEventListener(\"DOMContentLoaded\",function(){for(var e,t,s=l.querySelectorAll(\"iframe.wp-embedded-content\"),r=0;r<s.length;r++)(t=(e=s[r]).getAttribute(\"data-secret\"))||(t=Math.random().toString(36).substring(2,12),e.src+=\"#?secret=\"+t,e.setAttribute(\"data-secret\",t)),e.contentWindow.postMessage({message:\"ready\",secret:t},\"*\")},!1)))}(window,document);\n\/* ]]> *\/\n<\/script>\n","description":"Kryetari i Trupit Koordinues ministri Milan Markoviq n\u00eb vizit\u00eb Preshev\u00ebs dhe Bujanocit Ministri p\u00ebr drejtat e\u00a0pakicave, administrat\u00ebs shtet\u00ebrore dhe vet\u00ebqeverisjes lokale dhe kryetari i Trupit Koordinues i Qeveris\u00eb s\u00eb S\u00ebrbis\u00eb p\u00ebr komunat Preshev\u00eb, Bujanoc dhe Medvegj\u00eb Milan Markoviq do ti shp\u00ebrndaj\u00eb diploma ndjek\u00ebsve t\u00eb kursit t\u00eb gjuh\u00ebs s\u00ebrbe i cili \u00ebsht\u00eb organizuar nga \u201cInternational Human Cent\u0435r\u201d. Shp\u00ebrndarja e diplomave do t\u00eb b\u00ebhet n\u00eb sht\u00ebpin e kultur\u00ebs \u201cAbdullah Krashnica\u201d n\u00eb ora 11:00 t\u00eb premt\u00ebn, m\u00eb 20 maj\u00eb n\u00eb Preshev\u00eb. Pas s\u00eb cil\u00ebs \u00a0ministri Markoviq do t\u00eb vizitoj TV \u201cPreshev\u00ebn\u201d."}