{"version":"1.0","provider_name":"Republika e S\u00ebrbis\u00eb Trupi Koordinues p\u00ebr komunat Bujanoc, Preshev\u00eb dhe Medvegj\u00eb","provider_url":"https:\/\/kt.gov.rs\/sq\/","author_name":"ktmin","author_url":"https:\/\/kt.gov.rs\/sq\/author\/ktmin\/","title":"TEKSTET P\u00cbR F\u00cbMIJET ME NEVOJA SOCIALE - Republika e S\u00ebrbis\u00eb Trupi Koordinues p\u00ebr komunat Bujanoc, Preshev\u00eb dhe Medvegj\u00eb","type":"rich","width":600,"height":338,"html":"<blockquote class=\"wp-embedded-content\" data-secret=\"g5dmfOdiY7\"><a href=\"https:\/\/kt.gov.rs\/sq\/tekstet-per-femijet-me-nevoja-sociale\/\">TEKSTET P\u00cbR  F\u00cbMIJET ME NEVOJA SOCIALE<\/a><\/blockquote><iframe sandbox=\"allow-scripts\" security=\"restricted\" src=\"https:\/\/kt.gov.rs\/sq\/tekstet-per-femijet-me-nevoja-sociale\/embed\/#?secret=g5dmfOdiY7\" width=\"600\" height=\"338\" title=\"\u201cTEKSTET P\u00cbR  F\u00cbMIJET ME NEVOJA SOCIALE\u201d \u2014 Republika e S\u00ebrbis\u00eb Trupi Koordinues p\u00ebr komunat Bujanoc, Preshev\u00eb dhe Medvegj\u00eb\" data-secret=\"g5dmfOdiY7\" frameborder=\"0\" marginwidth=\"0\" marginheight=\"0\" scrolling=\"no\" class=\"wp-embedded-content\"><\/iframe><script type=\"text\/javascript\">\n\/* <![CDATA[ *\/\n\/*! This file is auto-generated *\/\n!function(d,l){\"use strict\";l.querySelector&&d.addEventListener&&\"undefined\"!=typeof URL&&(d.wp=d.wp||{},d.wp.receiveEmbedMessage||(d.wp.receiveEmbedMessage=function(e){var t=e.data;if((t||t.secret||t.message||t.value)&&!\/[^a-zA-Z0-9]\/.test(t.secret)){for(var s,r,n,a=l.querySelectorAll('iframe[data-secret=\"'+t.secret+'\"]'),o=l.querySelectorAll('blockquote[data-secret=\"'+t.secret+'\"]'),c=new RegExp(\"^https?:$\",\"i\"),i=0;i<o.length;i++)o[i].style.display=\"none\";for(i=0;i<a.length;i++)s=a[i],e.source===s.contentWindow&&(s.removeAttribute(\"style\"),\"height\"===t.message?(1e3<(r=parseInt(t.value,10))?r=1e3:~~r<200&&(r=200),s.height=r):\"link\"===t.message&&(r=new URL(s.getAttribute(\"src\")),n=new URL(t.value),c.test(n.protocol))&&n.host===r.host&&l.activeElement===s&&(d.top.location.href=t.value))}},d.addEventListener(\"message\",d.wp.receiveEmbedMessage,!1),l.addEventListener(\"DOMContentLoaded\",function(){for(var e,t,s=l.querySelectorAll(\"iframe.wp-embedded-content\"),r=0;r<s.length;r++)(t=(e=s[r]).getAttribute(\"data-secret\"))||(t=Math.random().toString(36).substring(2,12),e.src+=\"#?secret=\"+t,e.setAttribute(\"data-secret\",t)),e.contentWindow.postMessage({message:\"ready\",secret:t},\"*\")},!1)))}(window,document);\n\/* ]]> *\/\n<\/script>\n","thumbnail_url":"https:\/\/kt.gov.rs\/wp-content\/uploads\/2024\/07\/newspic662-5.jpg","thumbnail_width":265,"thumbnail_height":180,"description":"Trupi koordinues p\u00ebr OJQ forumi rinor p\u00ebr edukimin e rom\u00ebve (\u041eFER)\u00a0 nga Bujanovci n\u00eb konkursin p\u00ebr projektin e bashkimit t\u00eb qytetar\u00ebve ndan\u00eb mjete prej 510.000,00 dinar\u00eb p\u00ebr projektin &#39;&#39;Tekstet falas p\u00ebr f\u00ebmijet me nevoja sociale&#39;&#39;.Mjetet jan\u00eb hargjuar p\u00ebr blerjen e teksteve per f\u00ebmij\u00ebt e klasave t\u00eb pesta ,gjashta,shtata dhe teta te shkoll\u00ebs fillore &#39;&#39;Branko Radiqeviq&#39;&#39;,me t\u00eb cilat u \u00ebsht\u00eb mundesuar shkollimi i barabart\u00eb me moshatar\u00ebt e tyre."}