{"version":"1.0","provider_name":"Republika e S\u00ebrbis\u00eb Trupi Koordinues p\u00ebr komunat Bujanoc, Preshev\u00eb dhe Medvegj\u00eb","provider_url":"https:\/\/kt.gov.rs\/sq\/","author_name":"ktmin","author_url":"https:\/\/kt.gov.rs\/sq\/author\/ktmin\/","title":"TEKSTET N\u00cb GJUH\u00cbN SHQIPE DHE TEPRICAT TEKNIKE - Republika e S\u00ebrbis\u00eb Trupi Koordinues p\u00ebr komunat Bujanoc, Preshev\u00eb dhe Medvegj\u00eb","type":"rich","width":600,"height":338,"html":"<blockquote class=\"wp-embedded-content\" data-secret=\"bjGxb6Kc1X\"><a href=\"https:\/\/kt.gov.rs\/sq\/tekstet-ne-gjuhen-shqipe-dhe-tepricat-teknike\/\">TEKSTET N\u00cb GJUH\u00cbN SHQIPE DHE TEPRICAT TEKNIKE<\/a><\/blockquote><iframe sandbox=\"allow-scripts\" security=\"restricted\" src=\"https:\/\/kt.gov.rs\/sq\/tekstet-ne-gjuhen-shqipe-dhe-tepricat-teknike\/embed\/#?secret=bjGxb6Kc1X\" width=\"600\" height=\"338\" title=\"\u201cTEKSTET N\u00cb GJUH\u00cbN SHQIPE DHE TEPRICAT TEKNIKE\u201d \u2014 Republika e S\u00ebrbis\u00eb Trupi Koordinues p\u00ebr komunat Bujanoc, Preshev\u00eb dhe Medvegj\u00eb\" data-secret=\"bjGxb6Kc1X\" frameborder=\"0\" marginwidth=\"0\" marginheight=\"0\" scrolling=\"no\" class=\"wp-embedded-content\"><\/iframe><script type=\"text\/javascript\">\n\/* <![CDATA[ *\/\n\/*! This file is auto-generated *\/\n!function(d,l){\"use strict\";l.querySelector&&d.addEventListener&&\"undefined\"!=typeof URL&&(d.wp=d.wp||{},d.wp.receiveEmbedMessage||(d.wp.receiveEmbedMessage=function(e){var t=e.data;if((t||t.secret||t.message||t.value)&&!\/[^a-zA-Z0-9]\/.test(t.secret)){for(var s,r,n,a=l.querySelectorAll('iframe[data-secret=\"'+t.secret+'\"]'),o=l.querySelectorAll('blockquote[data-secret=\"'+t.secret+'\"]'),c=new RegExp(\"^https?:$\",\"i\"),i=0;i<o.length;i++)o[i].style.display=\"none\";for(i=0;i<a.length;i++)s=a[i],e.source===s.contentWindow&&(s.removeAttribute(\"style\"),\"height\"===t.message?(1e3<(r=parseInt(t.value,10))?r=1e3:~~r<200&&(r=200),s.height=r):\"link\"===t.message&&(r=new URL(s.getAttribute(\"src\")),n=new URL(t.value),c.test(n.protocol))&&n.host===r.host&&l.activeElement===s&&(d.top.location.href=t.value))}},d.addEventListener(\"message\",d.wp.receiveEmbedMessage,!1),l.addEventListener(\"DOMContentLoaded\",function(){for(var e,t,s=l.querySelectorAll(\"iframe.wp-embedded-content\"),r=0;r<s.length;r++)(t=(e=s[r]).getAttribute(\"data-secret\"))||(t=Math.random().toString(36).substring(2,12),e.src+=\"#?secret=\"+t,e.setAttribute(\"data-secret\",t)),e.contentWindow.postMessage({message:\"ready\",secret:t},\"*\")},!1)))}(window,document);\n\/* ]]> *\/\n<\/script>\n","description":"Kryeshefi i drejtoriatit shkollor\u00eb p\u00ebr rrethin e P\u00e7inj\u00ebs dhe Jabllanic\u00ebs, Tomislav Simenoviq, ka th\u00ebn\u00eb se tekstet shkollore p\u00ebr f\u00ebmij\u00ebt prej klas\u00ebs s\u00eb par\u00eb deri n\u00eb t\u00eb kat\u00ebrt\u00ebn, t\u00eb shkoll\u00ebs fillore n\u00eb gjuh\u00eb shqipe tani gjinden n\u00eb shtyp dhe do t\u00eb jen\u00eb gati deri n\u00eb fillim e vitit shkollor."}