{"version":"1.0","provider_name":"Republika e S\u00ebrbis\u00eb Trupi Koordinues p\u00ebr komunat Bujanoc, Preshev\u00eb dhe Medvegj\u00eb","provider_url":"https:\/\/kt.gov.rs\/sq\/","author_name":"ktmin","author_url":"https:\/\/kt.gov.rs\/sq\/author\/ktmin\/","title":"SUKSESE T\u00cb REJA T\u00cb SHKOLL\u00cbS S\u00cb MUZIK\u00cbS - Republika e S\u00ebrbis\u00eb Trupi Koordinues p\u00ebr komunat Bujanoc, Preshev\u00eb dhe Medvegj\u00eb","type":"rich","width":600,"height":338,"html":"<blockquote class=\"wp-embedded-content\" data-secret=\"ty7dAhYjNR\"><a href=\"https:\/\/kt.gov.rs\/sq\/suksese-te-reja-te-shkolles-se-muzikes\/\">SUKSESE T\u00cb REJA T\u00cb SHKOLL\u00cbS S\u00cb MUZIK\u00cbS<\/a><\/blockquote><iframe sandbox=\"allow-scripts\" security=\"restricted\" src=\"https:\/\/kt.gov.rs\/sq\/suksese-te-reja-te-shkolles-se-muzikes\/embed\/#?secret=ty7dAhYjNR\" width=\"600\" height=\"338\" title=\"\u201cSUKSESE T\u00cb REJA T\u00cb SHKOLL\u00cbS S\u00cb MUZIK\u00cbS\u201d \u2014 Republika e S\u00ebrbis\u00eb Trupi Koordinues p\u00ebr komunat Bujanoc, Preshev\u00eb dhe Medvegj\u00eb\" data-secret=\"ty7dAhYjNR\" frameborder=\"0\" marginwidth=\"0\" marginheight=\"0\" scrolling=\"no\" class=\"wp-embedded-content\"><\/iframe><script type=\"text\/javascript\">\n\/* <![CDATA[ *\/\n\/*! This file is auto-generated *\/\n!function(d,l){\"use strict\";l.querySelector&&d.addEventListener&&\"undefined\"!=typeof URL&&(d.wp=d.wp||{},d.wp.receiveEmbedMessage||(d.wp.receiveEmbedMessage=function(e){var t=e.data;if((t||t.secret||t.message||t.value)&&!\/[^a-zA-Z0-9]\/.test(t.secret)){for(var s,r,n,a=l.querySelectorAll('iframe[data-secret=\"'+t.secret+'\"]'),o=l.querySelectorAll('blockquote[data-secret=\"'+t.secret+'\"]'),c=new RegExp(\"^https?:$\",\"i\"),i=0;i<o.length;i++)o[i].style.display=\"none\";for(i=0;i<a.length;i++)s=a[i],e.source===s.contentWindow&&(s.removeAttribute(\"style\"),\"height\"===t.message?(1e3<(r=parseInt(t.value,10))?r=1e3:~~r<200&&(r=200),s.height=r):\"link\"===t.message&&(r=new URL(s.getAttribute(\"src\")),n=new URL(t.value),c.test(n.protocol))&&n.host===r.host&&l.activeElement===s&&(d.top.location.href=t.value))}},d.addEventListener(\"message\",d.wp.receiveEmbedMessage,!1),l.addEventListener(\"DOMContentLoaded\",function(){for(var e,t,s=l.querySelectorAll(\"iframe.wp-embedded-content\"),r=0;r<s.length;r++)(t=(e=s[r]).getAttribute(\"data-secret\"))||(t=Math.random().toString(36).substring(2,12),e.src+=\"#?secret=\"+t,e.setAttribute(\"data-secret\",t)),e.contentWindow.postMessage({message:\"ready\",secret:t},\"*\")},!1)))}(window,document);\n\/* ]]> *\/\n<\/script>\n","thumbnail_url":"https:\/\/kt.gov.rs\/wp-content\/uploads\/2024\/07\/1683799635_11052023-3.jpg","thumbnail_width":315,"thumbnail_height":230,"description":"Bujanoc - Beograd\u00a0- Orkestra e shkoll\u00ebs s\u00eb muzik\u00ebs fitoi \u00e7mimin e par\u00eb n\u00eb Festivalin e 66-t\u00eb t\u00eb Shkollave t\u00eb muzik\u00ebs dhe baletit t\u00eb Serbis\u00eb n\u00eb Ba\u00e7ka Pallank\u00eb. Gjithashtu, n\u00eb kategorin\u00eb e solist\u00ebve, Sofija Nakiq dhe Aleksa Peshiq fituan \u00e7mimin e par\u00eb, nd\u00ebrsa Mateja Trajkoviq dhe Emilija Trajkoviq fituan \u00e7mimin e dyt\u00eb dhe t\u00eb tret\u00eb."}