{"version":"1.0","provider_name":"Republika e S\u00ebrbis\u00eb Trupi Koordinues p\u00ebr komunat Bujanoc, Preshev\u00eb dhe Medvegj\u00eb","provider_url":"https:\/\/kt.gov.rs\/sq\/","author_name":"ktmin","author_url":"https:\/\/kt.gov.rs\/sq\/author\/ktmin\/","title":"QYTETAR\u00cbT D\u00cbSHIROJN\u00cb INFRASTRUKTUR LOKALE M\u00cb T\u00cb MIR\u00cb - Republika e S\u00ebrbis\u00eb Trupi Koordinues p\u00ebr komunat Bujanoc, Preshev\u00eb dhe Medvegj\u00eb","type":"rich","width":600,"height":338,"html":"<blockquote class=\"wp-embedded-content\" data-secret=\"trOWZ6AwD6\"><a href=\"https:\/\/kt.gov.rs\/sq\/qytetaret-deshirojne-infrastruktur-lokale-me-te-mire\/\">QYTETAR\u00cbT D\u00cbSHIROJN\u00cb INFRASTRUKTUR LOKALE M\u00cb T\u00cb MIR\u00cb<\/a><\/blockquote><iframe sandbox=\"allow-scripts\" security=\"restricted\" src=\"https:\/\/kt.gov.rs\/sq\/qytetaret-deshirojne-infrastruktur-lokale-me-te-mire\/embed\/#?secret=trOWZ6AwD6\" width=\"600\" height=\"338\" title=\"\u201cQYTETAR\u00cbT D\u00cbSHIROJN\u00cb INFRASTRUKTUR LOKALE M\u00cb T\u00cb MIR\u00cb\u201d \u2014 Republika e S\u00ebrbis\u00eb Trupi Koordinues p\u00ebr komunat Bujanoc, Preshev\u00eb dhe Medvegj\u00eb\" data-secret=\"trOWZ6AwD6\" frameborder=\"0\" marginwidth=\"0\" marginheight=\"0\" scrolling=\"no\" class=\"wp-embedded-content\"><\/iframe><script type=\"text\/javascript\">\n\/* <![CDATA[ *\/\n\/*! This file is auto-generated *\/\n!function(d,l){\"use strict\";l.querySelector&&d.addEventListener&&\"undefined\"!=typeof URL&&(d.wp=d.wp||{},d.wp.receiveEmbedMessage||(d.wp.receiveEmbedMessage=function(e){var t=e.data;if((t||t.secret||t.message||t.value)&&!\/[^a-zA-Z0-9]\/.test(t.secret)){for(var s,r,n,a=l.querySelectorAll('iframe[data-secret=\"'+t.secret+'\"]'),o=l.querySelectorAll('blockquote[data-secret=\"'+t.secret+'\"]'),c=new RegExp(\"^https?:$\",\"i\"),i=0;i<o.length;i++)o[i].style.display=\"none\";for(i=0;i<a.length;i++)s=a[i],e.source===s.contentWindow&&(s.removeAttribute(\"style\"),\"height\"===t.message?(1e3<(r=parseInt(t.value,10))?r=1e3:~~r<200&&(r=200),s.height=r):\"link\"===t.message&&(r=new URL(s.getAttribute(\"src\")),n=new URL(t.value),c.test(n.protocol))&&n.host===r.host&&l.activeElement===s&&(d.top.location.href=t.value))}},d.addEventListener(\"message\",d.wp.receiveEmbedMessage,!1),l.addEventListener(\"DOMContentLoaded\",function(){for(var e,t,s=l.querySelectorAll(\"iframe.wp-embedded-content\"),r=0;r<s.length;r++)(t=(e=s[r]).getAttribute(\"data-secret\"))||(t=Math.random().toString(36).substring(2,12),e.src+=\"#?secret=\"+t,e.setAttribute(\"data-secret\",t)),e.contentWindow.postMessage({message:\"ready\",secret:t},\"*\")},!1)))}(window,document);\n\/* ]]> *\/\n<\/script>\n","thumbnail_url":"https:\/\/kt.gov.rs\/wp-content\/uploads\/2024\/07\/newspic736-5.jpg","thumbnail_width":315,"thumbnail_height":220,"description":"Vranj\u00eb- M\u00eb shum\u00eb se gjysma e qytetar\u00ebve t\u00eb rrethit t\u00eb P\u00e7in\u00ebs mendojn se bujq\u00ebsia \u00ebsht\u00eb baz\u00eb p\u00ebr zhvillimin ekonomik t\u00eb k\u00ebtij rajoni, dhe \u00ebsht\u00eb e nevojshme q\u00eb t\u00eb ndahen m\u00eb shum\u00eb mjete nga buxheti p\u00ebr ti ndihmuar bujqit, tregon hulumtimi q\u00eb \u00ebsht\u00eb b\u00ebr nga Qendra p\u00ebr zgjedhje t\u00eb lira dhe demokratizim (CESID), me mb\u00ebshtetjen financiare t\u00eb Bashkimit Evropian dhe Qeveris Zvicrane n\u00ebp\u00ebrmjet programit EU PROGRES"}