{"version":"1.0","provider_name":"Republika e S\u00ebrbis\u00eb Trupi Koordinues p\u00ebr komunat Bujanoc, Preshev\u00eb dhe Medvegj\u00eb","provider_url":"https:\/\/kt.gov.rs\/sq\/","author_name":"ktmin","author_url":"https:\/\/kt.gov.rs\/sq\/author\/ktmin\/","title":"PUN\u00cbTORIT ONLINE \u201cDHUNA KUND\u00cbR GRAVE DHE SH\u00cbNDETI\u201d - Republika e S\u00ebrbis\u00eb Trupi Koordinues p\u00ebr komunat Bujanoc, Preshev\u00eb dhe Medvegj\u00eb","type":"rich","width":600,"height":338,"html":"<blockquote class=\"wp-embedded-content\" data-secret=\"u4nigz664V\"><a href=\"https:\/\/kt.gov.rs\/sq\/punetorit-online-dhuna-kunder-grave-dhe-shendeti\/\">PUN\u00cbTORIT ONLINE \u201cDHUNA KUND\u00cbR GRAVE DHE SH\u00cbNDETI\u201d<\/a><\/blockquote><iframe sandbox=\"allow-scripts\" security=\"restricted\" src=\"https:\/\/kt.gov.rs\/sq\/punetorit-online-dhuna-kunder-grave-dhe-shendeti\/embed\/#?secret=u4nigz664V\" width=\"600\" height=\"338\" title=\"\u201cPUN\u00cbTORIT ONLINE \u201cDHUNA KUND\u00cbR GRAVE DHE SH\u00cbNDETI\u201d\u201d \u2014 Republika e S\u00ebrbis\u00eb Trupi Koordinues p\u00ebr komunat Bujanoc, Preshev\u00eb dhe Medvegj\u00eb\" data-secret=\"u4nigz664V\" frameborder=\"0\" marginwidth=\"0\" marginheight=\"0\" scrolling=\"no\" class=\"wp-embedded-content\"><\/iframe><script type=\"text\/javascript\">\n\/* <![CDATA[ *\/\n\/*! This file is auto-generated *\/\n!function(d,l){\"use strict\";l.querySelector&&d.addEventListener&&\"undefined\"!=typeof URL&&(d.wp=d.wp||{},d.wp.receiveEmbedMessage||(d.wp.receiveEmbedMessage=function(e){var t=e.data;if((t||t.secret||t.message||t.value)&&!\/[^a-zA-Z0-9]\/.test(t.secret)){for(var s,r,n,a=l.querySelectorAll('iframe[data-secret=\"'+t.secret+'\"]'),o=l.querySelectorAll('blockquote[data-secret=\"'+t.secret+'\"]'),c=new RegExp(\"^https?:$\",\"i\"),i=0;i<o.length;i++)o[i].style.display=\"none\";for(i=0;i<a.length;i++)s=a[i],e.source===s.contentWindow&&(s.removeAttribute(\"style\"),\"height\"===t.message?(1e3<(r=parseInt(t.value,10))?r=1e3:~~r<200&&(r=200),s.height=r):\"link\"===t.message&&(r=new URL(s.getAttribute(\"src\")),n=new URL(t.value),c.test(n.protocol))&&n.host===r.host&&l.activeElement===s&&(d.top.location.href=t.value))}},d.addEventListener(\"message\",d.wp.receiveEmbedMessage,!1),l.addEventListener(\"DOMContentLoaded\",function(){for(var e,t,s=l.querySelectorAll(\"iframe.wp-embedded-content\"),r=0;r<s.length;r++)(t=(e=s[r]).getAttribute(\"data-secret\"))||(t=Math.random().toString(36).substring(2,12),e.src+=\"#?secret=\"+t,e.setAttribute(\"data-secret\",t)),e.contentWindow.postMessage({message:\"ready\",secret:t},\"*\")},!1)))}(window,document);\n\/* ]]> *\/\n<\/script>\n","thumbnail_url":"https:\/\/kt.gov.rs\/wp-content\/uploads\/2024\/07\/1615200924_080321_1-5.jpg","thumbnail_width":315,"thumbnail_height":230,"description":"Me rastin e 8 Marsit, Dit\u00ebs nd\u00ebrkomb\u00ebtare t\u00eb Gruas, pika e informacionit e BE-s\u00eb Novi Sad dhe pika e informacionit e BE-s\u00eb Nish, n\u00eb bashk\u00ebpunim me Qendr\u00ebn Autonome t\u00eb Grave, ju ftojn\u00eb n\u00eb nj\u00eb prezantim dhe diskutim n\u00eb internet me tem\u00eb &quot;Dhuna ndaj grave dhe sh\u00ebndeti&quot;.\u00a0"}