{"version":"1.0","provider_name":"Republika e S\u00ebrbis\u00eb Trupi Koordinues p\u00ebr komunat Bujanoc, Preshev\u00eb dhe Medvegj\u00eb","provider_url":"https:\/\/kt.gov.rs\/sq\/","author_name":"ktmin","author_url":"https:\/\/kt.gov.rs\/sq\/author\/ktmin\/","title":"P\u00cbR LUFT\u00cbN KONKRETE KUND\u00cbR TRAFIKIMIT T\u00cb DUHANIT - Republika e S\u00ebrbis\u00eb Trupi Koordinues p\u00ebr komunat Bujanoc, Preshev\u00eb dhe Medvegj\u00eb","type":"rich","width":600,"height":338,"html":"<blockquote class=\"wp-embedded-content\" data-secret=\"CxLmuw9qXC\"><a href=\"https:\/\/kt.gov.rs\/sq\/per-luften-konkrete-kunder-trafikimit-te-duhanit\/\">P\u00cbR LUFT\u00cbN KONKRETE KUND\u00cbR TRAFIKIMIT T\u00cb DUHANIT<\/a><\/blockquote><iframe sandbox=\"allow-scripts\" security=\"restricted\" src=\"https:\/\/kt.gov.rs\/sq\/per-luften-konkrete-kunder-trafikimit-te-duhanit\/embed\/#?secret=CxLmuw9qXC\" width=\"600\" height=\"338\" title=\"\u201cP\u00cbR LUFT\u00cbN KONKRETE KUND\u00cbR TRAFIKIMIT T\u00cb DUHANIT\u201d \u2014 Republika e S\u00ebrbis\u00eb Trupi Koordinues p\u00ebr komunat Bujanoc, Preshev\u00eb dhe Medvegj\u00eb\" data-secret=\"CxLmuw9qXC\" frameborder=\"0\" marginwidth=\"0\" marginheight=\"0\" scrolling=\"no\" class=\"wp-embedded-content\"><\/iframe><script type=\"text\/javascript\">\n\/* <![CDATA[ *\/\n\/*! This file is auto-generated *\/\n!function(d,l){\"use strict\";l.querySelector&&d.addEventListener&&\"undefined\"!=typeof URL&&(d.wp=d.wp||{},d.wp.receiveEmbedMessage||(d.wp.receiveEmbedMessage=function(e){var t=e.data;if((t||t.secret||t.message||t.value)&&!\/[^a-zA-Z0-9]\/.test(t.secret)){for(var s,r,n,a=l.querySelectorAll('iframe[data-secret=\"'+t.secret+'\"]'),o=l.querySelectorAll('blockquote[data-secret=\"'+t.secret+'\"]'),c=new RegExp(\"^https?:$\",\"i\"),i=0;i<o.length;i++)o[i].style.display=\"none\";for(i=0;i<a.length;i++)s=a[i],e.source===s.contentWindow&&(s.removeAttribute(\"style\"),\"height\"===t.message?(1e3<(r=parseInt(t.value,10))?r=1e3:~~r<200&&(r=200),s.height=r):\"link\"===t.message&&(r=new URL(s.getAttribute(\"src\")),n=new URL(t.value),c.test(n.protocol))&&n.host===r.host&&l.activeElement===s&&(d.top.location.href=t.value))}},d.addEventListener(\"message\",d.wp.receiveEmbedMessage,!1),l.addEventListener(\"DOMContentLoaded\",function(){for(var e,t,s=l.querySelectorAll(\"iframe.wp-embedded-content\"),r=0;r<s.length;r++)(t=(e=s[r]).getAttribute(\"data-secret\"))||(t=Math.random().toString(36).substring(2,12),e.src+=\"#?secret=\"+t,e.setAttribute(\"data-secret\",t)),e.contentWindow.postMessage({message:\"ready\",secret:t},\"*\")},!1)))}(window,document);\n\/* ]]> *\/\n<\/script>\n","thumbnail_url":"https:\/\/kt.gov.rs\/wp-content\/uploads\/2024\/07\/1417086520_news_pic101392-5.jpg","thumbnail_width":315,"thumbnail_height":210,"description":"Beograd, Vranje \u2013 P\u00ebr q\u00ebllim t\u00eb zhdukjen e treg\u00ebtis\u00eb ilegale t\u00eb prodhimeve t\u00eb duhanit, kompania British Amerikan Tobako (BAT), n\u00eb fabrik\u00ebn e vet n\u00eb Vranj\u00eb ka organizuar trajnimin p\u00ebr zyrtar\u00ebt t\u00eb cil\u00ebve veprimtaria e tyre i p\u00ebrket luft\u00ebs kund\u00ebr treg\u00ebtis\u00eb t\u00eb prodhimeve t\u00eb tilla. Pjes\u00ebtar\u00ebt e administrat\u00ebs doganore dhe tatimore, si dhe agjensionet informative t\u00eb vendeve n\u00eb rajon, kan\u00eb marr\u00eb pjes\u00eb n\u00eb ligjeratat, ushtrimeve demostrative dhe aktivisht kan\u00eb marr\u00eb pjes\u00eb n\u00eb pun\u00ebtorit\u00eb n\u00eb t\u00eb cilat kompania ka ftuar ekspert\u00ebt eminent\u00eb n\u00eb k\u00ebt\u00eb fush\u00eb nga i gjith\u00eb rajoni, thuhet n\u00eb komunikat\u00ebn e k\u00ebsaj kompanie."}