{"version":"1.0","provider_name":"Republika e S\u00ebrbis\u00eb Trupi Koordinues p\u00ebr komunat Bujanoc, Preshev\u00eb dhe Medvegj\u00eb","provider_url":"https:\/\/kt.gov.rs\/sq\/","author_name":"ktmin","author_url":"https:\/\/kt.gov.rs\/sq\/author\/ktmin\/","title":"NX\u00cbN\u00cbSIT NGA GJERMANIA N\u00cb BUJANOC - Republika e S\u00ebrbis\u00eb Trupi Koordinues p\u00ebr komunat Bujanoc, Preshev\u00eb dhe Medvegj\u00eb","type":"rich","width":600,"height":338,"html":"<blockquote class=\"wp-embedded-content\" data-secret=\"MZA3RMK9jK\"><a href=\"https:\/\/kt.gov.rs\/sq\/nxenesit-nga-gjermania-ne-bujanoc\/\">NX\u00cbN\u00cbSIT NGA GJERMANIA N\u00cb BUJANOC<\/a><\/blockquote><iframe sandbox=\"allow-scripts\" security=\"restricted\" src=\"https:\/\/kt.gov.rs\/sq\/nxenesit-nga-gjermania-ne-bujanoc\/embed\/#?secret=MZA3RMK9jK\" width=\"600\" height=\"338\" title=\"\u201cNX\u00cbN\u00cbSIT NGA GJERMANIA N\u00cb BUJANOC\u201d \u2014 Republika e S\u00ebrbis\u00eb Trupi Koordinues p\u00ebr komunat Bujanoc, Preshev\u00eb dhe Medvegj\u00eb\" data-secret=\"MZA3RMK9jK\" frameborder=\"0\" marginwidth=\"0\" marginheight=\"0\" scrolling=\"no\" class=\"wp-embedded-content\"><\/iframe><script type=\"text\/javascript\">\n\/* <![CDATA[ *\/\n\/*! This file is auto-generated *\/\n!function(d,l){\"use strict\";l.querySelector&&d.addEventListener&&\"undefined\"!=typeof URL&&(d.wp=d.wp||{},d.wp.receiveEmbedMessage||(d.wp.receiveEmbedMessage=function(e){var t=e.data;if((t||t.secret||t.message||t.value)&&!\/[^a-zA-Z0-9]\/.test(t.secret)){for(var s,r,n,a=l.querySelectorAll('iframe[data-secret=\"'+t.secret+'\"]'),o=l.querySelectorAll('blockquote[data-secret=\"'+t.secret+'\"]'),c=new RegExp(\"^https?:$\",\"i\"),i=0;i<o.length;i++)o[i].style.display=\"none\";for(i=0;i<a.length;i++)s=a[i],e.source===s.contentWindow&&(s.removeAttribute(\"style\"),\"height\"===t.message?(1e3<(r=parseInt(t.value,10))?r=1e3:~~r<200&&(r=200),s.height=r):\"link\"===t.message&&(r=new URL(s.getAttribute(\"src\")),n=new URL(t.value),c.test(n.protocol))&&n.host===r.host&&l.activeElement===s&&(d.top.location.href=t.value))}},d.addEventListener(\"message\",d.wp.receiveEmbedMessage,!1),l.addEventListener(\"DOMContentLoaded\",function(){for(var e,t,s=l.querySelectorAll(\"iframe.wp-embedded-content\"),r=0;r<s.length;r++)(t=(e=s[r]).getAttribute(\"data-secret\"))||(t=Math.random().toString(36).substring(2,12),e.src+=\"#?secret=\"+t,e.setAttribute(\"data-secret\",t)),e.contentWindow.postMessage({message:\"ready\",secret:t},\"*\")},!1)))}(window,document);\n\/* ]]> *\/\n<\/script>\n","description":"Bujanoc- Nj\u00eb grup prej 16 nx\u00ebn\u00ebsve t\u00eb shkollave t\u00eb mesme nga Gjermania do t\u00eb q\u00ebndroj\u00eb n\u00eb Bujanoc deri m\u00eb 23 mars. Ata ua kthejn vizit\u00ebn nx\u00ebn\u00ebsve serb dhe shqiptar t\u00eb shkollave t\u00eb mesme t\u00eb Bujanocit\u00a0 \u201cSveti Sava\u201d dhe \u201cSezai Suroi\u201d t\u00eb cil\u00ebt ishin\u00a0 n\u00eb qytetit Gjerman Kunzelsau n\u00eb n\u00ebntor t\u00eb 2010."}