{"version":"1.0","provider_name":"Republika e S\u00ebrbis\u00eb Trupi Koordinues p\u00ebr komunat Bujanoc, Preshev\u00eb dhe Medvegj\u00eb","provider_url":"https:\/\/kt.gov.rs\/sq\/","author_name":"ktmin","author_url":"https:\/\/kt.gov.rs\/sq\/author\/ktmin\/","title":"NJOFTIM P\u00cbR MEDIAT \u2013 24.11.2012. - Republika e S\u00ebrbis\u00eb Trupi Koordinues p\u00ebr komunat Bujanoc, Preshev\u00eb dhe Medvegj\u00eb","type":"rich","width":600,"height":338,"html":"<blockquote class=\"wp-embedded-content\" data-secret=\"x7aOOXhX6J\"><a href=\"https:\/\/kt.gov.rs\/sq\/njoftim-per-mediat-24-11-2012\/\">NJOFTIM P\u00cbR MEDIAT \u2013 24.11.2012.<\/a><\/blockquote><iframe sandbox=\"allow-scripts\" security=\"restricted\" src=\"https:\/\/kt.gov.rs\/sq\/njoftim-per-mediat-24-11-2012\/embed\/#?secret=x7aOOXhX6J\" width=\"600\" height=\"338\" title=\"\u201cNJOFTIM P\u00cbR MEDIAT \u2013 24.11.2012.\u201d \u2014 Republika e S\u00ebrbis\u00eb Trupi Koordinues p\u00ebr komunat Bujanoc, Preshev\u00eb dhe Medvegj\u00eb\" data-secret=\"x7aOOXhX6J\" frameborder=\"0\" marginwidth=\"0\" marginheight=\"0\" scrolling=\"no\" class=\"wp-embedded-content\"><\/iframe><script type=\"text\/javascript\">\n\/* <![CDATA[ *\/\n\/*! This file is auto-generated *\/\n!function(d,l){\"use strict\";l.querySelector&&d.addEventListener&&\"undefined\"!=typeof URL&&(d.wp=d.wp||{},d.wp.receiveEmbedMessage||(d.wp.receiveEmbedMessage=function(e){var t=e.data;if((t||t.secret||t.message||t.value)&&!\/[^a-zA-Z0-9]\/.test(t.secret)){for(var s,r,n,a=l.querySelectorAll('iframe[data-secret=\"'+t.secret+'\"]'),o=l.querySelectorAll('blockquote[data-secret=\"'+t.secret+'\"]'),c=new RegExp(\"^https?:$\",\"i\"),i=0;i<o.length;i++)o[i].style.display=\"none\";for(i=0;i<a.length;i++)s=a[i],e.source===s.contentWindow&&(s.removeAttribute(\"style\"),\"height\"===t.message?(1e3<(r=parseInt(t.value,10))?r=1e3:~~r<200&&(r=200),s.height=r):\"link\"===t.message&&(r=new URL(s.getAttribute(\"src\")),n=new URL(t.value),c.test(n.protocol))&&n.host===r.host&&l.activeElement===s&&(d.top.location.href=t.value))}},d.addEventListener(\"message\",d.wp.receiveEmbedMessage,!1),l.addEventListener(\"DOMContentLoaded\",function(){for(var e,t,s=l.querySelectorAll(\"iframe.wp-embedded-content\"),r=0;r<s.length;r++)(t=(e=s[r]).getAttribute(\"data-secret\"))||(t=Math.random().toString(36).substring(2,12),e.src+=\"#?secret=\"+t,e.setAttribute(\"data-secret\",t)),e.contentWindow.postMessage({message:\"ready\",secret:t},\"*\")},!1)))}(window,document);\n\/* ]]> *\/\n<\/script>\n","description":"Shkolla e gjuh\u00ebs serbe, pun\u00ebn do ta filloj\u00eb t\u00eb shtun\u00ebn m\u00eb 24 n\u00ebntor. M\u00ebsimi do t\u00eb mbahet n\u00eb Sht\u00ebpin\u00eb e Kultur\u00ebs n\u00eb Bujanoc dhe n\u00eb Shkoll\u00ebn e mesme Teknike n\u00eb Preshev\u00eb. Shkoll\u00ebn e gjuh\u00ebs serbe \u00a0do ta ndjekin pa pages\u00eb, 310 pjes\u00ebmarr\u00ebs, t\u00eb cil\u00ebt gjat\u00eb shtat\u00eb muajve t\u00eb ardh\u00ebsh\u00ebm, dy her\u00eb n\u00eb jav\u00eb, t\u00eb shtun\u00ebn dhe t\u00eb diel\u00ebn, m\u00ebsimin do ta zhvillojn\u00eb s\u00ebbashku me dy profesor\u00eb t\u00eb gjuh\u00ebs serbe dhe dy asistent\u00eb shqiptar\u00eb, t\u00eb cil\u00ebt pjes\u00ebmarr\u00ebsve do t&#39;u ndihmojn\u00eb \u00a0n\u00eb avancimin e njohjes s\u00eb gjuh\u00ebs serbe. N\u00eb fund, pjes\u00ebmarr\u00ebsit do t\u00eb pajisen me diplom\u00eb t\u00eb certifikuar."}