{"version":"1.0","provider_name":"Republika e S\u00ebrbis\u00eb Trupi Koordinues p\u00ebr komunat Bujanoc, Preshev\u00eb dhe Medvegj\u00eb","provider_url":"https:\/\/kt.gov.rs\/sq\/","author_name":"ktmin","author_url":"https:\/\/kt.gov.rs\/sq\/author\/ktmin\/","title":"N\u00cb JUG T\u00cb SERBIS\u00cb DUHET FONDI P\u00cbR ZHVILLIM - Republika e S\u00ebrbis\u00eb Trupi Koordinues p\u00ebr komunat Bujanoc, Preshev\u00eb dhe Medvegj\u00eb","type":"rich","width":600,"height":338,"html":"<blockquote class=\"wp-embedded-content\" data-secret=\"njS7EYCBeD\"><a href=\"https:\/\/kt.gov.rs\/sq\/ne-jug-te-serbise-duhet-fondi-per-zhvillim\/\">N\u00cb JUG T\u00cb SERBIS\u00cb DUHET FONDI P\u00cbR ZHVILLIM<\/a><\/blockquote><iframe sandbox=\"allow-scripts\" security=\"restricted\" src=\"https:\/\/kt.gov.rs\/sq\/ne-jug-te-serbise-duhet-fondi-per-zhvillim\/embed\/#?secret=njS7EYCBeD\" width=\"600\" height=\"338\" title=\"\u201cN\u00cb JUG T\u00cb SERBIS\u00cb DUHET FONDI P\u00cbR ZHVILLIM\u201d \u2014 Republika e S\u00ebrbis\u00eb Trupi Koordinues p\u00ebr komunat Bujanoc, Preshev\u00eb dhe Medvegj\u00eb\" data-secret=\"njS7EYCBeD\" frameborder=\"0\" marginwidth=\"0\" marginheight=\"0\" scrolling=\"no\" class=\"wp-embedded-content\"><\/iframe><script type=\"text\/javascript\">\n\/* <![CDATA[ *\/\n\/*! This file is auto-generated *\/\n!function(d,l){\"use strict\";l.querySelector&&d.addEventListener&&\"undefined\"!=typeof URL&&(d.wp=d.wp||{},d.wp.receiveEmbedMessage||(d.wp.receiveEmbedMessage=function(e){var t=e.data;if((t||t.secret||t.message||t.value)&&!\/[^a-zA-Z0-9]\/.test(t.secret)){for(var s,r,n,a=l.querySelectorAll('iframe[data-secret=\"'+t.secret+'\"]'),o=l.querySelectorAll('blockquote[data-secret=\"'+t.secret+'\"]'),c=new RegExp(\"^https?:$\",\"i\"),i=0;i<o.length;i++)o[i].style.display=\"none\";for(i=0;i<a.length;i++)s=a[i],e.source===s.contentWindow&&(s.removeAttribute(\"style\"),\"height\"===t.message?(1e3<(r=parseInt(t.value,10))?r=1e3:~~r<200&&(r=200),s.height=r):\"link\"===t.message&&(r=new URL(s.getAttribute(\"src\")),n=new URL(t.value),c.test(n.protocol))&&n.host===r.host&&l.activeElement===s&&(d.top.location.href=t.value))}},d.addEventListener(\"message\",d.wp.receiveEmbedMessage,!1),l.addEventListener(\"DOMContentLoaded\",function(){for(var e,t,s=l.querySelectorAll(\"iframe.wp-embedded-content\"),r=0;r<s.length;r++)(t=(e=s[r]).getAttribute(\"data-secret\"))||(t=Math.random().toString(36).substring(2,12),e.src+=\"#?secret=\"+t,e.setAttribute(\"data-secret\",t)),e.contentWindow.postMessage({message:\"ready\",secret:t},\"*\")},!1)))}(window,document);\n\/* ]]> *\/\n<\/script>\n","description":"Leskovc \u2013 N\u00eb jug t\u00eb S\u00ebrbis, rreth Leskovcit, Vranj\u00ebs, Preshev\u00ebs, Bujanocit dhe Medvegj\u00ebs m\u00eb v\u00ebshtir \u00ebsht\u00eb t\u00eb hapur vende t\u00eb pun\u00ebs. P\u00ebr at\u00eb jan\u00eb m\u00eb t\u00eb r\u00ebnd\u00ebsishme aktivitet p\u00ebr biznes n\u00eb rrethin e P\u00e7inj\u00ebs dhe Jabllanic\u00ebs , \u00ebsht\u00eb mir\u00eb q\u00eb t\u00eb ruhen vendet e pun\u00ebs dhe krijim e kushteve p\u00ebr vende t\u00eb reja t\u00eb pun\u00ebs. Me k\u00ebt\u00eb vler\u00ebsim, kryetari Od\u00ebs Ekonomike p\u00ebr Trekti Goran Joviq, theksoi p\u00ebr momentin pun\u00eb k\u00ebrkojn 65.000 persona, nd\u00ebrsa n\u00eb mardh\u00ebnje puna jan\u00eb 72.000 persona."}