{"version":"1.0","provider_name":"Republika e S\u00ebrbis\u00eb Trupi Koordinues p\u00ebr komunat Bujanoc, Preshev\u00eb dhe Medvegj\u00eb","provider_url":"https:\/\/kt.gov.rs\/sq\/","author_name":"ktmin","author_url":"https:\/\/kt.gov.rs\/sq\/author\/ktmin\/","title":"\u201eNE JEMI E GJITH BOTA\u201c N\u00cb BUJANOC - Republika e S\u00ebrbis\u00eb Trupi Koordinues p\u00ebr komunat Bujanoc, Preshev\u00eb dhe Medvegj\u00eb","type":"rich","width":600,"height":338,"html":"<blockquote class=\"wp-embedded-content\" data-secret=\"eba0zRsWtT\"><a href=\"https:\/\/kt.gov.rs\/sq\/ne-jemi-e-gjith-bota-ne-bujanoc\/\">\u201eNE JEMI E GJITH BOTA\u201c N\u00cb BUJANOC<\/a><\/blockquote><iframe sandbox=\"allow-scripts\" security=\"restricted\" src=\"https:\/\/kt.gov.rs\/sq\/ne-jemi-e-gjith-bota-ne-bujanoc\/embed\/#?secret=eba0zRsWtT\" width=\"600\" height=\"338\" title=\"\u201c\u201eNE JEMI E GJITH BOTA\u201c N\u00cb BUJANOC\u201d \u2014 Republika e S\u00ebrbis\u00eb Trupi Koordinues p\u00ebr komunat Bujanoc, Preshev\u00eb dhe Medvegj\u00eb\" data-secret=\"eba0zRsWtT\" frameborder=\"0\" marginwidth=\"0\" marginheight=\"0\" scrolling=\"no\" class=\"wp-embedded-content\"><\/iframe><script type=\"text\/javascript\">\n\/* <![CDATA[ *\/\n\/*! This file is auto-generated *\/\n!function(d,l){\"use strict\";l.querySelector&&d.addEventListener&&\"undefined\"!=typeof URL&&(d.wp=d.wp||{},d.wp.receiveEmbedMessage||(d.wp.receiveEmbedMessage=function(e){var t=e.data;if((t||t.secret||t.message||t.value)&&!\/[^a-zA-Z0-9]\/.test(t.secret)){for(var s,r,n,a=l.querySelectorAll('iframe[data-secret=\"'+t.secret+'\"]'),o=l.querySelectorAll('blockquote[data-secret=\"'+t.secret+'\"]'),c=new RegExp(\"^https?:$\",\"i\"),i=0;i<o.length;i++)o[i].style.display=\"none\";for(i=0;i<a.length;i++)s=a[i],e.source===s.contentWindow&&(s.removeAttribute(\"style\"),\"height\"===t.message?(1e3<(r=parseInt(t.value,10))?r=1e3:~~r<200&&(r=200),s.height=r):\"link\"===t.message&&(r=new URL(s.getAttribute(\"src\")),n=new URL(t.value),c.test(n.protocol))&&n.host===r.host&&l.activeElement===s&&(d.top.location.href=t.value))}},d.addEventListener(\"message\",d.wp.receiveEmbedMessage,!1),l.addEventListener(\"DOMContentLoaded\",function(){for(var e,t,s=l.querySelectorAll(\"iframe.wp-embedded-content\"),r=0;r<s.length;r++)(t=(e=s[r]).getAttribute(\"data-secret\"))||(t=Math.random().toString(36).substring(2,12),e.src+=\"#?secret=\"+t,e.setAttribute(\"data-secret\",t)),e.contentWindow.postMessage({message:\"ready\",secret:t},\"*\")},!1)))}(window,document);\n\/* ]]> *\/\n<\/script>\n","thumbnail_url":"https:\/\/kt.gov.rs\/wp-content\/uploads\/2024\/07\/newspic478-5.jpg","thumbnail_width":265,"thumbnail_height":200,"description":"Kat\u00ebrmb\u00ebdhjet\u00eb nx\u00ebn\u00ebs t\u00eb shkollave t\u00eb mesme, Shqip\u00ebtar\u00eb, Serb\u00eb dhe Rom\u00eb nga Bujanoci dhe Presheva t\u00eb m\u00ebrkur\u00ebn m\u00eb 08 dhjetor\u00eb n\u00eb sall\u00ebn e mbushur plot me shikues kan\u00eb treguar se nj\u00eb bot\u00eb tjet\u00ebr \u00ebsht\u00eb e mundur. Gjat\u00eb 90 minuta \u00e7faqjeje, k\u00ebta t\u00eb rinj\u00eb treguan se shoq\u00ebrimi, dashuria dhe toleranca bashkojn\u00eb dhe na b\u00ebjn\u00eb t\u00eb lumtur. Ata d\u00ebrguan mesazhin se shoq\u00ebrimi n\u00eb mes t\u00eb etniteteve, religjioneve, dallimeve gjuh\u00ebsore dhe prejardhjeve t\u00eb ndryshme kulturore \u00ebsht\u00eb i mundur dhe se kjo \u00ebsht\u00eb nj\u00eb lidhje kyqe p\u00ebr mar\u00ebdh\u00ebniet nd\u00ebretnike."}