{"version":"1.0","provider_name":"Republika e S\u00ebrbis\u00eb Trupi Koordinues p\u00ebr komunat Bujanoc, Preshev\u00eb dhe Medvegj\u00eb","provider_url":"https:\/\/kt.gov.rs\/sq\/","author_name":"ktmin","author_url":"https:\/\/kt.gov.rs\/sq\/author\/ktmin\/","title":"\u201cMEGAL\u201d EKSPORTOI 60% T\u00cb PRODHIMIT - Republika e S\u00ebrbis\u00eb Trupi Koordinues p\u00ebr komunat Bujanoc, Preshev\u00eb dhe Medvegj\u00eb","type":"rich","width":600,"height":338,"html":"<blockquote class=\"wp-embedded-content\" data-secret=\"pKrP88vupH\"><a href=\"https:\/\/kt.gov.rs\/sq\/megal-eksportoi-60-te-prodhimit\/\">\u201cMEGAL\u201d EKSPORTOI 60% T\u00cb PRODHIMIT<\/a><\/blockquote><iframe sandbox=\"allow-scripts\" security=\"restricted\" src=\"https:\/\/kt.gov.rs\/sq\/megal-eksportoi-60-te-prodhimit\/embed\/#?secret=pKrP88vupH\" width=\"600\" height=\"338\" title=\"\u201c\u201cMEGAL\u201d EKSPORTOI 60% T\u00cb PRODHIMIT\u201d \u2014 Republika e S\u00ebrbis\u00eb Trupi Koordinues p\u00ebr komunat Bujanoc, Preshev\u00eb dhe Medvegj\u00eb\" data-secret=\"pKrP88vupH\" frameborder=\"0\" marginwidth=\"0\" marginheight=\"0\" scrolling=\"no\" class=\"wp-embedded-content\"><\/iframe><script type=\"text\/javascript\">\n\/* <![CDATA[ *\/\n\/*! This file is auto-generated *\/\n!function(d,l){\"use strict\";l.querySelector&&d.addEventListener&&\"undefined\"!=typeof URL&&(d.wp=d.wp||{},d.wp.receiveEmbedMessage||(d.wp.receiveEmbedMessage=function(e){var t=e.data;if((t||t.secret||t.message||t.value)&&!\/[^a-zA-Z0-9]\/.test(t.secret)){for(var s,r,n,a=l.querySelectorAll('iframe[data-secret=\"'+t.secret+'\"]'),o=l.querySelectorAll('blockquote[data-secret=\"'+t.secret+'\"]'),c=new RegExp(\"^https?:$\",\"i\"),i=0;i<o.length;i++)o[i].style.display=\"none\";for(i=0;i<a.length;i++)s=a[i],e.source===s.contentWindow&&(s.removeAttribute(\"style\"),\"height\"===t.message?(1e3<(r=parseInt(t.value,10))?r=1e3:~~r<200&&(r=200),s.height=r):\"link\"===t.message&&(r=new URL(s.getAttribute(\"src\")),n=new URL(t.value),c.test(n.protocol))&&n.host===r.host&&l.activeElement===s&&(d.top.location.href=t.value))}},d.addEventListener(\"message\",d.wp.receiveEmbedMessage,!1),l.addEventListener(\"DOMContentLoaded\",function(){for(var e,t,s=l.querySelectorAll(\"iframe.wp-embedded-content\"),r=0;r<s.length;r++)(t=(e=s[r]).getAttribute(\"data-secret\"))||(t=Math.random().toString(36).substring(2,12),e.src+=\"#?secret=\"+t,e.setAttribute(\"data-secret\",t)),e.contentWindow.postMessage({message:\"ready\",secret:t},\"*\")},!1)))}(window,document);\n\/* ]]> *\/\n<\/script>\n","description":"Burimi: Blic \/ Nd\u00ebrrmarrja p\u00ebr prodhimin e pjes\u00ebve p\u00ebr nxemje (bojler\u00ebve) \u201cMegal\u201d nga Bujanoci, gjat\u00eb pes\u00eb dit\u00ebve t\u00eb fundit t\u00eb k\u00ebtij viti, n\u00eb p\u00ebrgjith\u00ebsi do t\u00eb plot\u00ebsoj\u00eb programin e prodhimit edhe p\u00ebr bler\u00ebsit n\u00eb vend edhe jasht\u00eb vendit dhe do t\u00eb transportoj\u00eb edhe sasin\u00eb e fundit t\u00eb\u00a0 kontraktuar t\u00eb bojler\u00ebve. \u201cMegal\u201d relativisht shpejt, u rim\u00ebk\u00ebmb me ndihm\u00ebn e kredit nga Fondi p\u00ebr zhvillim. P\u00ebr vitin 2013 \u00ebsht\u00eb planifikuar p\u00ebr 20%\u00a0 m\u00eb shum\u00eb prodhim."}