{"version":"1.0","provider_name":"Republika e S\u00ebrbis\u00eb Trupi Koordinues p\u00ebr komunat Bujanoc, Preshev\u00eb dhe Medvegj\u00eb","provider_url":"https:\/\/kt.gov.rs\/sq\/","author_name":"ktmin","author_url":"https:\/\/kt.gov.rs\/sq\/author\/ktmin\/","title":"MBROJTJA SH\u00cbNDET\u00cbSORE SHTES\u00cb P\u00cbR 861 BANOR\u00cb T\u00cb MEDVEGJ\u00cbS - Republika e S\u00ebrbis\u00eb Trupi Koordinues p\u00ebr komunat Bujanoc, Preshev\u00eb dhe Medvegj\u00eb","type":"rich","width":600,"height":338,"html":"<blockquote class=\"wp-embedded-content\" data-secret=\"CxNWLUh2zC\"><a href=\"https:\/\/kt.gov.rs\/sq\/mbrojtja-shendetesore-shtese-per-861-banore-te-medvegjes\/\">MBROJTJA SH\u00cbNDET\u00cbSORE SHTES\u00cb P\u00cbR 861 BANOR\u00cb T\u00cb MEDVEGJ\u00cbS<\/a><\/blockquote><iframe sandbox=\"allow-scripts\" security=\"restricted\" src=\"https:\/\/kt.gov.rs\/sq\/mbrojtja-shendetesore-shtese-per-861-banore-te-medvegjes\/embed\/#?secret=CxNWLUh2zC\" width=\"600\" height=\"338\" title=\"\u201cMBROJTJA SH\u00cbNDET\u00cbSORE SHTES\u00cb P\u00cbR 861 BANOR\u00cb T\u00cb MEDVEGJ\u00cbS\u201d \u2014 Republika e S\u00ebrbis\u00eb Trupi Koordinues p\u00ebr komunat Bujanoc, Preshev\u00eb dhe Medvegj\u00eb\" data-secret=\"CxNWLUh2zC\" frameborder=\"0\" marginwidth=\"0\" marginheight=\"0\" scrolling=\"no\" class=\"wp-embedded-content\"><\/iframe><script type=\"text\/javascript\">\n\/* <![CDATA[ *\/\n\/*! This file is auto-generated *\/\n!function(d,l){\"use strict\";l.querySelector&&d.addEventListener&&\"undefined\"!=typeof URL&&(d.wp=d.wp||{},d.wp.receiveEmbedMessage||(d.wp.receiveEmbedMessage=function(e){var t=e.data;if((t||t.secret||t.message||t.value)&&!\/[^a-zA-Z0-9]\/.test(t.secret)){for(var s,r,n,a=l.querySelectorAll('iframe[data-secret=\"'+t.secret+'\"]'),o=l.querySelectorAll('blockquote[data-secret=\"'+t.secret+'\"]'),c=new RegExp(\"^https?:$\",\"i\"),i=0;i<o.length;i++)o[i].style.display=\"none\";for(i=0;i<a.length;i++)s=a[i],e.source===s.contentWindow&&(s.removeAttribute(\"style\"),\"height\"===t.message?(1e3<(r=parseInt(t.value,10))?r=1e3:~~r<200&&(r=200),s.height=r):\"link\"===t.message&&(r=new URL(s.getAttribute(\"src\")),n=new URL(t.value),c.test(n.protocol))&&n.host===r.host&&l.activeElement===s&&(d.top.location.href=t.value))}},d.addEventListener(\"message\",d.wp.receiveEmbedMessage,!1),l.addEventListener(\"DOMContentLoaded\",function(){for(var e,t,s=l.querySelectorAll(\"iframe.wp-embedded-content\"),r=0;r<s.length;r++)(t=(e=s[r]).getAttribute(\"data-secret\"))||(t=Math.random().toString(36).substring(2,12),e.src+=\"#?secret=\"+t,e.setAttribute(\"data-secret\",t)),e.contentWindow.postMessage({message:\"ready\",secret:t},\"*\")},!1)))}(window,document);\n\/* ]]> *\/\n<\/script>\n","thumbnail_url":"https:\/\/kt.gov.rs\/wp-content\/uploads\/2024\/07\/pic093vesti-5.jpg","thumbnail_width":250,"thumbnail_height":166,"description":"Sht\u00ebpia e sh\u00ebndetit n\u00eb Medvegj\u00eb n\u00eb shtator\u00eb t\u00eb vitit 2009 ka konkuruar n\u00eb Trupin Koordinues p\u00ebr finansimin\u00a0 e projektit ,,Ndihma sh\u00ebndet\u00ebsore dhe p\u00ebrkujdesja e personave me nevoja t\u00eb posaqme e posaq\u00ebrisht t\u00eb grupeve m\u00eb t\u00eb ndjeshme t\u00eb banor\u00ebve\u201d n\u00eb suaza t\u00eb Programit p\u00ebr shp\u00ebrndarjen dhe shfryt\u00ebzimin e mjeteve p\u00ebr programet mbi p\u00ebrmir\u00ebsimin e gjendjes p\u00ebr m\u00eb t\u00eb rrezikuarit. Mjetet n\u00eb nj\u00eb sum\u00eb prej 1.356.500,00 dinar\u00ebsh u jan\u00eb lejuar dhe Medvegja n\u00eb dhjetor\u00eb t\u00eb vitit 2009 ka marr\u00eb nj\u00eb auto sanitar\u00eb me q\u00ebllim t\u00eb p\u00ebrmir\u00ebsimit t\u00eb mbrojtjes sh\u00ebndet\u00ebsore, p\u00ebrcjellja dhe dh\u00ebnia e ndihm\u00ebs shtes\u00eb posaq\u00ebrisht grupit t\u00eb popullat\u00ebs m\u00eb t\u00eb ndjeshme."}