{"version":"1.0","provider_name":"Republika e S\u00ebrbis\u00eb Trupi Koordinues p\u00ebr komunat Bujanoc, Preshev\u00eb dhe Medvegj\u00eb","provider_url":"https:\/\/kt.gov.rs\/sq\/","author_name":"ktmin","author_url":"https:\/\/kt.gov.rs\/sq\/author\/ktmin\/","title":"KURSI P\u00cbR M\u00cbSIMIN E GJUH\u00cbS SERBE - Republika e S\u00ebrbis\u00eb Trupi Koordinues p\u00ebr komunat Bujanoc, Preshev\u00eb dhe Medvegj\u00eb","type":"rich","width":600,"height":338,"html":"<blockquote class=\"wp-embedded-content\" data-secret=\"m9Ute7W4jn\"><a href=\"https:\/\/kt.gov.rs\/sq\/kursi-per-mesimin-e-gjuhes-serbe\/\">KURSI P\u00cbR M\u00cbSIMIN E GJUH\u00cbS SERBE<\/a><\/blockquote><iframe sandbox=\"allow-scripts\" security=\"restricted\" src=\"https:\/\/kt.gov.rs\/sq\/kursi-per-mesimin-e-gjuhes-serbe\/embed\/#?secret=m9Ute7W4jn\" width=\"600\" height=\"338\" title=\"\u201cKURSI P\u00cbR M\u00cbSIMIN E GJUH\u00cbS SERBE\u201d \u2014 Republika e S\u00ebrbis\u00eb Trupi Koordinues p\u00ebr komunat Bujanoc, Preshev\u00eb dhe Medvegj\u00eb\" data-secret=\"m9Ute7W4jn\" frameborder=\"0\" marginwidth=\"0\" marginheight=\"0\" scrolling=\"no\" class=\"wp-embedded-content\"><\/iframe><script type=\"text\/javascript\">\n\/* <![CDATA[ *\/\n\/*! This file is auto-generated *\/\n!function(d,l){\"use strict\";l.querySelector&&d.addEventListener&&\"undefined\"!=typeof URL&&(d.wp=d.wp||{},d.wp.receiveEmbedMessage||(d.wp.receiveEmbedMessage=function(e){var t=e.data;if((t||t.secret||t.message||t.value)&&!\/[^a-zA-Z0-9]\/.test(t.secret)){for(var s,r,n,a=l.querySelectorAll('iframe[data-secret=\"'+t.secret+'\"]'),o=l.querySelectorAll('blockquote[data-secret=\"'+t.secret+'\"]'),c=new RegExp(\"^https?:$\",\"i\"),i=0;i<o.length;i++)o[i].style.display=\"none\";for(i=0;i<a.length;i++)s=a[i],e.source===s.contentWindow&&(s.removeAttribute(\"style\"),\"height\"===t.message?(1e3<(r=parseInt(t.value,10))?r=1e3:~~r<200&&(r=200),s.height=r):\"link\"===t.message&&(r=new URL(s.getAttribute(\"src\")),n=new URL(t.value),c.test(n.protocol))&&n.host===r.host&&l.activeElement===s&&(d.top.location.href=t.value))}},d.addEventListener(\"message\",d.wp.receiveEmbedMessage,!1),l.addEventListener(\"DOMContentLoaded\",function(){for(var e,t,s=l.querySelectorAll(\"iframe.wp-embedded-content\"),r=0;r<s.length;r++)(t=(e=s[r]).getAttribute(\"data-secret\"))||(t=Math.random().toString(36).substring(2,12),e.src+=\"#?secret=\"+t,e.setAttribute(\"data-secret\",t)),e.contentWindow.postMessage({message:\"ready\",secret:t},\"*\")},!1)))}(window,document);\n\/* ]]> *\/\n<\/script>\n","thumbnail_url":"https:\/\/kt.gov.rs\/wp-content\/uploads\/2024\/07\/newspic502-5.jpg","thumbnail_width":265,"thumbnail_height":200,"description":"\u201eInternational Human \u0421enter\u201c nga Presheva organizon kurs t\u00eb gjuh\u00ebs serbe p\u00ebr nx\u00ebn\u00ebsit e shkollave t\u00eb mesme n\u00eb territorin e komunave t\u00eb Preshev\u00ebs. Ata 90, t\u00eb ndar\u00eb n\u00eb dy grupe nga 45 pjesmarr\u00ebs ndjekin kursin \u00e7do vikend prej muajit shkurt deri n\u00eb prill. M\u00ebsimi mbahet n\u00eb hap\u00ebsirat e sht\u00ebpis s\u00eb kultur\u00ebs ,,Abdulla Krashnica\u2019\u2019. Pas mbarimit t\u00eb m\u00ebsimit t\u00eb gjith\u00eb pjesmarr\u00ebsve t\u00eb kursit do ti ndahen \u00e7ertifikata. Numri I madh I t\u00eb rinj\u00ebve shqiptar t\u00eb interesuar p\u00ebr m\u00ebsimin e gjuh\u00ebs serbe arsyeton faktin e organizimit t\u00eb k\u00ebtij kursi. N\u00eb t\u00eb nj\u00ebjt\u00ebn koh\u00eb \u00ebsht\u00eb edhe tregues I d\u00ebshir\u00ebs p\u00ebr integrim n\u00eb rrjedhat sociale."}