{"version":"1.0","provider_name":"Republika e S\u00ebrbis\u00eb Trupi Koordinues p\u00ebr komunat Bujanoc, Preshev\u00eb dhe Medvegj\u00eb","provider_url":"https:\/\/kt.gov.rs\/sq\/","author_name":"ktmin","author_url":"https:\/\/kt.gov.rs\/sq\/author\/ktmin\/","title":"KRYMINISTRI MIRKO CVETKOVIQ HAPI FAKULTETIN N\u00cb MEDVEGJ\u00cb - Republika e S\u00ebrbis\u00eb Trupi Koordinues p\u00ebr komunat Bujanoc, Preshev\u00eb dhe Medvegj\u00eb","type":"rich","width":600,"height":338,"html":"<blockquote class=\"wp-embedded-content\" data-secret=\"oEB2vaswEa\"><a href=\"https:\/\/kt.gov.rs\/sq\/kryministri-mirko-cvetkoviq-hapi-fakultetin-ne-medvegje\/\">KRYMINISTRI MIRKO CVETKOVIQ HAPI FAKULTETIN N\u00cb MEDVEGJ\u00cb<\/a><\/blockquote><iframe sandbox=\"allow-scripts\" security=\"restricted\" src=\"https:\/\/kt.gov.rs\/sq\/kryministri-mirko-cvetkoviq-hapi-fakultetin-ne-medvegje\/embed\/#?secret=oEB2vaswEa\" width=\"600\" height=\"338\" title=\"\u201cKRYMINISTRI MIRKO CVETKOVIQ HAPI FAKULTETIN N\u00cb MEDVEGJ\u00cb\u201d \u2014 Republika e S\u00ebrbis\u00eb Trupi Koordinues p\u00ebr komunat Bujanoc, Preshev\u00eb dhe Medvegj\u00eb\" data-secret=\"oEB2vaswEa\" frameborder=\"0\" marginwidth=\"0\" marginheight=\"0\" scrolling=\"no\" class=\"wp-embedded-content\"><\/iframe><script type=\"text\/javascript\">\n\/* <![CDATA[ *\/\n\/*! This file is auto-generated *\/\n!function(d,l){\"use strict\";l.querySelector&&d.addEventListener&&\"undefined\"!=typeof URL&&(d.wp=d.wp||{},d.wp.receiveEmbedMessage||(d.wp.receiveEmbedMessage=function(e){var t=e.data;if((t||t.secret||t.message||t.value)&&!\/[^a-zA-Z0-9]\/.test(t.secret)){for(var s,r,n,a=l.querySelectorAll('iframe[data-secret=\"'+t.secret+'\"]'),o=l.querySelectorAll('blockquote[data-secret=\"'+t.secret+'\"]'),c=new RegExp(\"^https?:$\",\"i\"),i=0;i<o.length;i++)o[i].style.display=\"none\";for(i=0;i<a.length;i++)s=a[i],e.source===s.contentWindow&&(s.removeAttribute(\"style\"),\"height\"===t.message?(1e3<(r=parseInt(t.value,10))?r=1e3:~~r<200&&(r=200),s.height=r):\"link\"===t.message&&(r=new URL(s.getAttribute(\"src\")),n=new URL(t.value),c.test(n.protocol))&&n.host===r.host&&l.activeElement===s&&(d.top.location.href=t.value))}},d.addEventListener(\"message\",d.wp.receiveEmbedMessage,!1),l.addEventListener(\"DOMContentLoaded\",function(){for(var e,t,s=l.querySelectorAll(\"iframe.wp-embedded-content\"),r=0;r<s.length;r++)(t=(e=s[r]).getAttribute(\"data-secret\"))||(t=Math.random().toString(36).substring(2,12),e.src+=\"#?secret=\"+t,e.setAttribute(\"data-secret\",t)),e.contentWindow.postMessage({message:\"ready\",secret:t},\"*\")},!1)))}(window,document);\n\/* ]]> *\/\n<\/script>\n","thumbnail_url":"https:\/\/kt.gov.rs\/wp-content\/uploads\/2024\/07\/pic052vesti-5.jpg","thumbnail_width":250,"thumbnail_height":180,"description":"Kryeministri i Serbis\u00eb Mirko Cvetkoviq, n\u00eb pranin\u00eb e Kryetarit t\u00eb Trupit Koordinues p\u00ebr komunat Preshev\u00eb, Bujanoc dhe Medvegj\u00eb e nj\u00ebherit edhe minist\u00ebr i pushtetit lokal dhe vet\u00ebqeverisjes lokale Milan Markoviq, ministrit t\u00eb arsimit Zharko Obradoviq, z\u00ebvend\u00ebsambasadorit t\u00eb SHBA-s\u00eb Troy Peterson, ambasadorit t\u00eb OSBE-s\u00eb Dimitros Kipreos, p\u00ebrfaq\u00ebsuesit t\u00eb ambasad\u00ebs Greke, Austriake dhe Franceze, prorektorit, dekanit dhe profesor\u00ebve t\u00eb Univerzitetit t\u00eb Nishit, p\u00ebrfaq\u00ebsuesve t\u00eb regjioneve, komunave dhe qyteteve nga Serbia jugore dhe student\u00ebve, m\u00eb 12 tetor\u00eb n\u00eb Medvegj\u00eb hapi paralelen e ndar\u00eb t\u00eb fakultetit Ekonomik dhe Juridik t\u00eb Univerzitetit t\u00eb Nishit, n\u00eb t\u00eb cilin do t\u00eb vijojn\u00eb m\u00ebsimin student\u00ebt Shqip\u00ebtar\u00eb dhe Serb\u00eb n\u00eb gjuh\u00ebn e tyre amtare."}