{"version":"1.0","provider_name":"Republika e S\u00ebrbis\u00eb Trupi Koordinues p\u00ebr komunat Bujanoc, Preshev\u00eb dhe Medvegj\u00eb","provider_url":"https:\/\/kt.gov.rs\/sq\/","author_name":"ktmin","author_url":"https:\/\/kt.gov.rs\/sq\/author\/ktmin\/","title":"KOMUNIKAT\u00cb P\u00cbR MEDIA 27.05.2010. - Republika e S\u00ebrbis\u00eb Trupi Koordinues p\u00ebr komunat Bujanoc, Preshev\u00eb dhe Medvegj\u00eb","type":"rich","width":600,"height":338,"html":"<blockquote class=\"wp-embedded-content\" data-secret=\"iVa6clRpI8\"><a href=\"https:\/\/kt.gov.rs\/sq\/komunikate-per-media-27-05-2010\/\">KOMUNIKAT\u00cb P\u00cbR MEDIA 27.05.2010.<\/a><\/blockquote><iframe sandbox=\"allow-scripts\" security=\"restricted\" src=\"https:\/\/kt.gov.rs\/sq\/komunikate-per-media-27-05-2010\/embed\/#?secret=iVa6clRpI8\" width=\"600\" height=\"338\" title=\"\u201cKOMUNIKAT\u00cb P\u00cbR MEDIA 27.05.2010.\u201d \u2014 Republika e S\u00ebrbis\u00eb Trupi Koordinues p\u00ebr komunat Bujanoc, Preshev\u00eb dhe Medvegj\u00eb\" data-secret=\"iVa6clRpI8\" frameborder=\"0\" marginwidth=\"0\" marginheight=\"0\" scrolling=\"no\" class=\"wp-embedded-content\"><\/iframe><script type=\"text\/javascript\">\n\/* <![CDATA[ *\/\n\/*! This file is auto-generated *\/\n!function(d,l){\"use strict\";l.querySelector&&d.addEventListener&&\"undefined\"!=typeof URL&&(d.wp=d.wp||{},d.wp.receiveEmbedMessage||(d.wp.receiveEmbedMessage=function(e){var t=e.data;if((t||t.secret||t.message||t.value)&&!\/[^a-zA-Z0-9]\/.test(t.secret)){for(var s,r,n,a=l.querySelectorAll('iframe[data-secret=\"'+t.secret+'\"]'),o=l.querySelectorAll('blockquote[data-secret=\"'+t.secret+'\"]'),c=new RegExp(\"^https?:$\",\"i\"),i=0;i<o.length;i++)o[i].style.display=\"none\";for(i=0;i<a.length;i++)s=a[i],e.source===s.contentWindow&&(s.removeAttribute(\"style\"),\"height\"===t.message?(1e3<(r=parseInt(t.value,10))?r=1e3:~~r<200&&(r=200),s.height=r):\"link\"===t.message&&(r=new URL(s.getAttribute(\"src\")),n=new URL(t.value),c.test(n.protocol))&&n.host===r.host&&l.activeElement===s&&(d.top.location.href=t.value))}},d.addEventListener(\"message\",d.wp.receiveEmbedMessage,!1),l.addEventListener(\"DOMContentLoaded\",function(){for(var e,t,s=l.querySelectorAll(\"iframe.wp-embedded-content\"),r=0;r<s.length;r++)(t=(e=s[r]).getAttribute(\"data-secret\"))||(t=Math.random().toString(36).substring(2,12),e.src+=\"#?secret=\"+t,e.setAttribute(\"data-secret\",t)),e.contentWindow.postMessage({message:\"ready\",secret:t},\"*\")},!1)))}(window,document);\n\/* ]]> *\/\n<\/script>\n","description":"Kryetari i Trupit koordinues t\u00eb Qeveris\u00eb s\u00eb Republik\u00ebs s\u00eb Serbis\u00eb p\u00ebr komunat Preshev\u00eb, Bujnaoc dhe Medvegj\u00eb, ministri Milan Markoviq n\u00eb Bujanoc Ministri Milan Markoviq t\u00eb premten m\u00eb 28 maj do t\u00eb vizitoj Bujanocin. Si kryetar\u00eb i Trupit koordinues p\u00ebr Serbin\u00eb jugore, s\u00eb pari do t\u00eb vizitoj\u00eb fshatin Levosov\u00eb. Do t\u00eb bisedoj\u00eb me kooperativist\u00ebt\u00a0 t\u00eb kooperativ\u00ebs bujq\u00ebsore ,,Jug Levosoje\u2019\u2019 t\u00eb cil\u00ebn e finanson Trupi koordinues p\u00ebr mbjelljet pranverore. Pas k\u00ebsaj ministri Markoviq do t\u00eb vizitoj shkoll\u00ebn fillore ,,Vuk Karaxhiq\u2019\u2019e cila ndihmohet nga ministria e pushtetit lokal dhe vet\u00ebqeverisjes lokale n\u00eb p\u00ebrpilimin e projektit n\u00eb nd\u00ebrtimin e sall\u00ebs s\u00eb edukat\u00ebs fizike."}