{"version":"1.0","provider_name":"Republika e S\u00ebrbis\u00eb Trupi Koordinues p\u00ebr komunat Bujanoc, Preshev\u00eb dhe Medvegj\u00eb","provider_url":"https:\/\/kt.gov.rs\/sq\/","author_name":"ktmin","author_url":"https:\/\/kt.gov.rs\/sq\/author\/ktmin\/","title":"JAVA E F\u00cbMIJ\u00cbVE N\u00cb BUJANOC - Republika e S\u00ebrbis\u00eb Trupi Koordinues p\u00ebr komunat Bujanoc, Preshev\u00eb dhe Medvegj\u00eb","type":"rich","width":600,"height":338,"html":"<blockquote class=\"wp-embedded-content\" data-secret=\"uD96LnIoWe\"><a href=\"https:\/\/kt.gov.rs\/sq\/java-e-femijeve-ne-bujanoc\/\">JAVA E F\u00cbMIJ\u00cbVE N\u00cb BUJANOC<\/a><\/blockquote><iframe sandbox=\"allow-scripts\" security=\"restricted\" src=\"https:\/\/kt.gov.rs\/sq\/java-e-femijeve-ne-bujanoc\/embed\/#?secret=uD96LnIoWe\" width=\"600\" height=\"338\" title=\"\u201cJAVA E F\u00cbMIJ\u00cbVE N\u00cb BUJANOC\u201d \u2014 Republika e S\u00ebrbis\u00eb Trupi Koordinues p\u00ebr komunat Bujanoc, Preshev\u00eb dhe Medvegj\u00eb\" data-secret=\"uD96LnIoWe\" frameborder=\"0\" marginwidth=\"0\" marginheight=\"0\" scrolling=\"no\" class=\"wp-embedded-content\"><\/iframe><script type=\"text\/javascript\">\n\/* <![CDATA[ *\/\n\/*! This file is auto-generated *\/\n!function(d,l){\"use strict\";l.querySelector&&d.addEventListener&&\"undefined\"!=typeof URL&&(d.wp=d.wp||{},d.wp.receiveEmbedMessage||(d.wp.receiveEmbedMessage=function(e){var t=e.data;if((t||t.secret||t.message||t.value)&&!\/[^a-zA-Z0-9]\/.test(t.secret)){for(var s,r,n,a=l.querySelectorAll('iframe[data-secret=\"'+t.secret+'\"]'),o=l.querySelectorAll('blockquote[data-secret=\"'+t.secret+'\"]'),c=new RegExp(\"^https?:$\",\"i\"),i=0;i<o.length;i++)o[i].style.display=\"none\";for(i=0;i<a.length;i++)s=a[i],e.source===s.contentWindow&&(s.removeAttribute(\"style\"),\"height\"===t.message?(1e3<(r=parseInt(t.value,10))?r=1e3:~~r<200&&(r=200),s.height=r):\"link\"===t.message&&(r=new URL(s.getAttribute(\"src\")),n=new URL(t.value),c.test(n.protocol))&&n.host===r.host&&l.activeElement===s&&(d.top.location.href=t.value))}},d.addEventListener(\"message\",d.wp.receiveEmbedMessage,!1),l.addEventListener(\"DOMContentLoaded\",function(){for(var e,t,s=l.querySelectorAll(\"iframe.wp-embedded-content\"),r=0;r<s.length;r++)(t=(e=s[r]).getAttribute(\"data-secret\"))||(t=Math.random().toString(36).substring(2,12),e.src+=\"#?secret=\"+t,e.setAttribute(\"data-secret\",t)),e.contentWindow.postMessage({message:\"ready\",secret:t},\"*\")},!1)))}(window,document);\n\/* ]]> *\/\n<\/script>\n","thumbnail_url":"https:\/\/kt.gov.rs\/wp-content\/uploads\/2024\/07\/1665049597_061022_3-3.jpg","thumbnail_width":315,"thumbnail_height":230,"description":"Bujanoc \u2013 Beograd\u00a0-\u00a0F\u00ebmij\u00ebt e\u00a0entit parashkollor\u00a0\u201cG\u00ebzimi yn\u00eb\u201d, dhe paralelet e ketij institucioni ne shkollen &quot;Naim Frasheri&quot; n\u00eb Bujanoc, n\u00eb dit\u00ebn e dyt\u00eb t\u00eb Jav\u00ebs s\u00eb F\u00ebmij\u00ebve, vizituan bibliotek\u00ebn e qytetit \u201c14. N\u00ebntori\u201d, nd\u00ebrsa parashkollor\u00ebt n\u00eb shkoll\u00ebn fillore \u201cBranko Radi\u00e7eviq\u201d n\u00eb Bujanoc m\u00ebsuan p\u00ebr miq\u00ebsin\u00eb dhe solidaritetin nga shok\u00ebt e tyre m\u00eb t\u00eb m\u00ebdhenj t\u00eb shkoll\u00ebs."}