{"version":"1.0","provider_name":"Republika e S\u00ebrbis\u00eb Trupi Koordinues p\u00ebr komunat Bujanoc, Preshev\u00eb dhe Medvegj\u00eb","provider_url":"https:\/\/kt.gov.rs\/sq\/","author_name":"ktmin","author_url":"https:\/\/kt.gov.rs\/sq\/author\/ktmin\/","title":"INTERKULTURALIZMI DHE ZBATIMI I PRAKTIK\u00cbS S\u00cb MIR\u00cb - Republika e S\u00ebrbis\u00eb Trupi Koordinues p\u00ebr komunat Bujanoc, Preshev\u00eb dhe Medvegj\u00eb","type":"rich","width":600,"height":338,"html":"<blockquote class=\"wp-embedded-content\" data-secret=\"vMY2PPpqfL\"><a href=\"https:\/\/kt.gov.rs\/sq\/interkulturalizmi-dhe-zbatimi-i-praktikes-se-mire\/\">INTERKULTURALIZMI DHE ZBATIMI I PRAKTIK\u00cbS S\u00cb MIR\u00cb<\/a><\/blockquote><iframe sandbox=\"allow-scripts\" security=\"restricted\" src=\"https:\/\/kt.gov.rs\/sq\/interkulturalizmi-dhe-zbatimi-i-praktikes-se-mire\/embed\/#?secret=vMY2PPpqfL\" width=\"600\" height=\"338\" title=\"\u201cINTERKULTURALIZMI DHE ZBATIMI I PRAKTIK\u00cbS S\u00cb MIR\u00cb\u201d \u2014 Republika e S\u00ebrbis\u00eb Trupi Koordinues p\u00ebr komunat Bujanoc, Preshev\u00eb dhe Medvegj\u00eb\" data-secret=\"vMY2PPpqfL\" frameborder=\"0\" marginwidth=\"0\" marginheight=\"0\" scrolling=\"no\" class=\"wp-embedded-content\"><\/iframe><script type=\"text\/javascript\">\n\/* <![CDATA[ *\/\n\/*! This file is auto-generated *\/\n!function(d,l){\"use strict\";l.querySelector&&d.addEventListener&&\"undefined\"!=typeof URL&&(d.wp=d.wp||{},d.wp.receiveEmbedMessage||(d.wp.receiveEmbedMessage=function(e){var t=e.data;if((t||t.secret||t.message||t.value)&&!\/[^a-zA-Z0-9]\/.test(t.secret)){for(var s,r,n,a=l.querySelectorAll('iframe[data-secret=\"'+t.secret+'\"]'),o=l.querySelectorAll('blockquote[data-secret=\"'+t.secret+'\"]'),c=new RegExp(\"^https?:$\",\"i\"),i=0;i<o.length;i++)o[i].style.display=\"none\";for(i=0;i<a.length;i++)s=a[i],e.source===s.contentWindow&&(s.removeAttribute(\"style\"),\"height\"===t.message?(1e3<(r=parseInt(t.value,10))?r=1e3:~~r<200&&(r=200),s.height=r):\"link\"===t.message&&(r=new URL(s.getAttribute(\"src\")),n=new URL(t.value),c.test(n.protocol))&&n.host===r.host&&l.activeElement===s&&(d.top.location.href=t.value))}},d.addEventListener(\"message\",d.wp.receiveEmbedMessage,!1),l.addEventListener(\"DOMContentLoaded\",function(){for(var e,t,s=l.querySelectorAll(\"iframe.wp-embedded-content\"),r=0;r<s.length;r++)(t=(e=s[r]).getAttribute(\"data-secret\"))||(t=Math.random().toString(36).substring(2,12),e.src+=\"#?secret=\"+t,e.setAttribute(\"data-secret\",t)),e.contentWindow.postMessage({message:\"ready\",secret:t},\"*\")},!1)))}(window,document);\n\/* ]]> *\/\n<\/script>\n","thumbnail_url":"https:\/\/kt.gov.rs\/wp-content\/uploads\/2024\/07\/1655194120_140622_2-3.jpg","thumbnail_width":640,"thumbnail_height":248,"description":"Bujanoc \u2013 Beograd \u2013\u00a0N\u00eb kuad\u00ebr t\u00eb projektit \u201cQyteti yn\u00eb, shkolla jon\u00eb\u201d, \u00ebsht\u00eb realizuar vizita studimore shk\u00ebmbyese e tri shkollave nga Novi Sadi n\u00eb shkollat \u200b\u200be Bujanocit. Me at\u00eb rast u mbajt\u00ebn promovime t\u00eb aktiviteteve nd\u00ebrkulturore t\u00eb shkollave, pasuar nga vizita n\u00eb klasa t\u00eb p\u00ebrzgjedhura si shembuj t\u00eb praktik\u00ebs s\u00eb mir\u00eb n\u00eb edukimin nd\u00ebrkulturor."}