{"version":"1.0","provider_name":"Republika e S\u00ebrbis\u00eb Trupi Koordinues p\u00ebr komunat Bujanoc, Preshev\u00eb dhe Medvegj\u00eb","provider_url":"https:\/\/kt.gov.rs\/sq\/","author_name":"ktmin","author_url":"https:\/\/kt.gov.rs\/sq\/author\/ktmin\/","title":"IDE PER BIZNES PERSONAL - Republika e S\u00ebrbis\u00eb Trupi Koordinues p\u00ebr komunat Bujanoc, Preshev\u00eb dhe Medvegj\u00eb","type":"rich","width":600,"height":338,"html":"<blockquote class=\"wp-embedded-content\" data-secret=\"ncVZ2rTM5h\"><a href=\"https:\/\/kt.gov.rs\/sq\/ide-per-biznes-personal\/\">IDE PER BIZNES PERSONAL<\/a><\/blockquote><iframe sandbox=\"allow-scripts\" security=\"restricted\" src=\"https:\/\/kt.gov.rs\/sq\/ide-per-biznes-personal\/embed\/#?secret=ncVZ2rTM5h\" width=\"600\" height=\"338\" title=\"\u201cIDE PER BIZNES PERSONAL\u201d \u2014 Republika e S\u00ebrbis\u00eb Trupi Koordinues p\u00ebr komunat Bujanoc, Preshev\u00eb dhe Medvegj\u00eb\" data-secret=\"ncVZ2rTM5h\" frameborder=\"0\" marginwidth=\"0\" marginheight=\"0\" scrolling=\"no\" class=\"wp-embedded-content\"><\/iframe><script type=\"text\/javascript\">\n\/* <![CDATA[ *\/\n\/*! This file is auto-generated *\/\n!function(d,l){\"use strict\";l.querySelector&&d.addEventListener&&\"undefined\"!=typeof URL&&(d.wp=d.wp||{},d.wp.receiveEmbedMessage||(d.wp.receiveEmbedMessage=function(e){var t=e.data;if((t||t.secret||t.message||t.value)&&!\/[^a-zA-Z0-9]\/.test(t.secret)){for(var s,r,n,a=l.querySelectorAll('iframe[data-secret=\"'+t.secret+'\"]'),o=l.querySelectorAll('blockquote[data-secret=\"'+t.secret+'\"]'),c=new RegExp(\"^https?:$\",\"i\"),i=0;i<o.length;i++)o[i].style.display=\"none\";for(i=0;i<a.length;i++)s=a[i],e.source===s.contentWindow&&(s.removeAttribute(\"style\"),\"height\"===t.message?(1e3<(r=parseInt(t.value,10))?r=1e3:~~r<200&&(r=200),s.height=r):\"link\"===t.message&&(r=new URL(s.getAttribute(\"src\")),n=new URL(t.value),c.test(n.protocol))&&n.host===r.host&&l.activeElement===s&&(d.top.location.href=t.value))}},d.addEventListener(\"message\",d.wp.receiveEmbedMessage,!1),l.addEventListener(\"DOMContentLoaded\",function(){for(var e,t,s=l.querySelectorAll(\"iframe.wp-embedded-content\"),r=0;r<s.length;r++)(t=(e=s[r]).getAttribute(\"data-secret\"))||(t=Math.random().toString(36).substring(2,12),e.src+=\"#?secret=\"+t,e.setAttribute(\"data-secret\",t)),e.contentWindow.postMessage({message:\"ready\",secret:t},\"*\")},!1)))}(window,document);\n\/* ]]> *\/\n<\/script>\n","thumbnail_url":"https:\/\/kt.gov.rs\/wp-content\/uploads\/2024\/07\/newspic500-5.jpg","thumbnail_width":265,"thumbnail_height":200,"description":"Trupi Koordinues e ka mb\u00ebshtetur projektin \u201c Hapa t\u00eb vegj\u00ebl p\u00ebr njerz t\u00eb m\u00ebdhenj\u201d t\u00eb qendr\u00ebs Rome p\u00ebr demokraci nga Bujanoci. Projekti p\u00ebrfshin 40 nx\u00ebnes t\u00eb shkollave t\u00eb mesme dhe t\u00eb rinj\u00eb t\u00eb pa pun\u00eb nga teritori i komun\u00ebs s\u00eb Bujanocit dhe Preshev\u00ebs, p\u00ebr t\u00eb cil\u00ebt jan\u00eb organizuar trajnime\u00a0 rreth sip\u00ebrmarjeve dhe fillimin e biznesit privat.Trajnimet i kan\u00eb udh\u00ebhequr trajnues me p\u00ebrvoj\u00eb t\u00eb Biznis qendr\u00ebs inkubator, q\u00eb nj\u00ebherit \u00ebsht\u00eb edhe\u00a0 partner n\u00eb projekt. P\u00ebr mes pun\u00ebtorive dhe ligjeratave, kjo grup\u00eb e t\u00eb rinj\u00ebve \u00ebsht\u00eb njohur me konceptin baz\u00eb p\u00ebr fillimin e biznesit t\u00eb tyre fillestar, kan\u00eb arritur t\u00eb zot\u00ebrojn\u00eb mjeshtrin e t\u00eb shkruarit t\u00eb planeve t\u00eb biznesit, u aft\u00ebsuan n\u00eb trajnimet p\u00ebr menaxhment, markenting dhe p\u00ebr shitje."}