{"version":"1.0","provider_name":"Republika e S\u00ebrbis\u00eb Trupi Koordinues p\u00ebr komunat Bujanoc, Preshev\u00eb dhe Medvegj\u00eb","provider_url":"https:\/\/kt.gov.rs\/sq\/","author_name":"ktmin","author_url":"https:\/\/kt.gov.rs\/sq\/author\/ktmin\/","title":"\u00cbSHT\u00cb HAPUR SHKOLLA LIDER\u00cbT E RI - Republika e S\u00ebrbis\u00eb Trupi Koordinues p\u00ebr komunat Bujanoc, Preshev\u00eb dhe Medvegj\u00eb","type":"rich","width":600,"height":338,"html":"<blockquote class=\"wp-embedded-content\" data-secret=\"GiJrMQ1fKk\"><a href=\"https:\/\/kt.gov.rs\/sq\/eshte-hapur-shkolla-lideret-e-ri\/\">\u00cbSHT\u00cb HAPUR SHKOLLA LIDER\u00cbT E RI<\/a><\/blockquote><iframe sandbox=\"allow-scripts\" security=\"restricted\" src=\"https:\/\/kt.gov.rs\/sq\/eshte-hapur-shkolla-lideret-e-ri\/embed\/#?secret=GiJrMQ1fKk\" width=\"600\" height=\"338\" title=\"\u201c\u00cbSHT\u00cb HAPUR SHKOLLA LIDER\u00cbT E RI\u201d \u2014 Republika e S\u00ebrbis\u00eb Trupi Koordinues p\u00ebr komunat Bujanoc, Preshev\u00eb dhe Medvegj\u00eb\" data-secret=\"GiJrMQ1fKk\" frameborder=\"0\" marginwidth=\"0\" marginheight=\"0\" scrolling=\"no\" class=\"wp-embedded-content\"><\/iframe><script type=\"text\/javascript\">\n\/* <![CDATA[ *\/\n\/*! This file is auto-generated *\/\n!function(d,l){\"use strict\";l.querySelector&&d.addEventListener&&\"undefined\"!=typeof URL&&(d.wp=d.wp||{},d.wp.receiveEmbedMessage||(d.wp.receiveEmbedMessage=function(e){var t=e.data;if((t||t.secret||t.message||t.value)&&!\/[^a-zA-Z0-9]\/.test(t.secret)){for(var s,r,n,a=l.querySelectorAll('iframe[data-secret=\"'+t.secret+'\"]'),o=l.querySelectorAll('blockquote[data-secret=\"'+t.secret+'\"]'),c=new RegExp(\"^https?:$\",\"i\"),i=0;i<o.length;i++)o[i].style.display=\"none\";for(i=0;i<a.length;i++)s=a[i],e.source===s.contentWindow&&(s.removeAttribute(\"style\"),\"height\"===t.message?(1e3<(r=parseInt(t.value,10))?r=1e3:~~r<200&&(r=200),s.height=r):\"link\"===t.message&&(r=new URL(s.getAttribute(\"src\")),n=new URL(t.value),c.test(n.protocol))&&n.host===r.host&&l.activeElement===s&&(d.top.location.href=t.value))}},d.addEventListener(\"message\",d.wp.receiveEmbedMessage,!1),l.addEventListener(\"DOMContentLoaded\",function(){for(var e,t,s=l.querySelectorAll(\"iframe.wp-embedded-content\"),r=0;r<s.length;r++)(t=(e=s[r]).getAttribute(\"data-secret\"))||(t=Math.random().toString(36).substring(2,12),e.src+=\"#?secret=\"+t,e.setAttribute(\"data-secret\",t)),e.contentWindow.postMessage({message:\"ready\",secret:t},\"*\")},!1)))}(window,document);\n\/* ]]> *\/\n<\/script>\n","description":"Preshev\u00eb - Organizata joqeveritare\u00a0 &quot; Iniciativa e t\u00eb rinj\u00ebve p\u00ebr drejtat e njeriut&quot; ka hapur shkoll\u00ebn n\u00eb Preshev, t\u00eb cil\u00ebt liderat e rinj\u00eb nga jugu i S\u00ebrbis t\u00eb arrijn\u00eb dituri dhe aft\u00ebsi t\u00eb mjaftueshme p\u00ebr p\u00ebrmisimin e jet\u00ebs n\u00eb mesin e tyre. N\u00eb &quot;Shkoll\u00ebn lider\u00ebt e ri&quot;\u00a0 e cila ka p\u00ebr q\u00ebllim maturant\u00ebt e shkoll\u00ebs s\u00eb mesme t\u00eb Preshev\u00ebs dhe Bujanocit, n\u00eb k\u00ebt\u00eb shkoll\u00eb do t\u00eb m\u00ebsojn p\u00ebr drejtat e njeriut dhe pakicave, teorin shtetrore demokratike, integrimet europjane dhe ndikimi i s\u00eb kaluar\u00ebs t\u00eb af\u00ebrme n\u00eb situata politike ne Ballkan. T\u00eb rinj\u00ebt e k\u00ebtyre dy komunave, ata 30-t\u00eb n\u00eb shkoll\u00eb do t\u00eb m\u00ebsojn bindjen n\u00eb themelimin publik, shkrimet akademike dhe analitike dhe praktikat primare t\u00eb politik\u00ebs. Student\u00ebt e diplomuar n\u00eb &quot;Shkoll\u00ebn lider\u00ebt e ri&quot; do t\u00eb marrin ndima finansiare p\u00ebr realizimin e ideve t\u00eb tyre, t\u00eb cilat do t\u00eb kontribojn n\u00eb p\u00ebrmisimin e t\u00eb rinj\u00ebve n\u00eb qytetin e vet."}