{"version":"1.0","provider_name":"Republika e S\u00ebrbis\u00eb Trupi Koordinues p\u00ebr komunat Bujanoc, Preshev\u00eb dhe Medvegj\u00eb","provider_url":"https:\/\/kt.gov.rs\/sq\/","author_name":"ktmin","author_url":"https:\/\/kt.gov.rs\/sq\/author\/ktmin\/","title":"EKSTET SHKOLLORE P\u00cbR FAKULTETET N\u00cb MEDVEGJ\u00cb - Republika e S\u00ebrbis\u00eb Trupi Koordinues p\u00ebr komunat Bujanoc, Preshev\u00eb dhe Medvegj\u00eb","type":"rich","width":600,"height":338,"html":"<blockquote class=\"wp-embedded-content\" data-secret=\"JrdYyuSIWt\"><a href=\"https:\/\/kt.gov.rs\/sq\/ekstet-shkollore-per-fakultetet-ne-medvegje\/\">EKSTET SHKOLLORE P\u00cbR FAKULTETET N\u00cb MEDVEGJ\u00cb<\/a><\/blockquote><iframe sandbox=\"allow-scripts\" security=\"restricted\" src=\"https:\/\/kt.gov.rs\/sq\/ekstet-shkollore-per-fakultetet-ne-medvegje\/embed\/#?secret=JrdYyuSIWt\" width=\"600\" height=\"338\" title=\"\u201cEKSTET SHKOLLORE P\u00cbR FAKULTETET N\u00cb MEDVEGJ\u00cb\u201d \u2014 Republika e S\u00ebrbis\u00eb Trupi Koordinues p\u00ebr komunat Bujanoc, Preshev\u00eb dhe Medvegj\u00eb\" data-secret=\"JrdYyuSIWt\" frameborder=\"0\" marginwidth=\"0\" marginheight=\"0\" scrolling=\"no\" class=\"wp-embedded-content\"><\/iframe><script type=\"text\/javascript\">\n\/* <![CDATA[ *\/\n\/*! This file is auto-generated *\/\n!function(d,l){\"use strict\";l.querySelector&&d.addEventListener&&\"undefined\"!=typeof URL&&(d.wp=d.wp||{},d.wp.receiveEmbedMessage||(d.wp.receiveEmbedMessage=function(e){var t=e.data;if((t||t.secret||t.message||t.value)&&!\/[^a-zA-Z0-9]\/.test(t.secret)){for(var s,r,n,a=l.querySelectorAll('iframe[data-secret=\"'+t.secret+'\"]'),o=l.querySelectorAll('blockquote[data-secret=\"'+t.secret+'\"]'),c=new RegExp(\"^https?:$\",\"i\"),i=0;i<o.length;i++)o[i].style.display=\"none\";for(i=0;i<a.length;i++)s=a[i],e.source===s.contentWindow&&(s.removeAttribute(\"style\"),\"height\"===t.message?(1e3<(r=parseInt(t.value,10))?r=1e3:~~r<200&&(r=200),s.height=r):\"link\"===t.message&&(r=new URL(s.getAttribute(\"src\")),n=new URL(t.value),c.test(n.protocol))&&n.host===r.host&&l.activeElement===s&&(d.top.location.href=t.value))}},d.addEventListener(\"message\",d.wp.receiveEmbedMessage,!1),l.addEventListener(\"DOMContentLoaded\",function(){for(var e,t,s=l.querySelectorAll(\"iframe.wp-embedded-content\"),r=0;r<s.length;r++)(t=(e=s[r]).getAttribute(\"data-secret\"))||(t=Math.random().toString(36).substring(2,12),e.src+=\"#?secret=\"+t,e.setAttribute(\"data-secret\",t)),e.contentWindow.postMessage({message:\"ready\",secret:t},\"*\")},!1)))}(window,document);\n\/* ]]> *\/\n<\/script>\n","thumbnail_url":"https:\/\/kt.gov.rs\/wp-content\/uploads\/2024\/07\/pic082vesti-5.jpg","thumbnail_width":250,"thumbnail_height":166,"description":"MEDVEGJ\u00cb \u2013 Kryetari i Trupit Koordinues Milan Markoviq m\u00eb 21 janar\u00eb vizitoi Medvegj\u00ebn dhe student\u00ebve t\u00eb paraleleve t\u00eb ndara t\u00eb Fakultetit Ekonomik dhe Juridik t\u00eb Univerzitetit t\u00eb Nishit u dhuroi tekstet shkollore t\u00eb semestrit t\u00eb dyt\u00eb n\u00eb gjuh\u00ebn shqipe. Ministri Markoviq bisedoi me student\u00ebt rreth m\u00ebsimit dhe problemeve me t\u00eb cilat jan\u00eb ballafaquar n\u00eb semestrin e par\u00eb. Ministri Markoviq pret q\u00eb n\u00eb kat\u00ebr vitet e ardhshme n\u00eb k\u00ebto paralele t\u00eb ket\u00eb rreth 500 student\u00eb."}