{"version":"1.0","provider_name":"Republika e S\u00ebrbis\u00eb Trupi Koordinues p\u00ebr komunat Bujanoc, Preshev\u00eb dhe Medvegj\u00eb","provider_url":"https:\/\/kt.gov.rs\/sq\/","author_name":"ktmin","author_url":"https:\/\/kt.gov.rs\/sq\/author\/ktmin\/","title":"BURSIST\u00cbT E TRUPIT KOORDINUES N\u00cb BEOGRAD - Republika e S\u00ebrbis\u00eb Trupi Koordinues p\u00ebr komunat Bujanoc, Preshev\u00eb dhe Medvegj\u00eb","type":"rich","width":600,"height":338,"html":"<blockquote class=\"wp-embedded-content\" data-secret=\"lcewVpNKRL\"><a href=\"https:\/\/kt.gov.rs\/sq\/bursistet-e-trupit-koordinues-ne-beograd\/\">BURSIST\u00cbT E TRUPIT KOORDINUES N\u00cb BEOGRAD<\/a><\/blockquote><iframe sandbox=\"allow-scripts\" security=\"restricted\" src=\"https:\/\/kt.gov.rs\/sq\/bursistet-e-trupit-koordinues-ne-beograd\/embed\/#?secret=lcewVpNKRL\" width=\"600\" height=\"338\" title=\"\u201cBURSIST\u00cbT E TRUPIT KOORDINUES N\u00cb BEOGRAD\u201d \u2014 Republika e S\u00ebrbis\u00eb Trupi Koordinues p\u00ebr komunat Bujanoc, Preshev\u00eb dhe Medvegj\u00eb\" data-secret=\"lcewVpNKRL\" frameborder=\"0\" marginwidth=\"0\" marginheight=\"0\" scrolling=\"no\" class=\"wp-embedded-content\"><\/iframe><script type=\"text\/javascript\">\n\/* <![CDATA[ *\/\n\/*! This file is auto-generated *\/\n!function(d,l){\"use strict\";l.querySelector&&d.addEventListener&&\"undefined\"!=typeof URL&&(d.wp=d.wp||{},d.wp.receiveEmbedMessage||(d.wp.receiveEmbedMessage=function(e){var t=e.data;if((t||t.secret||t.message||t.value)&&!\/[^a-zA-Z0-9]\/.test(t.secret)){for(var s,r,n,a=l.querySelectorAll('iframe[data-secret=\"'+t.secret+'\"]'),o=l.querySelectorAll('blockquote[data-secret=\"'+t.secret+'\"]'),c=new RegExp(\"^https?:$\",\"i\"),i=0;i<o.length;i++)o[i].style.display=\"none\";for(i=0;i<a.length;i++)s=a[i],e.source===s.contentWindow&&(s.removeAttribute(\"style\"),\"height\"===t.message?(1e3<(r=parseInt(t.value,10))?r=1e3:~~r<200&&(r=200),s.height=r):\"link\"===t.message&&(r=new URL(s.getAttribute(\"src\")),n=new URL(t.value),c.test(n.protocol))&&n.host===r.host&&l.activeElement===s&&(d.top.location.href=t.value))}},d.addEventListener(\"message\",d.wp.receiveEmbedMessage,!1),l.addEventListener(\"DOMContentLoaded\",function(){for(var e,t,s=l.querySelectorAll(\"iframe.wp-embedded-content\"),r=0;r<s.length;r++)(t=(e=s[r]).getAttribute(\"data-secret\"))||(t=Math.random().toString(36).substring(2,12),e.src+=\"#?secret=\"+t,e.setAttribute(\"data-secret\",t)),e.contentWindow.postMessage({message:\"ready\",secret:t},\"*\")},!1)))}(window,document);\n\/* ]]> *\/\n<\/script>\n","thumbnail_url":"https:\/\/kt.gov.rs\/wp-content\/uploads\/2024\/07\/pic066vesti-5.jpg","thumbnail_width":250,"thumbnail_height":166,"description":"N\u00eb fotografin\u00eb e p\u00ebrbashk\u00ebt me kryetarin e Serbis\u00eb Boris Tadiq, Semra Hyseni dhe Milan Jovanoviq nga Presheva, Suada Latifi dhe Nikola Jovanoviq nga Bujanoci, Milica Shukoviq dhe Alban Salihu nga Medvagja si dhe 145 f\u00ebmij\u00eb, nx\u00ebn\u00ebs t\u00eb shkollave t\u00eb mesme nga Serbija jugore, bursist\u00eb t\u00eb Trupit Koordinues. Pas dit\u00ebs p\u00ebrplot ngjarjesh, bursist\u00ebt nuk I kan\u00eb mshehur p\u00ebrshtypjet e tyre."}