{"version":"1.0","provider_name":"Republika e S\u00ebrbis\u00eb Trupi Koordinues p\u00ebr komunat Bujanoc, Preshev\u00eb dhe Medvegj\u00eb","provider_url":"https:\/\/kt.gov.rs\/sq\/","author_name":"ktmin","author_url":"https:\/\/kt.gov.rs\/sq\/author\/ktmin\/","title":"AVENTURAT E PETAR PANIT N\u00cb BUJANOC DHE PRESHEV\u00cb - Republika e S\u00ebrbis\u00eb Trupi Koordinues p\u00ebr komunat Bujanoc, Preshev\u00eb dhe Medvegj\u00eb","type":"rich","width":600,"height":338,"html":"<blockquote class=\"wp-embedded-content\" data-secret=\"MQBM6f8WaO\"><a href=\"https:\/\/kt.gov.rs\/sq\/aventurat-e-petar-panit-ne-bujanoc-dhe-presheve\/\">AVENTURAT E PETAR PANIT N\u00cb BUJANOC DHE PRESHEV\u00cb<\/a><\/blockquote><iframe sandbox=\"allow-scripts\" security=\"restricted\" src=\"https:\/\/kt.gov.rs\/sq\/aventurat-e-petar-panit-ne-bujanoc-dhe-presheve\/embed\/#?secret=MQBM6f8WaO\" width=\"600\" height=\"338\" title=\"\u201cAVENTURAT E PETAR PANIT N\u00cb BUJANOC DHE PRESHEV\u00cb\u201d \u2014 Republika e S\u00ebrbis\u00eb Trupi Koordinues p\u00ebr komunat Bujanoc, Preshev\u00eb dhe Medvegj\u00eb\" data-secret=\"MQBM6f8WaO\" frameborder=\"0\" marginwidth=\"0\" marginheight=\"0\" scrolling=\"no\" class=\"wp-embedded-content\"><\/iframe><script type=\"text\/javascript\">\n\/* <![CDATA[ *\/\n\/*! This file is auto-generated *\/\n!function(d,l){\"use strict\";l.querySelector&&d.addEventListener&&\"undefined\"!=typeof URL&&(d.wp=d.wp||{},d.wp.receiveEmbedMessage||(d.wp.receiveEmbedMessage=function(e){var t=e.data;if((t||t.secret||t.message||t.value)&&!\/[^a-zA-Z0-9]\/.test(t.secret)){for(var s,r,n,a=l.querySelectorAll('iframe[data-secret=\"'+t.secret+'\"]'),o=l.querySelectorAll('blockquote[data-secret=\"'+t.secret+'\"]'),c=new RegExp(\"^https?:$\",\"i\"),i=0;i<o.length;i++)o[i].style.display=\"none\";for(i=0;i<a.length;i++)s=a[i],e.source===s.contentWindow&&(s.removeAttribute(\"style\"),\"height\"===t.message?(1e3<(r=parseInt(t.value,10))?r=1e3:~~r<200&&(r=200),s.height=r):\"link\"===t.message&&(r=new URL(s.getAttribute(\"src\")),n=new URL(t.value),c.test(n.protocol))&&n.host===r.host&&l.activeElement===s&&(d.top.location.href=t.value))}},d.addEventListener(\"message\",d.wp.receiveEmbedMessage,!1),l.addEventListener(\"DOMContentLoaded\",function(){for(var e,t,s=l.querySelectorAll(\"iframe.wp-embedded-content\"),r=0;r<s.length;r++)(t=(e=s[r]).getAttribute(\"data-secret\"))||(t=Math.random().toString(36).substring(2,12),e.src+=\"#?secret=\"+t,e.setAttribute(\"data-secret\",t)),e.contentWindow.postMessage({message:\"ready\",secret:t},\"*\")},!1)))}(window,document);\n\/* ]]> *\/\n<\/script>\n","thumbnail_url":"https:\/\/kt.gov.rs\/wp-content\/uploads\/2024\/07\/petar_panplakat-5.gif","thumbnail_width":145,"thumbnail_height":201,"description":"F\u00ebmij\u00ebt nga Bujanoci dhe Presheva t\u00eb mart\u00ebn m\u00eb 28 prill 2009 do t\u00eb ken rast\u00eb q\u00eb s\u00eb bashku me Petar Panin dhe Zilen, me muzik\u00eb, k\u00ebng\u00eb dhe\u00a0 valle, t\u00eb rezultojn\u00eb fitoren n\u00eb Tok\u00ebn e Pakthim dhe at\u00eb tok\u00eb p\u00ebrs\u00ebri ta b\u00ebjn\u00eb magjike. Shfaqja ,,Aventurat e Petar Panit\u2019\u2019, n\u00ebn realizimin e ,,Trupet prapa sken\u00ebs\u2019\u2019 nga Novi Sadi do t\u00eb egzekutohet s\u00eb pari Sht\u00ebpin\u00eb e Kultur\u00ebs Bujanoc n\u00eb ora 11.00, pastaj ora 15.00 do t\u00eb ket\u00eb p\u00ebrs\u00ebri shfaqje n\u00eb Sht\u00ebpin\u00eb e Kultur\u00ebs n\u00eb Preshev\u00eb. Ardhjen e ,,Trupet e prapasken\u00ebs\u2019\u2019 n\u00eb komunat tona e ka organizuar Trupi Koordinues i Qeveris\u00eb s\u00eb Republik\u00ebs s\u00eb Serbis\u00eb p\u00ebr komunat Preshev\u00eb, Bujanoc dhe Medvegj\u00eb. Hyrja p\u00ebr k\u00ebto shfaqje p\u00ebr f\u00ebmij\u00ebt dhe m\u00ebsuesit e tyre \u00ebsht\u00eb gratis."}