{"version":"1.0","provider_name":"Republika e S\u00ebrbis\u00eb Trupi Koordinues p\u00ebr komunat Bujanoc, Preshev\u00eb dhe Medvegj\u00eb","provider_url":"https:\/\/kt.gov.rs\/sq\/","author_name":"ktmin","author_url":"https:\/\/kt.gov.rs\/sq\/author\/ktmin\/","title":"AS ORAR\u00cb T\u00cb PUN\u00cbS, AS P\u00cbRVOJ T\u00cb PUN\u00cbS - Republika e S\u00ebrbis\u00eb Trupi Koordinues p\u00ebr komunat Bujanoc, Preshev\u00eb dhe Medvegj\u00eb","type":"rich","width":600,"height":338,"html":"<blockquote class=\"wp-embedded-content\" data-secret=\"Dnz7SpekCA\"><a href=\"https:\/\/kt.gov.rs\/sq\/as-orare-te-punes-as-pervoj-te-punes\/\">AS ORAR\u00cb T\u00cb PUN\u00cbS, AS P\u00cbRVOJ T\u00cb PUN\u00cbS<\/a><\/blockquote><iframe sandbox=\"allow-scripts\" security=\"restricted\" src=\"https:\/\/kt.gov.rs\/sq\/as-orare-te-punes-as-pervoj-te-punes\/embed\/#?secret=Dnz7SpekCA\" width=\"600\" height=\"338\" title=\"\u201cAS ORAR\u00cb T\u00cb PUN\u00cbS, AS P\u00cbRVOJ T\u00cb PUN\u00cbS\u201d \u2014 Republika e S\u00ebrbis\u00eb Trupi Koordinues p\u00ebr komunat Bujanoc, Preshev\u00eb dhe Medvegj\u00eb\" data-secret=\"Dnz7SpekCA\" frameborder=\"0\" marginwidth=\"0\" marginheight=\"0\" scrolling=\"no\" class=\"wp-embedded-content\"><\/iframe><script type=\"text\/javascript\">\n\/* <![CDATA[ *\/\n\/*! This file is auto-generated *\/\n!function(d,l){\"use strict\";l.querySelector&&d.addEventListener&&\"undefined\"!=typeof URL&&(d.wp=d.wp||{},d.wp.receiveEmbedMessage||(d.wp.receiveEmbedMessage=function(e){var t=e.data;if((t||t.secret||t.message||t.value)&&!\/[^a-zA-Z0-9]\/.test(t.secret)){for(var s,r,n,a=l.querySelectorAll('iframe[data-secret=\"'+t.secret+'\"]'),o=l.querySelectorAll('blockquote[data-secret=\"'+t.secret+'\"]'),c=new RegExp(\"^https?:$\",\"i\"),i=0;i<o.length;i++)o[i].style.display=\"none\";for(i=0;i<a.length;i++)s=a[i],e.source===s.contentWindow&&(s.removeAttribute(\"style\"),\"height\"===t.message?(1e3<(r=parseInt(t.value,10))?r=1e3:~~r<200&&(r=200),s.height=r):\"link\"===t.message&&(r=new URL(s.getAttribute(\"src\")),n=new URL(t.value),c.test(n.protocol))&&n.host===r.host&&l.activeElement===s&&(d.top.location.href=t.value))}},d.addEventListener(\"message\",d.wp.receiveEmbedMessage,!1),l.addEventListener(\"DOMContentLoaded\",function(){for(var e,t,s=l.querySelectorAll(\"iframe.wp-embedded-content\"),r=0;r<s.length;r++)(t=(e=s[r]).getAttribute(\"data-secret\"))||(t=Math.random().toString(36).substring(2,12),e.src+=\"#?secret=\"+t,e.setAttribute(\"data-secret\",t)),e.contentWindow.postMessage({message:\"ready\",secret:t},\"*\")},!1)))}(window,document);\n\/* ]]> *\/\n<\/script>\n","thumbnail_url":"https:\/\/kt.gov.rs\/wp-content\/uploads\/2024\/07\/newspic209v-5.jpg","thumbnail_width":315,"thumbnail_height":180,"description":"Bujanoc \u2013 Nuk kan\u00eb as orar\u00eb t\u00eb pun\u00ebs as p\u00ebrvoj\u00eb t\u00eb pun\u00ebs. \u00c7do dit\u00eb, n\u00eb qend\u00ebr t\u00eb qytetit, Rom\u00ebt nga Bujanoci k\u00ebrkojn\u00eb pun\u00eb, me pun\u00ebdh\u00ebn\u00ebsit potencial merren vesh rresh \u00e7mimit t\u00eb pun\u00ebs, n\u00eb or\u00eb apo n\u00eb dit\u00eb, varsisht\u00eb nga lloji i pun\u00ebs."}