{"version":"1.0","provider_name":"Republika e S\u00ebrbis\u00eb Trupi Koordinues p\u00ebr komunat Bujanoc, Preshev\u00eb dhe Medvegj\u00eb","provider_url":"https:\/\/kt.gov.rs\/sq\/","author_name":"ktmin","author_url":"https:\/\/kt.gov.rs\/sq\/author\/ktmin\/","title":"8. gusht 2010. \u2013 Marr\u00eb nga \u201ePolitika\u201c - Republika e S\u00ebrbis\u00eb Trupi Koordinues p\u00ebr komunat Bujanoc, Preshev\u00eb dhe Medvegj\u00eb","type":"rich","width":600,"height":338,"html":"<blockquote class=\"wp-embedded-content\" data-secret=\"MABJLRDjMW\"><a href=\"https:\/\/kt.gov.rs\/sq\/8-gusht-2010-marre-nga-politika\/\">8. gusht 2010.  \u2013 Marr\u00eb nga \u201ePolitika\u201c<\/a><\/blockquote><iframe sandbox=\"allow-scripts\" security=\"restricted\" src=\"https:\/\/kt.gov.rs\/sq\/8-gusht-2010-marre-nga-politika\/embed\/#?secret=MABJLRDjMW\" width=\"600\" height=\"338\" title=\"\u201c8. gusht 2010.  \u2013 Marr\u00eb nga \u201ePolitika\u201c\u201d \u2014 Republika e S\u00ebrbis\u00eb Trupi Koordinues p\u00ebr komunat Bujanoc, Preshev\u00eb dhe Medvegj\u00eb\" data-secret=\"MABJLRDjMW\" frameborder=\"0\" marginwidth=\"0\" marginheight=\"0\" scrolling=\"no\" class=\"wp-embedded-content\"><\/iframe><script type=\"text\/javascript\">\n\/* <![CDATA[ *\/\n\/*! This file is auto-generated *\/\n!function(d,l){\"use strict\";l.querySelector&&d.addEventListener&&\"undefined\"!=typeof URL&&(d.wp=d.wp||{},d.wp.receiveEmbedMessage||(d.wp.receiveEmbedMessage=function(e){var t=e.data;if((t||t.secret||t.message||t.value)&&!\/[^a-zA-Z0-9]\/.test(t.secret)){for(var s,r,n,a=l.querySelectorAll('iframe[data-secret=\"'+t.secret+'\"]'),o=l.querySelectorAll('blockquote[data-secret=\"'+t.secret+'\"]'),c=new RegExp(\"^https?:$\",\"i\"),i=0;i<o.length;i++)o[i].style.display=\"none\";for(i=0;i<a.length;i++)s=a[i],e.source===s.contentWindow&&(s.removeAttribute(\"style\"),\"height\"===t.message?(1e3<(r=parseInt(t.value,10))?r=1e3:~~r<200&&(r=200),s.height=r):\"link\"===t.message&&(r=new URL(s.getAttribute(\"src\")),n=new URL(t.value),c.test(n.protocol))&&n.host===r.host&&l.activeElement===s&&(d.top.location.href=t.value))}},d.addEventListener(\"message\",d.wp.receiveEmbedMessage,!1),l.addEventListener(\"DOMContentLoaded\",function(){for(var e,t,s=l.querySelectorAll(\"iframe.wp-embedded-content\"),r=0;r<s.length;r++)(t=(e=s[r]).getAttribute(\"data-secret\"))||(t=Math.random().toString(36).substring(2,12),e.src+=\"#?secret=\"+t,e.setAttribute(\"data-secret\",t)),e.contentWindow.postMessage({message:\"ready\",secret:t},\"*\")},!1)))}(window,document);\n\/* ]]> *\/\n<\/script>\n","description":"KEMI NEVOJ P\u00cbR FAKULTET NE BUJANOC Zgjidhja e disa problemeve t\u00eb m\u00ebdha nga sfera e arsimit \u00ebsht\u00eb prioritet i K\u00ebshillit Nacional t\u00eb Shqip\u00ebtar\u00ebve i cili k\u00ebto dit\u00eb \u00ebsht\u00eb regjistruar n\u00eb Ministrin\u00eb p\u00ebr t\u00eb drejtat e njeriut dhe t\u00eb pakicave. P\u00ebr kryetar\u00eb t\u00eb par\u00eb t\u00eb k\u00ebtij trupi \u00ebsht\u00eb em\u00ebruar Galip Beqiri nga Partija p\u00ebr Veprim Demokratik, parti e cila n\u00eb zgjedhjet e 6 qershorit ka fituar 24 nga 29 vendet n\u00eb k\u00ebt\u00eb k\u00ebshill. Beqiri deklaroi se pret q\u00eb K\u00ebshilli Nacional pun\u00ebn e saj\u00eb me kapacitet t\u00eb plot\u00eb ta filloj\u00eb n\u00eb muajin shtator\u00eb kur edhe pret mjetet e para finansiare nga buxheti i Serbis\u00eb. N\u00eb nd\u00ebrkoh\u00eb, do t\u00eb mundohen q\u00eb t\u00eb zgjidhin problemin e strehimit, p\u00ebr arsye se nd\u00ebrtesa t\u00eb cil\u00ebn u ka dh\u00ebn\u00eb komuna Bujanocit duhet renovuar."}