{"version":"1.0","provider_name":"Republika e S\u00ebrbis\u00eb Trupi Koordinues p\u00ebr komunat Bujanoc, Preshev\u00eb dhe Medvegj\u00eb","provider_url":"https:\/\/kt.gov.rs\/sq\/","author_name":"ktmin","author_url":"https:\/\/kt.gov.rs\/sq\/author\/ktmin\/","title":"8.7.2010. - Republika e S\u00ebrbis\u00eb Trupi Koordinues p\u00ebr komunat Bujanoc, Preshev\u00eb dhe Medvegj\u00eb","type":"rich","width":600,"height":338,"html":"<blockquote class=\"wp-embedded-content\" data-secret=\"o9kTYf5q0v\"><a href=\"https:\/\/kt.gov.rs\/sq\/8-7-2010\/\">8.7.2010.<\/a><\/blockquote><iframe sandbox=\"allow-scripts\" security=\"restricted\" src=\"https:\/\/kt.gov.rs\/sq\/8-7-2010\/embed\/#?secret=o9kTYf5q0v\" width=\"600\" height=\"338\" title=\"\u201c8.7.2010.\u201d \u2014 Republika e S\u00ebrbis\u00eb Trupi Koordinues p\u00ebr komunat Bujanoc, Preshev\u00eb dhe Medvegj\u00eb\" data-secret=\"o9kTYf5q0v\" frameborder=\"0\" marginwidth=\"0\" marginheight=\"0\" scrolling=\"no\" class=\"wp-embedded-content\"><\/iframe><script type=\"text\/javascript\">\n\/* <![CDATA[ *\/\n\/*! This file is auto-generated *\/\n!function(d,l){\"use strict\";l.querySelector&&d.addEventListener&&\"undefined\"!=typeof URL&&(d.wp=d.wp||{},d.wp.receiveEmbedMessage||(d.wp.receiveEmbedMessage=function(e){var t=e.data;if((t||t.secret||t.message||t.value)&&!\/[^a-zA-Z0-9]\/.test(t.secret)){for(var s,r,n,a=l.querySelectorAll('iframe[data-secret=\"'+t.secret+'\"]'),o=l.querySelectorAll('blockquote[data-secret=\"'+t.secret+'\"]'),c=new RegExp(\"^https?:$\",\"i\"),i=0;i<o.length;i++)o[i].style.display=\"none\";for(i=0;i<a.length;i++)s=a[i],e.source===s.contentWindow&&(s.removeAttribute(\"style\"),\"height\"===t.message?(1e3<(r=parseInt(t.value,10))?r=1e3:~~r<200&&(r=200),s.height=r):\"link\"===t.message&&(r=new URL(s.getAttribute(\"src\")),n=new URL(t.value),c.test(n.protocol))&&n.host===r.host&&l.activeElement===s&&(d.top.location.href=t.value))}},d.addEventListener(\"message\",d.wp.receiveEmbedMessage,!1),l.addEventListener(\"DOMContentLoaded\",function(){for(var e,t,s=l.querySelectorAll(\"iframe.wp-embedded-content\"),r=0;r<s.length;r++)(t=(e=s[r]).getAttribute(\"data-secret\"))||(t=Math.random().toString(36).substring(2,12),e.src+=\"#?secret=\"+t,e.setAttribute(\"data-secret\",t)),e.contentWindow.postMessage({message:\"ready\",secret:t},\"*\")},!1)))}(window,document);\n\/* ]]> *\/\n<\/script>\n","description":"ARTIST\u00cbT E RINJ\u00cb SERB, SHQIP\u00cbTAR\u00cb DHE ROM\u00cb N\u00cb FESTIVALIN MUZIKOR\u00cb ,,EGZIT\u2019\u2019  N\u00eb bashk\u00ebpunim me Trupin Koordinues s\u00eb Qeveris\u00eb s\u00eb Republik\u00ebs s\u00eb Serbis\u00eb p\u00ebr komunat Preshev\u00eb, Bujanoc dhe Medvegj\u00eb, K\u00ebshilli Egzekutiv e Vojvodin\u00ebs realizuesve t\u00eb projektit multietnik ,,Ti dhe un\u00eb jemi ne\u2019\u2019 u ka mund\u00ebsuar q\u00ebndrimin\u00a0 n\u00eb festivalin muzikor\u00eb ,,Egzit\u2019\u2019. P\u00ebrpos hyrjes falas p\u00ebr dit\u00ebn e par\u00eb n\u00eb festival, t\u00eb gjith\u00eb pjes\u00ebmarr\u00ebsve dhe koordinator\u00ebve u \u00ebsht\u00eb siguruar edhe q\u00ebndrimi n\u00eb Novi Sad. Ky \u00ebsht\u00eb nj\u00eb vazhdim i bashk\u00ebpunimit t\u00eb mir\u00eb n\u00eb mes t\u00eb K\u00ebshillit Egzekutiv t\u00eb Vojvodin\u00ebs dhe t\u00eb Trupit Koordinues t\u00eb Qeveris\u00eb s\u00eb Republi\u00ebs s\u00eb Serbis\u00eb p\u00ebr komunat Preshev\u00eb, Bujanoc dhe Medvegj\u00eb i cili finansiarisht p\u00ebrkrah\u00eb projektin ,,Ti dhe un\u00eb jemi ne\u2019\u2019."}