{"version":"1.0","provider_name":"Republika e S\u00ebrbis\u00eb Trupi Koordinues p\u00ebr komunat Bujanoc, Preshev\u00eb dhe Medvegj\u00eb","provider_url":"https:\/\/kt.gov.rs\/sq\/","author_name":"ktmin","author_url":"https:\/\/kt.gov.rs\/sq\/author\/ktmin\/","title":"31.8.2010. - Republika e S\u00ebrbis\u00eb Trupi Koordinues p\u00ebr komunat Bujanoc, Preshev\u00eb dhe Medvegj\u00eb","type":"rich","width":600,"height":338,"html":"<blockquote class=\"wp-embedded-content\" data-secret=\"zHXaXBcDiU\"><a href=\"https:\/\/kt.gov.rs\/sq\/31-8-2010\/\">31.8.2010.<\/a><\/blockquote><iframe sandbox=\"allow-scripts\" security=\"restricted\" src=\"https:\/\/kt.gov.rs\/sq\/31-8-2010\/embed\/#?secret=zHXaXBcDiU\" width=\"600\" height=\"338\" title=\"\u201c31.8.2010.\u201d \u2014 Republika e S\u00ebrbis\u00eb Trupi Koordinues p\u00ebr komunat Bujanoc, Preshev\u00eb dhe Medvegj\u00eb\" data-secret=\"zHXaXBcDiU\" frameborder=\"0\" marginwidth=\"0\" marginheight=\"0\" scrolling=\"no\" class=\"wp-embedded-content\"><\/iframe><script type=\"text\/javascript\">\n\/* <![CDATA[ *\/\n\/*! This file is auto-generated *\/\n!function(d,l){\"use strict\";l.querySelector&&d.addEventListener&&\"undefined\"!=typeof URL&&(d.wp=d.wp||{},d.wp.receiveEmbedMessage||(d.wp.receiveEmbedMessage=function(e){var t=e.data;if((t||t.secret||t.message||t.value)&&!\/[^a-zA-Z0-9]\/.test(t.secret)){for(var s,r,n,a=l.querySelectorAll('iframe[data-secret=\"'+t.secret+'\"]'),o=l.querySelectorAll('blockquote[data-secret=\"'+t.secret+'\"]'),c=new RegExp(\"^https?:$\",\"i\"),i=0;i<o.length;i++)o[i].style.display=\"none\";for(i=0;i<a.length;i++)s=a[i],e.source===s.contentWindow&&(s.removeAttribute(\"style\"),\"height\"===t.message?(1e3<(r=parseInt(t.value,10))?r=1e3:~~r<200&&(r=200),s.height=r):\"link\"===t.message&&(r=new URL(s.getAttribute(\"src\")),n=new URL(t.value),c.test(n.protocol))&&n.host===r.host&&l.activeElement===s&&(d.top.location.href=t.value))}},d.addEventListener(\"message\",d.wp.receiveEmbedMessage,!1),l.addEventListener(\"DOMContentLoaded\",function(){for(var e,t,s=l.querySelectorAll(\"iframe.wp-embedded-content\"),r=0;r<s.length;r++)(t=(e=s[r]).getAttribute(\"data-secret\"))||(t=Math.random().toString(36).substring(2,12),e.src+=\"#?secret=\"+t,e.setAttribute(\"data-secret\",t)),e.contentWindow.postMessage({message:\"ready\",secret:t},\"*\")},!1)))}(window,document);\n\/* ]]> *\/\n<\/script>\n","description":"Rind\u00ebrtohet kalimi kufitar tek Prohor P\u00e7injski Preshev\u00eb \u2013 Vendkalimi kufitar\u00eb nd\u00ebrkomb\u00ebtar\u00eb prohor p\u00e7injski dje \u00ebsht\u00eb hapur pas mbarimit t\u00eb pun\u00ebve n\u00eb rind\u00ebrtimin e tij\u00eb. Pun\u00ebt n\u00eb rind\u00ebrtimin e kalimit Prohor P\u00e7injski jan\u00eb kryer parat afatit t\u00eb parapar\u00eb me kontrat\u00eb, p\u00ebr pak m\u00eb tep\u00ebr se pes\u00eb muaj. Vendkalimi \u00ebsht\u00eb nd\u00ebrtuar n\u00eb nj\u00eb pjes\u00eb m\u00eb t\u00eb p\u00ebrshtatshme dhe ka kat\u00ebr korsi vendkalimi, dy n\u00eb hyrje dhe dy n\u00eb dalje t\u00eb kufirit. \u00cbsht\u00eb nd\u00ebrtuar sinjalizimi i plot\u00eb, si dhe zyre t\u00eb reja p\u00ebr personelin doganor\u00eb dhe policin\u00eb kufitare."}