{"version":"1.0","provider_name":"Republika e S\u00ebrbis\u00eb Trupi Koordinues p\u00ebr komunat Bujanoc, Preshev\u00eb dhe Medvegj\u00eb","provider_url":"https:\/\/kt.gov.rs\/sq\/","author_name":"ktmin","author_url":"https:\/\/kt.gov.rs\/sq\/author\/ktmin\/","title":"30. n\u00ebntor 2009 - Republika e S\u00ebrbis\u00eb Trupi Koordinues p\u00ebr komunat Bujanoc, Preshev\u00eb dhe Medvegj\u00eb","type":"rich","width":600,"height":338,"html":"<blockquote class=\"wp-embedded-content\" data-secret=\"EHXCMabHbr\"><a href=\"https:\/\/kt.gov.rs\/sq\/30-nentor-2009-2\/\">30. n\u00ebntor 2009<\/a><\/blockquote><iframe sandbox=\"allow-scripts\" security=\"restricted\" src=\"https:\/\/kt.gov.rs\/sq\/30-nentor-2009-2\/embed\/#?secret=EHXCMabHbr\" width=\"600\" height=\"338\" title=\"\u201c30. n\u00ebntor 2009\u201d \u2014 Republika e S\u00ebrbis\u00eb Trupi Koordinues p\u00ebr komunat Bujanoc, Preshev\u00eb dhe Medvegj\u00eb\" data-secret=\"EHXCMabHbr\" frameborder=\"0\" marginwidth=\"0\" marginheight=\"0\" scrolling=\"no\" class=\"wp-embedded-content\"><\/iframe><script type=\"text\/javascript\">\n\/* <![CDATA[ *\/\n\/*! This file is auto-generated *\/\n!function(d,l){\"use strict\";l.querySelector&&d.addEventListener&&\"undefined\"!=typeof URL&&(d.wp=d.wp||{},d.wp.receiveEmbedMessage||(d.wp.receiveEmbedMessage=function(e){var t=e.data;if((t||t.secret||t.message||t.value)&&!\/[^a-zA-Z0-9]\/.test(t.secret)){for(var s,r,n,a=l.querySelectorAll('iframe[data-secret=\"'+t.secret+'\"]'),o=l.querySelectorAll('blockquote[data-secret=\"'+t.secret+'\"]'),c=new RegExp(\"^https?:$\",\"i\"),i=0;i<o.length;i++)o[i].style.display=\"none\";for(i=0;i<a.length;i++)s=a[i],e.source===s.contentWindow&&(s.removeAttribute(\"style\"),\"height\"===t.message?(1e3<(r=parseInt(t.value,10))?r=1e3:~~r<200&&(r=200),s.height=r):\"link\"===t.message&&(r=new URL(s.getAttribute(\"src\")),n=new URL(t.value),c.test(n.protocol))&&n.host===r.host&&l.activeElement===s&&(d.top.location.href=t.value))}},d.addEventListener(\"message\",d.wp.receiveEmbedMessage,!1),l.addEventListener(\"DOMContentLoaded\",function(){for(var e,t,s=l.querySelectorAll(\"iframe.wp-embedded-content\"),r=0;r<s.length;r++)(t=(e=s[r]).getAttribute(\"data-secret\"))||(t=Math.random().toString(36).substring(2,12),e.src+=\"#?secret=\"+t,e.setAttribute(\"data-secret\",t)),e.contentWindow.postMessage({message:\"ready\",secret:t},\"*\")},!1)))}(window,document);\n\/* ]]> *\/\n<\/script>\n","description":"Komuna e Bujanocit pret q\u00eb deri n\u00eb qershor\u00eb t\u00eb vitit t\u00eb ardhsh\u00ebm t\u00eb fitoj\u00eb vler\u00ebsimin e\u00a0 p\u00ebrmbushjes s\u00eb kushteve p\u00ebr marrjen e sertifikat\u00ebs p\u00ebr mjedis t\u00eb favorsh\u00ebm p\u00ebr biznes, e cila do t\u00eb krijoj\u00eb parakushte p\u00ebr nj\u00eb zhvillim m\u00eb t\u00eb shpejt\u00eb ekonomik, deklaroi kryetari i komun\u00ebs s\u00eb Bujanocit Shaip Kamberi. Ai theksoi se\u00a0 n\u00eb periudh\u00ebn e ardhshme n\u00eb komun\u00ebn e Bujanocit Aliansa Nacionale p\u00ebr zhvillim\u00a0 ekonomik lokal (NALED), s\u00eb bashku me Ministrin\u00eb e ekonomis\u00eb dhe t\u00eb zhvillimit ekonomik do t\u00eb vler\u00ebsoj\u00eb kualitetin e mjedisit p\u00ebr biznes, mund\u00ebsin\u00eb e investimit dhe inisiativ\u00ebn p\u00ebr t\u00ebrheqjen e investitor\u00ebve i cili edhe \u00ebsht\u00eb parakusht p\u00ebr marrjen e k\u00ebsaj sertifikate."}