{"version":"1.0","provider_name":"Republika e S\u00ebrbis\u00eb Trupi Koordinues p\u00ebr komunat Bujanoc, Preshev\u00eb dhe Medvegj\u00eb","provider_url":"https:\/\/kt.gov.rs\/sq\/","author_name":"ktmin","author_url":"https:\/\/kt.gov.rs\/sq\/author\/ktmin\/","title":"29.10.2010. - Republika e S\u00ebrbis\u00eb Trupi Koordinues p\u00ebr komunat Bujanoc, Preshev\u00eb dhe Medvegj\u00eb","type":"rich","width":600,"height":338,"html":"<blockquote class=\"wp-embedded-content\" data-secret=\"W4ATcFq0lW\"><a href=\"https:\/\/kt.gov.rs\/sq\/29-10-2010\/\">29.10.2010.<\/a><\/blockquote><iframe sandbox=\"allow-scripts\" security=\"restricted\" src=\"https:\/\/kt.gov.rs\/sq\/29-10-2010\/embed\/#?secret=W4ATcFq0lW\" width=\"600\" height=\"338\" title=\"\u201c29.10.2010.\u201d \u2014 Republika e S\u00ebrbis\u00eb Trupi Koordinues p\u00ebr komunat Bujanoc, Preshev\u00eb dhe Medvegj\u00eb\" data-secret=\"W4ATcFq0lW\" frameborder=\"0\" marginwidth=\"0\" marginheight=\"0\" scrolling=\"no\" class=\"wp-embedded-content\"><\/iframe><script type=\"text\/javascript\">\n\/* <![CDATA[ *\/\n\/*! This file is auto-generated *\/\n!function(d,l){\"use strict\";l.querySelector&&d.addEventListener&&\"undefined\"!=typeof URL&&(d.wp=d.wp||{},d.wp.receiveEmbedMessage||(d.wp.receiveEmbedMessage=function(e){var t=e.data;if((t||t.secret||t.message||t.value)&&!\/[^a-zA-Z0-9]\/.test(t.secret)){for(var s,r,n,a=l.querySelectorAll('iframe[data-secret=\"'+t.secret+'\"]'),o=l.querySelectorAll('blockquote[data-secret=\"'+t.secret+'\"]'),c=new RegExp(\"^https?:$\",\"i\"),i=0;i<o.length;i++)o[i].style.display=\"none\";for(i=0;i<a.length;i++)s=a[i],e.source===s.contentWindow&&(s.removeAttribute(\"style\"),\"height\"===t.message?(1e3<(r=parseInt(t.value,10))?r=1e3:~~r<200&&(r=200),s.height=r):\"link\"===t.message&&(r=new URL(s.getAttribute(\"src\")),n=new URL(t.value),c.test(n.protocol))&&n.host===r.host&&l.activeElement===s&&(d.top.location.href=t.value))}},d.addEventListener(\"message\",d.wp.receiveEmbedMessage,!1),l.addEventListener(\"DOMContentLoaded\",function(){for(var e,t,s=l.querySelectorAll(\"iframe.wp-embedded-content\"),r=0;r<s.length;r++)(t=(e=s[r]).getAttribute(\"data-secret\"))||(t=Math.random().toString(36).substring(2,12),e.src+=\"#?secret=\"+t,e.setAttribute(\"data-secret\",t)),e.contentWindow.postMessage({message:\"ready\",secret:t},\"*\")},!1)))}(window,document);\n\/* ]]> *\/\n<\/script>\n","description":"NX\u00cbN\u00cbSIT SHQIP\u00cbTAR\u00cb DHE SERB S\u00cb BASHKU N\u00cb GJERMANI Rreth 30 nx\u00ebn\u00ebs dhe arsimtar\u00eb t\u00eb shkollave t\u00eb mesme ,,Sveti Sava\u2019\u2019 dhe ,,Sezai Surroi\u2019\u2019 nga Bujanoci nj\u00eb jav\u00eb kan\u00eb q\u00ebndruar si mysafir\u00eb t\u00eb nx\u00ebn\u00ebsve t\u00eb shkoll\u00ebs ,,Karoline Brajtinger\u2019\u2019 n\u00eb kryeqytetin Hoenloe, krahin\u00eb n\u00eb jug t\u00eb Gjermanis\u00eb, krahin\u00eb e cila p\u00ebr madh\u00ebsi \u00ebsht\u00eb e trea n\u00eb Gjermani. Nx\u00ebn\u00ebsit nga Bujanoci mor\u00ebn pjes\u00eb n\u00eb projektin e qeveris\u00eb gjermane dhe amerikane t\u00eb titulluar ,,Partneriteti n\u00eb vep\u00ebr\u2019\u2019 n\u00eb suaza t\u00eb t\u00eb cilit projekt do t\u00eb shoq\u00ebrohen dhe m\u00ebsojn\u00eb 1.500 nx\u00ebn\u00ebs dhe arsimtar\u00eb nga 60 shkolla ekonomike t\u00eb Serbis\u00eb dhe Gjermanis\u00eb."}