{"version":"1.0","provider_name":"Republika e S\u00ebrbis\u00eb Trupi Koordinues p\u00ebr komunat Bujanoc, Preshev\u00eb dhe Medvegj\u00eb","provider_url":"https:\/\/kt.gov.rs\/sq\/","author_name":"ktmin","author_url":"https:\/\/kt.gov.rs\/sq\/author\/ktmin\/","title":"29.01.2010 - Republika e S\u00ebrbis\u00eb Trupi Koordinues p\u00ebr komunat Bujanoc, Preshev\u00eb dhe Medvegj\u00eb","type":"rich","width":600,"height":338,"html":"<blockquote class=\"wp-embedded-content\" data-secret=\"v7EQWiGiAp\"><a href=\"https:\/\/kt.gov.rs\/sq\/29-01-2010\/\">29.01.2010<\/a><\/blockquote><iframe sandbox=\"allow-scripts\" security=\"restricted\" src=\"https:\/\/kt.gov.rs\/sq\/29-01-2010\/embed\/#?secret=v7EQWiGiAp\" width=\"600\" height=\"338\" title=\"\u201c29.01.2010\u201d \u2014 Republika e S\u00ebrbis\u00eb Trupi Koordinues p\u00ebr komunat Bujanoc, Preshev\u00eb dhe Medvegj\u00eb\" data-secret=\"v7EQWiGiAp\" frameborder=\"0\" marginwidth=\"0\" marginheight=\"0\" scrolling=\"no\" class=\"wp-embedded-content\"><\/iframe><script type=\"text\/javascript\">\n\/* <![CDATA[ *\/\n\/*! This file is auto-generated *\/\n!function(d,l){\"use strict\";l.querySelector&&d.addEventListener&&\"undefined\"!=typeof URL&&(d.wp=d.wp||{},d.wp.receiveEmbedMessage||(d.wp.receiveEmbedMessage=function(e){var t=e.data;if((t||t.secret||t.message||t.value)&&!\/[^a-zA-Z0-9]\/.test(t.secret)){for(var s,r,n,a=l.querySelectorAll('iframe[data-secret=\"'+t.secret+'\"]'),o=l.querySelectorAll('blockquote[data-secret=\"'+t.secret+'\"]'),c=new RegExp(\"^https?:$\",\"i\"),i=0;i<o.length;i++)o[i].style.display=\"none\";for(i=0;i<a.length;i++)s=a[i],e.source===s.contentWindow&&(s.removeAttribute(\"style\"),\"height\"===t.message?(1e3<(r=parseInt(t.value,10))?r=1e3:~~r<200&&(r=200),s.height=r):\"link\"===t.message&&(r=new URL(s.getAttribute(\"src\")),n=new URL(t.value),c.test(n.protocol))&&n.host===r.host&&l.activeElement===s&&(d.top.location.href=t.value))}},d.addEventListener(\"message\",d.wp.receiveEmbedMessage,!1),l.addEventListener(\"DOMContentLoaded\",function(){for(var e,t,s=l.querySelectorAll(\"iframe.wp-embedded-content\"),r=0;r<s.length;r++)(t=(e=s[r]).getAttribute(\"data-secret\"))||(t=Math.random().toString(36).substring(2,12),e.src+=\"#?secret=\"+t,e.setAttribute(\"data-secret\",t)),e.contentWindow.postMessage({message:\"ready\",secret:t},\"*\")},!1)))}(window,document);\n\/* ]]> *\/\n<\/script>\n","description":"N\u00eb suaza t\u00eb projektit gjesht\u00ebmujor\u00eb ,, Kosova nga ana tjet\u00ebr \u2013 qka pas konfliktit\u201d, Qendra p\u00ebr demokraci dhe zhvillim t\u00eb Serbis\u00eb jugore dhe agjensioni informativ regjional JUGpress n\u00eb Bujanoc kan\u00eb organizuar tribun\u00ebn e kat\u00ebrt n\u00eb t\u00eb cil\u00ebn tema kryesore e biedimeve ka qen\u00eb r\u00ebnd\u00ebsia e pjes\u00ebmarrjes s\u00eb pakicave komb\u00ebtare n\u00eb institucionet dhe realizimi i t\u00eb drejtave t\u00eb tyre n\u00eb regjion. N\u00eb tribun\u00eb p\u00ebrpos tjerash, ka folur edhe ambasadori i Holand\u00ebs i akredituar n\u00eb Serbi, Ron Van Dartel i cili ftoi shqip\u00ebtar\u00ebt e Bujanocit q\u00eb s\u00eb bashku t\u00eb punojn\u00eb n\u00eb formimin e K\u00ebshillit Nacional Shqip\u00ebtar\u00eb. Ambasadori p\u00ebrpos t\u00eb tjerash tha se p\u00ebr Shqip\u00ebtar\u00ebt, K\u00ebshilli Nacional do t\u00eb thot\u00eb bashk\u00ebpunimi m\u00eb i mir\u00eb me Trupin Koordinues p\u00ebr Serbin\u00eb jugore dhe me Qeverin\u00eb qendrore n\u00eb Beograd."}