{"version":"1.0","provider_name":"Republika e S\u00ebrbis\u00eb Trupi Koordinues p\u00ebr komunat Bujanoc, Preshev\u00eb dhe Medvegj\u00eb","provider_url":"https:\/\/kt.gov.rs\/sq\/","author_name":"ktmin","author_url":"https:\/\/kt.gov.rs\/sq\/author\/ktmin\/","title":"28.8.2010. - Republika e S\u00ebrbis\u00eb Trupi Koordinues p\u00ebr komunat Bujanoc, Preshev\u00eb dhe Medvegj\u00eb","type":"rich","width":600,"height":338,"html":"<blockquote class=\"wp-embedded-content\" data-secret=\"jwFTuOLVDJ\"><a href=\"https:\/\/kt.gov.rs\/sq\/28-8-2010\/\">28.8.2010.<\/a><\/blockquote><iframe sandbox=\"allow-scripts\" security=\"restricted\" src=\"https:\/\/kt.gov.rs\/sq\/28-8-2010\/embed\/#?secret=jwFTuOLVDJ\" width=\"600\" height=\"338\" title=\"\u201c28.8.2010.\u201d \u2014 Republika e S\u00ebrbis\u00eb Trupi Koordinues p\u00ebr komunat Bujanoc, Preshev\u00eb dhe Medvegj\u00eb\" data-secret=\"jwFTuOLVDJ\" frameborder=\"0\" marginwidth=\"0\" marginheight=\"0\" scrolling=\"no\" class=\"wp-embedded-content\"><\/iframe><script type=\"text\/javascript\">\n\/* <![CDATA[ *\/\n\/*! This file is auto-generated *\/\n!function(d,l){\"use strict\";l.querySelector&&d.addEventListener&&\"undefined\"!=typeof URL&&(d.wp=d.wp||{},d.wp.receiveEmbedMessage||(d.wp.receiveEmbedMessage=function(e){var t=e.data;if((t||t.secret||t.message||t.value)&&!\/[^a-zA-Z0-9]\/.test(t.secret)){for(var s,r,n,a=l.querySelectorAll('iframe[data-secret=\"'+t.secret+'\"]'),o=l.querySelectorAll('blockquote[data-secret=\"'+t.secret+'\"]'),c=new RegExp(\"^https?:$\",\"i\"),i=0;i<o.length;i++)o[i].style.display=\"none\";for(i=0;i<a.length;i++)s=a[i],e.source===s.contentWindow&&(s.removeAttribute(\"style\"),\"height\"===t.message?(1e3<(r=parseInt(t.value,10))?r=1e3:~~r<200&&(r=200),s.height=r):\"link\"===t.message&&(r=new URL(s.getAttribute(\"src\")),n=new URL(t.value),c.test(n.protocol))&&n.host===r.host&&l.activeElement===s&&(d.top.location.href=t.value))}},d.addEventListener(\"message\",d.wp.receiveEmbedMessage,!1),l.addEventListener(\"DOMContentLoaded\",function(){for(var e,t,s=l.querySelectorAll(\"iframe.wp-embedded-content\"),r=0;r<s.length;r++)(t=(e=s[r]).getAttribute(\"data-secret\"))||(t=Math.random().toString(36).substring(2,12),e.src+=\"#?secret=\"+t,e.setAttribute(\"data-secret\",t)),e.contentWindow.postMessage({message:\"ready\",secret:t},\"*\")},!1)))}(window,document);\n\/* ]]> *\/\n<\/script>\n","description":"Ndihm\u00eb inisiativave p\u00ebr biznes t\u00eb vog\u00ebl n\u00eb jug t\u00eb Serbis\u00eb  Organizata HELP ka filluar fushat\u00ebn n\u00eb teritorin e qytetit t\u00eb Vranj\u00ebs n\u00eb lidhje me projektin ,, zvog\u00eblimi i varf\u00ebris\u00eb n\u00ebp\u00ebrmjet mb\u00ebshtetjes p\u00ebr zhvillim t\u00eb q\u00ebndruesh\u00ebm lokal n\u00eb jug t\u00eb Serbis\u00eb\u2019\u2019. Projekti realizohet n\u00eb teritorin e qyteteve t\u00eb Nishit dhe Vranj\u00ebs si dhe komunave t\u00eb Aleksinc\u00ebs, Bujanocit, Pirotit dhe Preshev\u00ebs, projekt i cili finansohet nga Qeveria Gjermane. Investimet e p\u00ebrgjithshme kapin sum\u00ebn prej 956.200 euro dhe do t\u00eb zgjas\u00eb nga korriku i vitit 2010 deri n\u00eb dhjetor\u00eb t\u00eb vitit 2011. Suma e nj\u00eb pjese t\u00eb projektit i cili implementohet n\u00eb teritoren e qytetit t\u00eb Vranj\u00ebs \u00ebsht\u00eb rreth 130.000 euro nga e cila qyteti i Vranj\u00ebs merr pjes\u00eb me 56.000 euro."}