{"version":"1.0","provider_name":"Republika e S\u00ebrbis\u00eb Trupi Koordinues p\u00ebr komunat Bujanoc, Preshev\u00eb dhe Medvegj\u00eb","provider_url":"https:\/\/kt.gov.rs\/sq\/","author_name":"ktmin","author_url":"https:\/\/kt.gov.rs\/sq\/author\/ktmin\/","title":"26.06.2009 - Republika e S\u00ebrbis\u00eb Trupi Koordinues p\u00ebr komunat Bujanoc, Preshev\u00eb dhe Medvegj\u00eb","type":"rich","width":600,"height":338,"html":"<blockquote class=\"wp-embedded-content\" data-secret=\"5kj8OQnYQ8\"><a href=\"https:\/\/kt.gov.rs\/sq\/26-06-2009\/\">26.06.2009<\/a><\/blockquote><iframe sandbox=\"allow-scripts\" security=\"restricted\" src=\"https:\/\/kt.gov.rs\/sq\/26-06-2009\/embed\/#?secret=5kj8OQnYQ8\" width=\"600\" height=\"338\" title=\"\u201c26.06.2009\u201d \u2014 Republika e S\u00ebrbis\u00eb Trupi Koordinues p\u00ebr komunat Bujanoc, Preshev\u00eb dhe Medvegj\u00eb\" data-secret=\"5kj8OQnYQ8\" frameborder=\"0\" marginwidth=\"0\" marginheight=\"0\" scrolling=\"no\" class=\"wp-embedded-content\"><\/iframe><script type=\"text\/javascript\">\n\/* <![CDATA[ *\/\n\/*! This file is auto-generated *\/\n!function(d,l){\"use strict\";l.querySelector&&d.addEventListener&&\"undefined\"!=typeof URL&&(d.wp=d.wp||{},d.wp.receiveEmbedMessage||(d.wp.receiveEmbedMessage=function(e){var t=e.data;if((t||t.secret||t.message||t.value)&&!\/[^a-zA-Z0-9]\/.test(t.secret)){for(var s,r,n,a=l.querySelectorAll('iframe[data-secret=\"'+t.secret+'\"]'),o=l.querySelectorAll('blockquote[data-secret=\"'+t.secret+'\"]'),c=new RegExp(\"^https?:$\",\"i\"),i=0;i<o.length;i++)o[i].style.display=\"none\";for(i=0;i<a.length;i++)s=a[i],e.source===s.contentWindow&&(s.removeAttribute(\"style\"),\"height\"===t.message?(1e3<(r=parseInt(t.value,10))?r=1e3:~~r<200&&(r=200),s.height=r):\"link\"===t.message&&(r=new URL(s.getAttribute(\"src\")),n=new URL(t.value),c.test(n.protocol))&&n.host===r.host&&l.activeElement===s&&(d.top.location.href=t.value))}},d.addEventListener(\"message\",d.wp.receiveEmbedMessage,!1),l.addEventListener(\"DOMContentLoaded\",function(){for(var e,t,s=l.querySelectorAll(\"iframe.wp-embedded-content\"),r=0;r<s.length;r++)(t=(e=s[r]).getAttribute(\"data-secret\"))||(t=Math.random().toString(36).substring(2,12),e.src+=\"#?secret=\"+t,e.setAttribute(\"data-secret\",t)),e.contentWindow.postMessage({message:\"ready\",secret:t},\"*\")},!1)))}(window,document);\n\/* ]]> *\/\n<\/script>\n","description":"N\u00eb gjasht\u00eb muajt\u00eb e ardhsh\u00ebm n\u00eb komun\u00ebn e Medvegj\u00ebs n\u00eb pun\u00ebt pun\u00ebt publike do t\u00eb angazhohen gjasht\u00ebdhjet\u00eb e gjasht\u00eb pun\u00ebtor\u00eb nga evidenca e Sh\u00ebrbimit nacional p\u00ebr pun\u00ebsim. Sipas kontrat\u00ebs q\u00eb m\u00eb par\u00eb \u00ebsht\u00eb n\u00ebnshkruar me Ministrin\u00eb p\u00ebr ekonomi dhe zhvillim regjional, ata do t\u00eb punojn\u00eb n\u00eb disa projekte t\u00eb Sht\u00ebpis\u00eb s\u00eb sh\u00ebndetit, ornizat\u00ebs JPK ,,Obnova\u2019\u2019. Shuma e p\u00ebrgjithshme e k\u00ebtyre pun\u00ebve kap\u00eb cifr\u00ebn prej n\u00ebnt\u00eb milion\u00eb dinar\u00eb."}