{"version":"1.0","provider_name":"Republika e S\u00ebrbis\u00eb Trupi Koordinues p\u00ebr komunat Bujanoc, Preshev\u00eb dhe Medvegj\u00eb","provider_url":"https:\/\/kt.gov.rs\/sq\/","author_name":"ktmin","author_url":"https:\/\/kt.gov.rs\/sq\/author\/ktmin\/","title":"25.1.2011. - Republika e S\u00ebrbis\u00eb Trupi Koordinues p\u00ebr komunat Bujanoc, Preshev\u00eb dhe Medvegj\u00eb","type":"rich","width":600,"height":338,"html":"<blockquote class=\"wp-embedded-content\" data-secret=\"nontLyrd5q\"><a href=\"https:\/\/kt.gov.rs\/sq\/25-1-2011\/\">25.1.2011.<\/a><\/blockquote><iframe sandbox=\"allow-scripts\" security=\"restricted\" src=\"https:\/\/kt.gov.rs\/sq\/25-1-2011\/embed\/#?secret=nontLyrd5q\" width=\"600\" height=\"338\" title=\"\u201c25.1.2011.\u201d \u2014 Republika e S\u00ebrbis\u00eb Trupi Koordinues p\u00ebr komunat Bujanoc, Preshev\u00eb dhe Medvegj\u00eb\" data-secret=\"nontLyrd5q\" frameborder=\"0\" marginwidth=\"0\" marginheight=\"0\" scrolling=\"no\" class=\"wp-embedded-content\"><\/iframe><script type=\"text\/javascript\">\n\/* <![CDATA[ *\/\n\/*! This file is auto-generated *\/\n!function(d,l){\"use strict\";l.querySelector&&d.addEventListener&&\"undefined\"!=typeof URL&&(d.wp=d.wp||{},d.wp.receiveEmbedMessage||(d.wp.receiveEmbedMessage=function(e){var t=e.data;if((t||t.secret||t.message||t.value)&&!\/[^a-zA-Z0-9]\/.test(t.secret)){for(var s,r,n,a=l.querySelectorAll('iframe[data-secret=\"'+t.secret+'\"]'),o=l.querySelectorAll('blockquote[data-secret=\"'+t.secret+'\"]'),c=new RegExp(\"^https?:$\",\"i\"),i=0;i<o.length;i++)o[i].style.display=\"none\";for(i=0;i<a.length;i++)s=a[i],e.source===s.contentWindow&&(s.removeAttribute(\"style\"),\"height\"===t.message?(1e3<(r=parseInt(t.value,10))?r=1e3:~~r<200&&(r=200),s.height=r):\"link\"===t.message&&(r=new URL(s.getAttribute(\"src\")),n=new URL(t.value),c.test(n.protocol))&&n.host===r.host&&l.activeElement===s&&(d.top.location.href=t.value))}},d.addEventListener(\"message\",d.wp.receiveEmbedMessage,!1),l.addEventListener(\"DOMContentLoaded\",function(){for(var e,t,s=l.querySelectorAll(\"iframe.wp-embedded-content\"),r=0;r<s.length;r++)(t=(e=s[r]).getAttribute(\"data-secret\"))||(t=Math.random().toString(36).substring(2,12),e.src+=\"#?secret=\"+t,e.setAttribute(\"data-secret\",t)),e.contentWindow.postMessage({message:\"ready\",secret:t},\"*\")},!1)))}(window,document);\n\/* ]]> *\/\n<\/script>\n","description":"Diqka t\u00eb re n\u00eb Medvegj\u00eb, n\u00eb nj\u00ebr\u00ebn nd\u00ebr komunat m\u00eb t\u00eb varf\u00ebra n\u00eb Serbin\u00eb jugore Mevegj\u00eb - Vitin\u00a0 e kaluar n\u00eb Medvegj\u00eb n\u00eb minier\u00ebn Lece kan\u00eb gjetur pun\u00eb 250 pun\u00ebtor\u00eb. Para tri vitesh miniera Lece \u00ebsht\u00eb bler\u00eb nga ,,Farmakom MB\u2019\u2019 nga Shabaci. N\u00eb k\u00ebt\u00eb minier\u00eb t\u00eb braktisur \u00ebsht\u00eb investuar 10 milion\u00eb euro nd\u00ebrsa ekspert\u00ebt parashohin q\u00eb ky investim s\u00eb shpejti do t\u00eb shpaguhet. Sipas rezultateve t\u00eb hulumtimeve t\u00eb deritanishme, eksploatimi intenziv do t\u00eb jet\u00eb i mundur gjat\u00eb gjysm\u00eb shekulli t\u00eb ardhsh\u00ebm."}