{"version":"1.0","provider_name":"Republika e S\u00ebrbis\u00eb Trupi Koordinues p\u00ebr komunat Bujanoc, Preshev\u00eb dhe Medvegj\u00eb","provider_url":"https:\/\/kt.gov.rs\/sq\/","author_name":"ktmin","author_url":"https:\/\/kt.gov.rs\/sq\/author\/ktmin\/","title":"23.3.2010. - Republika e S\u00ebrbis\u00eb Trupi Koordinues p\u00ebr komunat Bujanoc, Preshev\u00eb dhe Medvegj\u00eb","type":"rich","width":600,"height":338,"html":"<blockquote class=\"wp-embedded-content\" data-secret=\"FFd1UGfPKB\"><a href=\"https:\/\/kt.gov.rs\/sq\/23-3-2010\/\">23.3.2010.<\/a><\/blockquote><iframe sandbox=\"allow-scripts\" security=\"restricted\" src=\"https:\/\/kt.gov.rs\/sq\/23-3-2010\/embed\/#?secret=FFd1UGfPKB\" width=\"600\" height=\"338\" title=\"\u201c23.3.2010.\u201d \u2014 Republika e S\u00ebrbis\u00eb Trupi Koordinues p\u00ebr komunat Bujanoc, Preshev\u00eb dhe Medvegj\u00eb\" data-secret=\"FFd1UGfPKB\" frameborder=\"0\" marginwidth=\"0\" marginheight=\"0\" scrolling=\"no\" class=\"wp-embedded-content\"><\/iframe><script type=\"text\/javascript\">\n\/* <![CDATA[ *\/\n\/*! This file is auto-generated *\/\n!function(d,l){\"use strict\";l.querySelector&&d.addEventListener&&\"undefined\"!=typeof URL&&(d.wp=d.wp||{},d.wp.receiveEmbedMessage||(d.wp.receiveEmbedMessage=function(e){var t=e.data;if((t||t.secret||t.message||t.value)&&!\/[^a-zA-Z0-9]\/.test(t.secret)){for(var s,r,n,a=l.querySelectorAll('iframe[data-secret=\"'+t.secret+'\"]'),o=l.querySelectorAll('blockquote[data-secret=\"'+t.secret+'\"]'),c=new RegExp(\"^https?:$\",\"i\"),i=0;i<o.length;i++)o[i].style.display=\"none\";for(i=0;i<a.length;i++)s=a[i],e.source===s.contentWindow&&(s.removeAttribute(\"style\"),\"height\"===t.message?(1e3<(r=parseInt(t.value,10))?r=1e3:~~r<200&&(r=200),s.height=r):\"link\"===t.message&&(r=new URL(s.getAttribute(\"src\")),n=new URL(t.value),c.test(n.protocol))&&n.host===r.host&&l.activeElement===s&&(d.top.location.href=t.value))}},d.addEventListener(\"message\",d.wp.receiveEmbedMessage,!1),l.addEventListener(\"DOMContentLoaded\",function(){for(var e,t,s=l.querySelectorAll(\"iframe.wp-embedded-content\"),r=0;r<s.length;r++)(t=(e=s[r]).getAttribute(\"data-secret\"))||(t=Math.random().toString(36).substring(2,12),e.src+=\"#?secret=\"+t,e.setAttribute(\"data-secret\",t)),e.contentWindow.postMessage({message:\"ready\",secret:t},\"*\")},!1)))}(window,document);\n\/* ]]> *\/\n<\/script>\n","description":"Qendra p\u00ebr medijim n\u00eb konfliktet ekonomike, e cila \u00ebsht\u00eb hapur jav\u00ebn e kaluar pran\u00eb Agjensionit Regjional n\u00eb dhom\u00ebn ekonomike n\u00eb Leskoc, duhet t\u00eb nd\u00ebrmjet\u00ebsoj\u00eb n\u00eb zgjidhjen e problemeve t\u00eb p\u00ebrditshme t\u00eb subjekteve ekonomike n\u00eb 13 komunat e regjionit t\u00eb P\u00e7inj\u00ebs dhe t\u00eb Jabllanic\u00ebs. Problemet n\u00eb ekonomin\u00eb e Serbis\u00eb jugore jan\u00eb t\u00eb m\u00ebdha ashtuq\u00eb p\u00ebr zgjidhjen e tyre nevojitet m\u00eb tep\u00ebr k\u00ebmb\u00ebngulje dhe durim, nd\u00ebrsa qendra p\u00ebr medijim p\u00ebr konflikte ekonomike duhet t\u00eb ndihmoj\u00eb n\u00eb k\u00ebt\u00eb drejtim."}