{"version":"1.0","provider_name":"Republika e S\u00ebrbis\u00eb Trupi Koordinues p\u00ebr komunat Bujanoc, Preshev\u00eb dhe Medvegj\u00eb","provider_url":"https:\/\/kt.gov.rs\/sq\/","author_name":"ktmin","author_url":"https:\/\/kt.gov.rs\/sq\/author\/ktmin\/","title":"2010-05-04 - Republika e S\u00ebrbis\u00eb Trupi Koordinues p\u00ebr komunat Bujanoc, Preshev\u00eb dhe Medvegj\u00eb","type":"rich","width":600,"height":338,"html":"<blockquote class=\"wp-embedded-content\" data-secret=\"YEe4LQMCuC\"><a href=\"https:\/\/kt.gov.rs\/sq\/2010-05-04\/\">2010-05-04<\/a><\/blockquote><iframe sandbox=\"allow-scripts\" security=\"restricted\" src=\"https:\/\/kt.gov.rs\/sq\/2010-05-04\/embed\/#?secret=YEe4LQMCuC\" width=\"600\" height=\"338\" title=\"\u201c2010-05-04\u201d \u2014 Republika e S\u00ebrbis\u00eb Trupi Koordinues p\u00ebr komunat Bujanoc, Preshev\u00eb dhe Medvegj\u00eb\" data-secret=\"YEe4LQMCuC\" frameborder=\"0\" marginwidth=\"0\" marginheight=\"0\" scrolling=\"no\" class=\"wp-embedded-content\"><\/iframe><script type=\"text\/javascript\">\n\/* <![CDATA[ *\/\n\/*! This file is auto-generated *\/\n!function(d,l){\"use strict\";l.querySelector&&d.addEventListener&&\"undefined\"!=typeof URL&&(d.wp=d.wp||{},d.wp.receiveEmbedMessage||(d.wp.receiveEmbedMessage=function(e){var t=e.data;if((t||t.secret||t.message||t.value)&&!\/[^a-zA-Z0-9]\/.test(t.secret)){for(var s,r,n,a=l.querySelectorAll('iframe[data-secret=\"'+t.secret+'\"]'),o=l.querySelectorAll('blockquote[data-secret=\"'+t.secret+'\"]'),c=new RegExp(\"^https?:$\",\"i\"),i=0;i<o.length;i++)o[i].style.display=\"none\";for(i=0;i<a.length;i++)s=a[i],e.source===s.contentWindow&&(s.removeAttribute(\"style\"),\"height\"===t.message?(1e3<(r=parseInt(t.value,10))?r=1e3:~~r<200&&(r=200),s.height=r):\"link\"===t.message&&(r=new URL(s.getAttribute(\"src\")),n=new URL(t.value),c.test(n.protocol))&&n.host===r.host&&l.activeElement===s&&(d.top.location.href=t.value))}},d.addEventListener(\"message\",d.wp.receiveEmbedMessage,!1),l.addEventListener(\"DOMContentLoaded\",function(){for(var e,t,s=l.querySelectorAll(\"iframe.wp-embedded-content\"),r=0;r<s.length;r++)(t=(e=s[r]).getAttribute(\"data-secret\"))||(t=Math.random().toString(36).substring(2,12),e.src+=\"#?secret=\"+t,e.setAttribute(\"data-secret\",t)),e.contentWindow.postMessage({message:\"ready\",secret:t},\"*\")},!1)))}(window,document);\n\/* ]]> *\/\n<\/script>\n","description":"K\u00ebt\u00eb vit\u00eb 40 qytetar\u00eb nga Presheva, Bujanoci dhe Medvegja u kan\u00eb d\u00ebrguar ankesa sh\u00ebrbimit profesional t\u00eb Ombudspersonit republikan p\u00ebr pun\u00ebn e joprofesionale t\u00eb pun\u00ebtor\u00ebve t\u00eb pushtetit lokal dhe vet\u00ebqeverisjes lokale. Mbrojt\u00ebsi republikan i qytetar\u00ebve Sasha Jankoviq tha se, p\u00ebr k\u00ebt\u00eb num\u00ebr t\u00eb vog\u00ebl ankesash n\u00eb Sebin\u00eb jugore \u00ebsht\u00eb informimi jo i mjaftuesh\u00ebm i qytetar\u00ebve dhe larg\u00ebsia nga institucionet republikane, e jo arsyeja q\u00eb nuk kan\u00eb probleme, dhe se p\u00ebr ate \u00ebsht\u00eb e patjet\u00ebrsueshme promovimi i kontakteve me qytetar\u00eb."}