{"version":"1.0","provider_name":"Republika e S\u00ebrbis\u00eb Trupi Koordinues p\u00ebr komunat Bujanoc, Preshev\u00eb dhe Medvegj\u00eb","provider_url":"https:\/\/kt.gov.rs\/sq\/","author_name":"ktmin","author_url":"https:\/\/kt.gov.rs\/sq\/author\/ktmin\/","title":"19.12.2009. - Republika e S\u00ebrbis\u00eb Trupi Koordinues p\u00ebr komunat Bujanoc, Preshev\u00eb dhe Medvegj\u00eb","type":"rich","width":600,"height":338,"html":"<blockquote class=\"wp-embedded-content\" data-secret=\"bFpCPmRcYt\"><a href=\"https:\/\/kt.gov.rs\/sq\/19-12-2009\/\">19.12.2009.<\/a><\/blockquote><iframe sandbox=\"allow-scripts\" security=\"restricted\" src=\"https:\/\/kt.gov.rs\/sq\/19-12-2009\/embed\/#?secret=bFpCPmRcYt\" width=\"600\" height=\"338\" title=\"\u201c19.12.2009.\u201d \u2014 Republika e S\u00ebrbis\u00eb Trupi Koordinues p\u00ebr komunat Bujanoc, Preshev\u00eb dhe Medvegj\u00eb\" data-secret=\"bFpCPmRcYt\" frameborder=\"0\" marginwidth=\"0\" marginheight=\"0\" scrolling=\"no\" class=\"wp-embedded-content\"><\/iframe><script type=\"text\/javascript\">\n\/* <![CDATA[ *\/\n\/*! This file is auto-generated *\/\n!function(d,l){\"use strict\";l.querySelector&&d.addEventListener&&\"undefined\"!=typeof URL&&(d.wp=d.wp||{},d.wp.receiveEmbedMessage||(d.wp.receiveEmbedMessage=function(e){var t=e.data;if((t||t.secret||t.message||t.value)&&!\/[^a-zA-Z0-9]\/.test(t.secret)){for(var s,r,n,a=l.querySelectorAll('iframe[data-secret=\"'+t.secret+'\"]'),o=l.querySelectorAll('blockquote[data-secret=\"'+t.secret+'\"]'),c=new RegExp(\"^https?:$\",\"i\"),i=0;i<o.length;i++)o[i].style.display=\"none\";for(i=0;i<a.length;i++)s=a[i],e.source===s.contentWindow&&(s.removeAttribute(\"style\"),\"height\"===t.message?(1e3<(r=parseInt(t.value,10))?r=1e3:~~r<200&&(r=200),s.height=r):\"link\"===t.message&&(r=new URL(s.getAttribute(\"src\")),n=new URL(t.value),c.test(n.protocol))&&n.host===r.host&&l.activeElement===s&&(d.top.location.href=t.value))}},d.addEventListener(\"message\",d.wp.receiveEmbedMessage,!1),l.addEventListener(\"DOMContentLoaded\",function(){for(var e,t,s=l.querySelectorAll(\"iframe.wp-embedded-content\"),r=0;r<s.length;r++)(t=(e=s[r]).getAttribute(\"data-secret\"))||(t=Math.random().toString(36).substring(2,12),e.src+=\"#?secret=\"+t,e.setAttribute(\"data-secret\",t)),e.contentWindow.postMessage({message:\"ready\",secret:t},\"*\")},!1)))}(window,document);\n\/* ]]> *\/\n<\/script>\n","description":"Verica Kallanoviq, ministresh p\u00ebr Planin nacional investues, eshte takuar dje n\u00eb Bujanoc me kryetar\u00ebt e 40 komunave m\u00eb t\u00eb pazhvilluara n\u00eb Serbi. N\u00eb tubim u fol p\u00ebr realizimin e projekteve n\u00eb k\u00ebt\u00eb vit dhe p\u00ebr planet p\u00ebr vitin tjet\u00ebr. \u201cjam i lumtur me bashkupinimin q\u00eb kam me ju, edhe pse kjo e t\u00ebra ka mundur t\u00eb jet\u00eb edhe shum\u00eb m\u00eb mir\u00eb dhe shum\u00eb m\u00eb tep\u00ebr. Prej 148 projekteve t\u00eb lejuara p\u00ebr n\u00ebnt\u00eb muaj n\u00eb t\u00ebr\u00ebsi jan\u00eb realizuar 67, nd\u00ebrsa 47 projekte jan\u00eb p\u00ebrfunduar me shkall\u00eb 50%. Pres q\u00eb vitin e ardhsh\u00ebm t\u00eb gjith\u00eb t\u00eb p\u00ebrpiqemi m\u00eb tep\u00ebr. Edhe ne n\u00eb Ministri, por edhe ju n\u00eb mjediset tuaja\u201d tha ministresh Kallanoviq."}