{"version":"1.0","provider_name":"Republika e S\u00ebrbis\u00eb Trupi Koordinues p\u00ebr komunat Bujanoc, Preshev\u00eb dhe Medvegj\u00eb","provider_url":"https:\/\/kt.gov.rs\/sq\/","author_name":"ktmin","author_url":"https:\/\/kt.gov.rs\/sq\/author\/ktmin\/","title":"18. 09. 2009 - Republika e S\u00ebrbis\u00eb Trupi Koordinues p\u00ebr komunat Bujanoc, Preshev\u00eb dhe Medvegj\u00eb","type":"rich","width":600,"height":338,"html":"<blockquote class=\"wp-embedded-content\" data-secret=\"4ZL5kL76CT\"><a href=\"https:\/\/kt.gov.rs\/sq\/18-09-2009\/\">18. 09. 2009<\/a><\/blockquote><iframe sandbox=\"allow-scripts\" security=\"restricted\" src=\"https:\/\/kt.gov.rs\/sq\/18-09-2009\/embed\/#?secret=4ZL5kL76CT\" width=\"600\" height=\"338\" title=\"\u201c18. 09. 2009\u201d \u2014 Republika e S\u00ebrbis\u00eb Trupi Koordinues p\u00ebr komunat Bujanoc, Preshev\u00eb dhe Medvegj\u00eb\" data-secret=\"4ZL5kL76CT\" frameborder=\"0\" marginwidth=\"0\" marginheight=\"0\" scrolling=\"no\" class=\"wp-embedded-content\"><\/iframe><script type=\"text\/javascript\">\n\/* <![CDATA[ *\/\n\/*! This file is auto-generated *\/\n!function(d,l){\"use strict\";l.querySelector&&d.addEventListener&&\"undefined\"!=typeof URL&&(d.wp=d.wp||{},d.wp.receiveEmbedMessage||(d.wp.receiveEmbedMessage=function(e){var t=e.data;if((t||t.secret||t.message||t.value)&&!\/[^a-zA-Z0-9]\/.test(t.secret)){for(var s,r,n,a=l.querySelectorAll('iframe[data-secret=\"'+t.secret+'\"]'),o=l.querySelectorAll('blockquote[data-secret=\"'+t.secret+'\"]'),c=new RegExp(\"^https?:$\",\"i\"),i=0;i<o.length;i++)o[i].style.display=\"none\";for(i=0;i<a.length;i++)s=a[i],e.source===s.contentWindow&&(s.removeAttribute(\"style\"),\"height\"===t.message?(1e3<(r=parseInt(t.value,10))?r=1e3:~~r<200&&(r=200),s.height=r):\"link\"===t.message&&(r=new URL(s.getAttribute(\"src\")),n=new URL(t.value),c.test(n.protocol))&&n.host===r.host&&l.activeElement===s&&(d.top.location.href=t.value))}},d.addEventListener(\"message\",d.wp.receiveEmbedMessage,!1),l.addEventListener(\"DOMContentLoaded\",function(){for(var e,t,s=l.querySelectorAll(\"iframe.wp-embedded-content\"),r=0;r<s.length;r++)(t=(e=s[r]).getAttribute(\"data-secret\"))||(t=Math.random().toString(36).substring(2,12),e.src+=\"#?secret=\"+t,e.setAttribute(\"data-secret\",t)),e.contentWindow.postMessage({message:\"ready\",secret:t},\"*\")},!1)))}(window,document);\n\/* ]]> *\/\n<\/script>\n","description":"Zyret e ombudsmanit republikan do t\u00eb hapen n\u00eb Preshev\u00eb, Bujanoc dhe Medvegj\u00eb deri n\u00eb fund\u00eb t\u00eb k\u00ebtij viti. Secila nga k\u00ebto zyre do t\u00eb punoj\u00eb n\u00eb dit\u00ebt e caktuara, kurse n\u00eb nd\u00ebrkoh\u00eb hap\u00ebsirat e k\u00ebtyre zyreve do t\u00eb p\u00ebrdoren p\u00ebr q\u00ebllime t\u00eb tjera. T\u00eb pun\u00ebsuarit n\u00eb k\u00ebto zyre do t\u00eb jen\u00eb pjes\u00eb e sh\u00ebrbimit t\u00eb ombudsmanit t\u00eb angazhuar p\u00ebr kontakte me qytetar\u00ebt dhe p\u00ebr pranimin e ankesave kurse n\u00eb konkurs do t\u00eb jen\u00eb posaq\u00ebrisht t\u00eb motivuar t\u00eb lajm\u00ebrohen pjes\u00ebtar\u00ebt e pakicave komb\u00ebtare."}