{"version":"1.0","provider_name":"Republika e S\u00ebrbis\u00eb Trupi Koordinues p\u00ebr komunat Bujanoc, Preshev\u00eb dhe Medvegj\u00eb","provider_url":"https:\/\/kt.gov.rs\/sq\/","author_name":"ktmin","author_url":"https:\/\/kt.gov.rs\/sq\/author\/ktmin\/","title":"17. shkurt\u00eb 2009. - Republika e S\u00ebrbis\u00eb Trupi Koordinues p\u00ebr komunat Bujanoc, Preshev\u00eb dhe Medvegj\u00eb","type":"rich","width":600,"height":338,"html":"<blockquote class=\"wp-embedded-content\" data-secret=\"EBJcefdbdC\"><a href=\"https:\/\/kt.gov.rs\/sq\/17-shkurte-2009\/\">17. shkurt\u00eb 2009.<\/a><\/blockquote><iframe sandbox=\"allow-scripts\" security=\"restricted\" src=\"https:\/\/kt.gov.rs\/sq\/17-shkurte-2009\/embed\/#?secret=EBJcefdbdC\" width=\"600\" height=\"338\" title=\"\u201c17. shkurt\u00eb 2009.\u201d \u2014 Republika e S\u00ebrbis\u00eb Trupi Koordinues p\u00ebr komunat Bujanoc, Preshev\u00eb dhe Medvegj\u00eb\" data-secret=\"EBJcefdbdC\" frameborder=\"0\" marginwidth=\"0\" marginheight=\"0\" scrolling=\"no\" class=\"wp-embedded-content\"><\/iframe><script type=\"text\/javascript\">\n\/* <![CDATA[ *\/\n\/*! This file is auto-generated *\/\n!function(d,l){\"use strict\";l.querySelector&&d.addEventListener&&\"undefined\"!=typeof URL&&(d.wp=d.wp||{},d.wp.receiveEmbedMessage||(d.wp.receiveEmbedMessage=function(e){var t=e.data;if((t||t.secret||t.message||t.value)&&!\/[^a-zA-Z0-9]\/.test(t.secret)){for(var s,r,n,a=l.querySelectorAll('iframe[data-secret=\"'+t.secret+'\"]'),o=l.querySelectorAll('blockquote[data-secret=\"'+t.secret+'\"]'),c=new RegExp(\"^https?:$\",\"i\"),i=0;i<o.length;i++)o[i].style.display=\"none\";for(i=0;i<a.length;i++)s=a[i],e.source===s.contentWindow&&(s.removeAttribute(\"style\"),\"height\"===t.message?(1e3<(r=parseInt(t.value,10))?r=1e3:~~r<200&&(r=200),s.height=r):\"link\"===t.message&&(r=new URL(s.getAttribute(\"src\")),n=new URL(t.value),c.test(n.protocol))&&n.host===r.host&&l.activeElement===s&&(d.top.location.href=t.value))}},d.addEventListener(\"message\",d.wp.receiveEmbedMessage,!1),l.addEventListener(\"DOMContentLoaded\",function(){for(var e,t,s=l.querySelectorAll(\"iframe.wp-embedded-content\"),r=0;r<s.length;r++)(t=(e=s[r]).getAttribute(\"data-secret\"))||(t=Math.random().toString(36).substring(2,12),e.src+=\"#?secret=\"+t,e.setAttribute(\"data-secret\",t)),e.contentWindow.postMessage({message:\"ready\",secret:t},\"*\")},!1)))}(window,document);\n\/* ]]> *\/\n<\/script>\n","description":"Holandezi Jerun De Vris \u00ebsht\u00eb kryeshefi i ri i zyres s\u00eb OSBE-s\u00eb n\u00eb Bujanoc. Ai n\u00eb k\u00ebt\u00eb post\u00eb z\u00ebvend\u00ebsoi Martin Brooks i cili u transferua n\u00eb zyren e EULEKS-it n\u00eb Prishtin\u00eb. De Vris ka punuar n\u00eb Misionin e Kombeve t\u00eb Bashkuara n\u00eb Kamboxh\u00eb, n\u00eb Misionin e UNHCR-t n\u00eb Ruand\u00eb, n\u00eb Bosn\u00eb dhe Hercegovin\u00eb, Kroaci si dhe n\u00eb misione tjera nd\u00ebrkomb\u00ebtare. Zyrja e OSBE-s\u00eb n\u00eb Bujanoc \u00ebsht\u00eb hapur n\u00eb vitin 2001 pas p\u00ebrfundimit t\u00eb konflikteve t\u00eb armatosura n\u00eb Serbin\u00eb Jugore."}