{"version":"1.0","provider_name":"Republika e S\u00ebrbis\u00eb Trupi Koordinues p\u00ebr komunat Bujanoc, Preshev\u00eb dhe Medvegj\u00eb","provider_url":"https:\/\/kt.gov.rs\/sq\/","author_name":"ktmin","author_url":"https:\/\/kt.gov.rs\/sq\/author\/ktmin\/","title":"15.10.2010. - Republika e S\u00ebrbis\u00eb Trupi Koordinues p\u00ebr komunat Bujanoc, Preshev\u00eb dhe Medvegj\u00eb","type":"rich","width":600,"height":338,"html":"<blockquote class=\"wp-embedded-content\" data-secret=\"nRPRjv2DiG\"><a href=\"https:\/\/kt.gov.rs\/sq\/15-10-2010\/\">15.10.2010.<\/a><\/blockquote><iframe sandbox=\"allow-scripts\" security=\"restricted\" src=\"https:\/\/kt.gov.rs\/sq\/15-10-2010\/embed\/#?secret=nRPRjv2DiG\" width=\"600\" height=\"338\" title=\"\u201c15.10.2010.\u201d \u2014 Republika e S\u00ebrbis\u00eb Trupi Koordinues p\u00ebr komunat Bujanoc, Preshev\u00eb dhe Medvegj\u00eb\" data-secret=\"nRPRjv2DiG\" frameborder=\"0\" marginwidth=\"0\" marginheight=\"0\" scrolling=\"no\" class=\"wp-embedded-content\"><\/iframe><script type=\"text\/javascript\">\n\/* <![CDATA[ *\/\n\/*! This file is auto-generated *\/\n!function(d,l){\"use strict\";l.querySelector&&d.addEventListener&&\"undefined\"!=typeof URL&&(d.wp=d.wp||{},d.wp.receiveEmbedMessage||(d.wp.receiveEmbedMessage=function(e){var t=e.data;if((t||t.secret||t.message||t.value)&&!\/[^a-zA-Z0-9]\/.test(t.secret)){for(var s,r,n,a=l.querySelectorAll('iframe[data-secret=\"'+t.secret+'\"]'),o=l.querySelectorAll('blockquote[data-secret=\"'+t.secret+'\"]'),c=new RegExp(\"^https?:$\",\"i\"),i=0;i<o.length;i++)o[i].style.display=\"none\";for(i=0;i<a.length;i++)s=a[i],e.source===s.contentWindow&&(s.removeAttribute(\"style\"),\"height\"===t.message?(1e3<(r=parseInt(t.value,10))?r=1e3:~~r<200&&(r=200),s.height=r):\"link\"===t.message&&(r=new URL(s.getAttribute(\"src\")),n=new URL(t.value),c.test(n.protocol))&&n.host===r.host&&l.activeElement===s&&(d.top.location.href=t.value))}},d.addEventListener(\"message\",d.wp.receiveEmbedMessage,!1),l.addEventListener(\"DOMContentLoaded\",function(){for(var e,t,s=l.querySelectorAll(\"iframe.wp-embedded-content\"),r=0;r<s.length;r++)(t=(e=s[r]).getAttribute(\"data-secret\"))||(t=Math.random().toString(36).substring(2,12),e.src+=\"#?secret=\"+t,e.setAttribute(\"data-secret\",t)),e.contentWindow.postMessage({message:\"ready\",secret:t},\"*\")},!1)))}(window,document);\n\/* ]]> *\/\n<\/script>\n","description":"Pas dy vitesh marr\u00ebveshja mbi formimin e pushtetit multietnik n\u00eb Bujanoc BUJANOC \u2013 Serb\u00ebt dhe Shqip\u00ebtar\u00ebt pas dy vitesh negociatash m\u00eb n\u00eb fund\u00eb ran\u00eb dakord p\u00ebr formimin e nj\u00eb qeverie multietnike. Partit\u00eb t\u00eb cilat p\u00ebrfaq\u00ebsojn\u00eb serb\u00ebt n\u00eb koalicionin e ardhsh\u00ebm udh\u00ebheq\u00ebs kan\u00eb marr\u00eb postin e zv\/kryetrit t\u00eb komun\u00ebs, zv\/kryetarit t\u00eb kuvendit komunal, tre kryeshefa, kat\u00ebr an\u00ebtar\u00eb t\u00eb k\u00ebshillit komunal, zv\/drejtorin e Sht\u00ebpis\u00eb s\u00eb sh\u00ebndetit, drejtor\u00eb n\u00eb barnatoren e qytetit si dhe shumic\u00ebn n\u00eb k\u00ebshillat drejtuese ku do t\u00eb ken\u00eb drejtor\u00eb."}