{"version":"1.0","provider_name":"Republika e S\u00ebrbis\u00eb Trupi Koordinues p\u00ebr komunat Bujanoc, Preshev\u00eb dhe Medvegj\u00eb","provider_url":"https:\/\/kt.gov.rs\/sq\/","author_name":"ktmin","author_url":"https:\/\/kt.gov.rs\/sq\/author\/ktmin\/","title":"14.06.2009 - Republika e S\u00ebrbis\u00eb Trupi Koordinues p\u00ebr komunat Bujanoc, Preshev\u00eb dhe Medvegj\u00eb","type":"rich","width":600,"height":338,"html":"<blockquote class=\"wp-embedded-content\" data-secret=\"yqDigPfAeN\"><a href=\"https:\/\/kt.gov.rs\/sq\/14-06-2009\/\">14.06.2009<\/a><\/blockquote><iframe sandbox=\"allow-scripts\" security=\"restricted\" src=\"https:\/\/kt.gov.rs\/sq\/14-06-2009\/embed\/#?secret=yqDigPfAeN\" width=\"600\" height=\"338\" title=\"\u201c14.06.2009\u201d \u2014 Republika e S\u00ebrbis\u00eb Trupi Koordinues p\u00ebr komunat Bujanoc, Preshev\u00eb dhe Medvegj\u00eb\" data-secret=\"yqDigPfAeN\" frameborder=\"0\" marginwidth=\"0\" marginheight=\"0\" scrolling=\"no\" class=\"wp-embedded-content\"><\/iframe><script type=\"text\/javascript\">\n\/* <![CDATA[ *\/\n\/*! This file is auto-generated *\/\n!function(d,l){\"use strict\";l.querySelector&&d.addEventListener&&\"undefined\"!=typeof URL&&(d.wp=d.wp||{},d.wp.receiveEmbedMessage||(d.wp.receiveEmbedMessage=function(e){var t=e.data;if((t||t.secret||t.message||t.value)&&!\/[^a-zA-Z0-9]\/.test(t.secret)){for(var s,r,n,a=l.querySelectorAll('iframe[data-secret=\"'+t.secret+'\"]'),o=l.querySelectorAll('blockquote[data-secret=\"'+t.secret+'\"]'),c=new RegExp(\"^https?:$\",\"i\"),i=0;i<o.length;i++)o[i].style.display=\"none\";for(i=0;i<a.length;i++)s=a[i],e.source===s.contentWindow&&(s.removeAttribute(\"style\"),\"height\"===t.message?(1e3<(r=parseInt(t.value,10))?r=1e3:~~r<200&&(r=200),s.height=r):\"link\"===t.message&&(r=new URL(s.getAttribute(\"src\")),n=new URL(t.value),c.test(n.protocol))&&n.host===r.host&&l.activeElement===s&&(d.top.location.href=t.value))}},d.addEventListener(\"message\",d.wp.receiveEmbedMessage,!1),l.addEventListener(\"DOMContentLoaded\",function(){for(var e,t,s=l.querySelectorAll(\"iframe.wp-embedded-content\"),r=0;r<s.length;r++)(t=(e=s[r]).getAttribute(\"data-secret\"))||(t=Math.random().toString(36).substring(2,12),e.src+=\"#?secret=\"+t,e.setAttribute(\"data-secret\",t)),e.contentWindow.postMessage({message:\"ready\",secret:t},\"*\")},!1)))}(window,document);\n\/* ]]> *\/\n<\/script>\n","description":"N\u00eb fshatin Zhbevc, i cili gjendet n\u00eb mes t\u00eb Bujanocit dhe Vranj\u00ebs, jan\u00eb nd\u00ebrtuar tri fabrika t\u00eb \u00ebmb\u00eblsirave t\u00eb cilat punojn\u00eb n\u00eb suaza\u00a0 t\u00eb industris\u00eb konditorike ,,Kondiva\u2019\u2019. N\u00eb fabrika, n\u00eb t\u00eb cilat prodhimi vjetor \u00ebsht\u00eb 500 tonelat\u00eb i kualitetit t\u00eb lart\u00eb t\u00eb deserteve t\u00eb \u00e7okoladave, bombonave dhe karamelave, jan\u00eb t\u00eb pun\u00ebsuar m\u00eb tep\u00ebr se 200 t\u00eb rinj\u00eb nga fshati Zhbevc dhe fshatrat p\u00ebrreth. Ata thon\u00eb se ambienti n\u00eb fabrika \u00ebsht\u00eb europian si dhe fabrikat jan\u00eb identike me ato t\u00eb Italis\u00eb, Belgjik\u00ebs apo t\u00eb Zvicr\u00ebs, prej nga edhe \u00ebsht\u00eb teknologjia."}