{"version":"1.0","provider_name":"Republika e S\u00ebrbis\u00eb Trupi Koordinues p\u00ebr komunat Bujanoc, Preshev\u00eb dhe Medvegj\u00eb","provider_url":"https:\/\/kt.gov.rs\/sq\/","author_name":"ktmin","author_url":"https:\/\/kt.gov.rs\/sq\/author\/ktmin\/","title":"13. gusht 2010 - Republika e S\u00ebrbis\u00eb Trupi Koordinues p\u00ebr komunat Bujanoc, Preshev\u00eb dhe Medvegj\u00eb","type":"rich","width":600,"height":338,"html":"<blockquote class=\"wp-embedded-content\" data-secret=\"4wUUqK4BqT\"><a href=\"https:\/\/kt.gov.rs\/sq\/13-gusht-2010\/\">13. gusht 2010<\/a><\/blockquote><iframe sandbox=\"allow-scripts\" security=\"restricted\" src=\"https:\/\/kt.gov.rs\/sq\/13-gusht-2010\/embed\/#?secret=4wUUqK4BqT\" width=\"600\" height=\"338\" title=\"\u201c13. gusht 2010\u201d \u2014 Republika e S\u00ebrbis\u00eb Trupi Koordinues p\u00ebr komunat Bujanoc, Preshev\u00eb dhe Medvegj\u00eb\" data-secret=\"4wUUqK4BqT\" frameborder=\"0\" marginwidth=\"0\" marginheight=\"0\" scrolling=\"no\" class=\"wp-embedded-content\"><\/iframe><script type=\"text\/javascript\">\n\/* <![CDATA[ *\/\n\/*! This file is auto-generated *\/\n!function(d,l){\"use strict\";l.querySelector&&d.addEventListener&&\"undefined\"!=typeof URL&&(d.wp=d.wp||{},d.wp.receiveEmbedMessage||(d.wp.receiveEmbedMessage=function(e){var t=e.data;if((t||t.secret||t.message||t.value)&&!\/[^a-zA-Z0-9]\/.test(t.secret)){for(var s,r,n,a=l.querySelectorAll('iframe[data-secret=\"'+t.secret+'\"]'),o=l.querySelectorAll('blockquote[data-secret=\"'+t.secret+'\"]'),c=new RegExp(\"^https?:$\",\"i\"),i=0;i<o.length;i++)o[i].style.display=\"none\";for(i=0;i<a.length;i++)s=a[i],e.source===s.contentWindow&&(s.removeAttribute(\"style\"),\"height\"===t.message?(1e3<(r=parseInt(t.value,10))?r=1e3:~~r<200&&(r=200),s.height=r):\"link\"===t.message&&(r=new URL(s.getAttribute(\"src\")),n=new URL(t.value),c.test(n.protocol))&&n.host===r.host&&l.activeElement===s&&(d.top.location.href=t.value))}},d.addEventListener(\"message\",d.wp.receiveEmbedMessage,!1),l.addEventListener(\"DOMContentLoaded\",function(){for(var e,t,s=l.querySelectorAll(\"iframe.wp-embedded-content\"),r=0;r<s.length;r++)(t=(e=s[r]).getAttribute(\"data-secret\"))||(t=Math.random().toString(36).substring(2,12),e.src+=\"#?secret=\"+t,e.setAttribute(\"data-secret\",t)),e.contentWindow.postMessage({message:\"ready\",secret:t},\"*\")},!1)))}(window,document);\n\/* ]]> *\/\n<\/script>\n","description":"KAMPINGU I SPORTIT DHE TOLERANC\u00cbS N\u00cb LIAEMIN E VLLASIN\u00cbS N\u00eb liqenin e Vllasin\u00ebs, 56 nx\u00ebn\u00ebs t\u00eb shkollave fillore kan\u00eb marr\u00eb pjes\u00eb p\u00ebr her\u00eb t\u00eb par\u00eb n\u00eb ,,Kampi i sportit dhe toleranc\u00ebs\u2019\u2019. Ideja p\u00ebr nj\u00eb shoq\u00ebrim t\u00eb till\u00eb ka ardh nga grupi i arsimtar\u00ebve t\u00eb edukat\u00ebs fizike nga jugu i Serbis\u00eb. Tet\u00eb arsimtar\u00eb t\u00eb edukat\u00ebs fizike nga Donje Trnave, \u00c7okota, Leskoci, Medvegja dhe Banja e Sijarin\u00ebs kan\u00eb p\u00ebrzgjedhur nga shtat\u00eb nx\u00ebn\u00ebs t\u00eb cil\u00ebt kan\u00eb marr\u00eb pjes\u00eb n\u00eb k\u00ebt\u00eb kamping."}