{"version":"1.0","provider_name":"Republika e S\u00ebrbis\u00eb Trupi Koordinues p\u00ebr komunat Bujanoc, Preshev\u00eb dhe Medvegj\u00eb","provider_url":"https:\/\/kt.gov.rs\/sq\/","author_name":"ktmin","author_url":"https:\/\/kt.gov.rs\/sq\/author\/ktmin\/","title":"12.5.2010 - Republika e S\u00ebrbis\u00eb Trupi Koordinues p\u00ebr komunat Bujanoc, Preshev\u00eb dhe Medvegj\u00eb","type":"rich","width":600,"height":338,"html":"<blockquote class=\"wp-embedded-content\" data-secret=\"zLLUytn28p\"><a href=\"https:\/\/kt.gov.rs\/sq\/12-5-2010\/\">12.5.2010<\/a><\/blockquote><iframe sandbox=\"allow-scripts\" security=\"restricted\" src=\"https:\/\/kt.gov.rs\/sq\/12-5-2010\/embed\/#?secret=zLLUytn28p\" width=\"600\" height=\"338\" title=\"\u201c12.5.2010\u201d \u2014 Republika e S\u00ebrbis\u00eb Trupi Koordinues p\u00ebr komunat Bujanoc, Preshev\u00eb dhe Medvegj\u00eb\" data-secret=\"zLLUytn28p\" frameborder=\"0\" marginwidth=\"0\" marginheight=\"0\" scrolling=\"no\" class=\"wp-embedded-content\"><\/iframe><script type=\"text\/javascript\">\n\/* <![CDATA[ *\/\n\/*! This file is auto-generated *\/\n!function(d,l){\"use strict\";l.querySelector&&d.addEventListener&&\"undefined\"!=typeof URL&&(d.wp=d.wp||{},d.wp.receiveEmbedMessage||(d.wp.receiveEmbedMessage=function(e){var t=e.data;if((t||t.secret||t.message||t.value)&&!\/[^a-zA-Z0-9]\/.test(t.secret)){for(var s,r,n,a=l.querySelectorAll('iframe[data-secret=\"'+t.secret+'\"]'),o=l.querySelectorAll('blockquote[data-secret=\"'+t.secret+'\"]'),c=new RegExp(\"^https?:$\",\"i\"),i=0;i<o.length;i++)o[i].style.display=\"none\";for(i=0;i<a.length;i++)s=a[i],e.source===s.contentWindow&&(s.removeAttribute(\"style\"),\"height\"===t.message?(1e3<(r=parseInt(t.value,10))?r=1e3:~~r<200&&(r=200),s.height=r):\"link\"===t.message&&(r=new URL(s.getAttribute(\"src\")),n=new URL(t.value),c.test(n.protocol))&&n.host===r.host&&l.activeElement===s&&(d.top.location.href=t.value))}},d.addEventListener(\"message\",d.wp.receiveEmbedMessage,!1),l.addEventListener(\"DOMContentLoaded\",function(){for(var e,t,s=l.querySelectorAll(\"iframe.wp-embedded-content\"),r=0;r<s.length;r++)(t=(e=s[r]).getAttribute(\"data-secret\"))||(t=Math.random().toString(36).substring(2,12),e.src+=\"#?secret=\"+t,e.setAttribute(\"data-secret\",t)),e.contentWindow.postMessage({message:\"ready\",secret:t},\"*\")},!1)))}(window,document);\n\/* ]]> *\/\n<\/script>\n","description":"P\u00ebrfaq\u00ebsuesit e pakic\u00ebs shqip\u00ebtare t\u00eb Sebis\u00eb jugore mb\u00ebshtesin procedur\u00ebn hetimore\u00a0 t\u00eb ndjekjes penale kund\u00ebr krimeve t\u00eb luft\u00ebs  Vranj\u00eb, Bujanoc, Preshev\u00eb \u2013 ,,Aksionin t\u00eb cilin e ka nd\u00ebrmarr\u00eb Prokuroria p\u00ebr krime t\u00eb luft\u00ebs n\u00eb lidhje me varresat masive t\u00eb Shqip\u00ebtar\u00ebve n\u00eb rrethin e Rashk\u00ebs, \u00ebsht\u00eb lajmi m\u00eb i mir\u00eb q\u00eb e kemi nd\u00ebgjuar n\u00eb k\u00ebto vitet e fundit\u2019\u2019 ka th\u00ebn\u00eb Sk\u00ebnder Destani, kryetar\u00eb i Unionin Demokratik t\u00eb Lugin\u00ebs nga Presheva."}