{"version":"1.0","provider_name":"Republika e S\u00ebrbis\u00eb Trupi Koordinues p\u00ebr komunat Bujanoc, Preshev\u00eb dhe Medvegj\u00eb","provider_url":"https:\/\/kt.gov.rs\/sq\/","author_name":"ktmin","author_url":"https:\/\/kt.gov.rs\/sq\/author\/ktmin\/","title":"12.10.2010. - Republika e S\u00ebrbis\u00eb Trupi Koordinues p\u00ebr komunat Bujanoc, Preshev\u00eb dhe Medvegj\u00eb","type":"rich","width":600,"height":338,"html":"<blockquote class=\"wp-embedded-content\" data-secret=\"QbIjtJ0Due\"><a href=\"https:\/\/kt.gov.rs\/sq\/12-10-2010\/\">12.10.2010.<\/a><\/blockquote><iframe sandbox=\"allow-scripts\" security=\"restricted\" src=\"https:\/\/kt.gov.rs\/sq\/12-10-2010\/embed\/#?secret=QbIjtJ0Due\" width=\"600\" height=\"338\" title=\"\u201c12.10.2010.\u201d \u2014 Republika e S\u00ebrbis\u00eb Trupi Koordinues p\u00ebr komunat Bujanoc, Preshev\u00eb dhe Medvegj\u00eb\" data-secret=\"QbIjtJ0Due\" frameborder=\"0\" marginwidth=\"0\" marginheight=\"0\" scrolling=\"no\" class=\"wp-embedded-content\"><\/iframe><script type=\"text\/javascript\">\n\/* <![CDATA[ *\/\n\/*! This file is auto-generated *\/\n!function(d,l){\"use strict\";l.querySelector&&d.addEventListener&&\"undefined\"!=typeof URL&&(d.wp=d.wp||{},d.wp.receiveEmbedMessage||(d.wp.receiveEmbedMessage=function(e){var t=e.data;if((t||t.secret||t.message||t.value)&&!\/[^a-zA-Z0-9]\/.test(t.secret)){for(var s,r,n,a=l.querySelectorAll('iframe[data-secret=\"'+t.secret+'\"]'),o=l.querySelectorAll('blockquote[data-secret=\"'+t.secret+'\"]'),c=new RegExp(\"^https?:$\",\"i\"),i=0;i<o.length;i++)o[i].style.display=\"none\";for(i=0;i<a.length;i++)s=a[i],e.source===s.contentWindow&&(s.removeAttribute(\"style\"),\"height\"===t.message?(1e3<(r=parseInt(t.value,10))?r=1e3:~~r<200&&(r=200),s.height=r):\"link\"===t.message&&(r=new URL(s.getAttribute(\"src\")),n=new URL(t.value),c.test(n.protocol))&&n.host===r.host&&l.activeElement===s&&(d.top.location.href=t.value))}},d.addEventListener(\"message\",d.wp.receiveEmbedMessage,!1),l.addEventListener(\"DOMContentLoaded\",function(){for(var e,t,s=l.querySelectorAll(\"iframe.wp-embedded-content\"),r=0;r<s.length;r++)(t=(e=s[r]).getAttribute(\"data-secret\"))||(t=Math.random().toString(36).substring(2,12),e.src+=\"#?secret=\"+t,e.setAttribute(\"data-secret\",t)),e.contentWindow.postMessage({message:\"ready\",secret:t},\"*\")},!1)))}(window,document);\n\/* ]]> *\/\n<\/script>\n","description":"MBI BARAZIN\u00cb GJINORE SOMBOR \u2013 Tetemb\u00ebdhjet\u00eb t\u00eb rinj\u00eb nga Presheva dhe Bosilegradi t\u00eb mosh\u00ebs prej 17-23 vjeqare, n\u00ebn patronazhin e misionit t\u00eb OSBE-s\u00eb n\u00eb Serbi, n\u00eb bashk\u00ebpunim me Zyren p\u00ebr t\u00eb rinj\u00eb nga Sombori, gjat\u00eb q\u00ebndrimit treditor\u00eb n\u00eb k\u00ebt\u00eb qytet, jan\u00eb edukuar n\u00eb tem\u00ebn e barazis\u00eb gjinore dhe aktiviteteve t\u00eb rinis\u00eb. Nikoqir\u00ebt jan\u00eb munduar q\u00eb mysafir\u00ebve t\u2019ua paraqesin pasqyr\u00ebn sa m\u00eb t\u00eb mir\u00eb t\u00eb qytetit t\u00eb tyre, nd\u00ebrsa p\u00ebrshtypje m\u00eb t\u00eb madhe tek mysafir\u00ebt u ka l\u00ebn\u00eb Teatri Komb\u00ebtar\u00eb."}