{"version":"1.0","provider_name":"Republika e S\u00ebrbis\u00eb Trupi Koordinues p\u00ebr komunat Bujanoc, Preshev\u00eb dhe Medvegj\u00eb","provider_url":"https:\/\/kt.gov.rs\/sq\/","author_name":"ktmin","author_url":"https:\/\/kt.gov.rs\/sq\/author\/ktmin\/","title":"11.gusht. 2010. - Republika e S\u00ebrbis\u00eb Trupi Koordinues p\u00ebr komunat Bujanoc, Preshev\u00eb dhe Medvegj\u00eb","type":"rich","width":600,"height":338,"html":"<blockquote class=\"wp-embedded-content\" data-secret=\"HOqsyO16Sc\"><a href=\"https:\/\/kt.gov.rs\/sq\/11-gusht-2010\/\">11.gusht. 2010.<\/a><\/blockquote><iframe sandbox=\"allow-scripts\" security=\"restricted\" src=\"https:\/\/kt.gov.rs\/sq\/11-gusht-2010\/embed\/#?secret=HOqsyO16Sc\" width=\"600\" height=\"338\" title=\"\u201c11.gusht. 2010.\u201d \u2014 Republika e S\u00ebrbis\u00eb Trupi Koordinues p\u00ebr komunat Bujanoc, Preshev\u00eb dhe Medvegj\u00eb\" data-secret=\"HOqsyO16Sc\" frameborder=\"0\" marginwidth=\"0\" marginheight=\"0\" scrolling=\"no\" class=\"wp-embedded-content\"><\/iframe><script type=\"text\/javascript\">\n\/* <![CDATA[ *\/\n\/*! This file is auto-generated *\/\n!function(d,l){\"use strict\";l.querySelector&&d.addEventListener&&\"undefined\"!=typeof URL&&(d.wp=d.wp||{},d.wp.receiveEmbedMessage||(d.wp.receiveEmbedMessage=function(e){var t=e.data;if((t||t.secret||t.message||t.value)&&!\/[^a-zA-Z0-9]\/.test(t.secret)){for(var s,r,n,a=l.querySelectorAll('iframe[data-secret=\"'+t.secret+'\"]'),o=l.querySelectorAll('blockquote[data-secret=\"'+t.secret+'\"]'),c=new RegExp(\"^https?:$\",\"i\"),i=0;i<o.length;i++)o[i].style.display=\"none\";for(i=0;i<a.length;i++)s=a[i],e.source===s.contentWindow&&(s.removeAttribute(\"style\"),\"height\"===t.message?(1e3<(r=parseInt(t.value,10))?r=1e3:~~r<200&&(r=200),s.height=r):\"link\"===t.message&&(r=new URL(s.getAttribute(\"src\")),n=new URL(t.value),c.test(n.protocol))&&n.host===r.host&&l.activeElement===s&&(d.top.location.href=t.value))}},d.addEventListener(\"message\",d.wp.receiveEmbedMessage,!1),l.addEventListener(\"DOMContentLoaded\",function(){for(var e,t,s=l.querySelectorAll(\"iframe.wp-embedded-content\"),r=0;r<s.length;r++)(t=(e=s[r]).getAttribute(\"data-secret\"))||(t=Math.random().toString(36).substring(2,12),e.src+=\"#?secret=\"+t,e.setAttribute(\"data-secret\",t)),e.contentWindow.postMessage({message:\"ready\",secret:t},\"*\")},!1)))}(window,document);\n\/* ]]> *\/\n<\/script>\n","description":"MLADGRAD 2010 Sot p\u00ebr her\u00eb t\u00eb par\u00eb n\u00eb m\u00ebnyr\u00eb solemne dor\u00ebzohet mir\u00ebnjohja MLADGRAD, e cila u dedikohet pushteteve lokale dhe mediave p\u00ebr kontributin ndaj rinis\u00eb n\u00eb pushtetet lokale. Mir\u00ebnjohjet i dor\u00ebzoi Iniciativa qytetare n\u00eb bashk\u00ebpunim me Ministrin\u00eb p\u00ebr rini dhe sport, dhe Ministrin\u00eb p\u00ebr pushtet lokal dhe vet\u00ebqeverisje lokale. Mir\u00ebnjohjet jan\u00eb dor\u00ebzuar n\u00eb suaza t\u00eb dit\u00ebs Nd\u00ebrkomb\u00ebtare t\u00eb rinis\u00eb si dhe fillimit t\u00eb vitit rinor\u00eb n\u00eb baz\u00eb t\u00eb kalendarit t\u00eb KB."}