{"version":"1.0","provider_name":"Republika e S\u00ebrbis\u00eb Trupi Koordinues p\u00ebr komunat Bujanoc, Preshev\u00eb dhe Medvegj\u00eb","provider_url":"https:\/\/kt.gov.rs\/sq\/","author_name":"ktmin","author_url":"https:\/\/kt.gov.rs\/sq\/author\/ktmin\/","title":"02.07.2009 - Republika e S\u00ebrbis\u00eb Trupi Koordinues p\u00ebr komunat Bujanoc, Preshev\u00eb dhe Medvegj\u00eb","type":"rich","width":600,"height":338,"html":"<blockquote class=\"wp-embedded-content\" data-secret=\"hbouj8La8N\"><a href=\"https:\/\/kt.gov.rs\/sq\/02-07-2009\/\">02.07.2009<\/a><\/blockquote><iframe sandbox=\"allow-scripts\" security=\"restricted\" src=\"https:\/\/kt.gov.rs\/sq\/02-07-2009\/embed\/#?secret=hbouj8La8N\" width=\"600\" height=\"338\" title=\"\u201c02.07.2009\u201d \u2014 Republika e S\u00ebrbis\u00eb Trupi Koordinues p\u00ebr komunat Bujanoc, Preshev\u00eb dhe Medvegj\u00eb\" data-secret=\"hbouj8La8N\" frameborder=\"0\" marginwidth=\"0\" marginheight=\"0\" scrolling=\"no\" class=\"wp-embedded-content\"><\/iframe><script type=\"text\/javascript\">\n\/* <![CDATA[ *\/\n\/*! This file is auto-generated *\/\n!function(d,l){\"use strict\";l.querySelector&&d.addEventListener&&\"undefined\"!=typeof URL&&(d.wp=d.wp||{},d.wp.receiveEmbedMessage||(d.wp.receiveEmbedMessage=function(e){var t=e.data;if((t||t.secret||t.message||t.value)&&!\/[^a-zA-Z0-9]\/.test(t.secret)){for(var s,r,n,a=l.querySelectorAll('iframe[data-secret=\"'+t.secret+'\"]'),o=l.querySelectorAll('blockquote[data-secret=\"'+t.secret+'\"]'),c=new RegExp(\"^https?:$\",\"i\"),i=0;i<o.length;i++)o[i].style.display=\"none\";for(i=0;i<a.length;i++)s=a[i],e.source===s.contentWindow&&(s.removeAttribute(\"style\"),\"height\"===t.message?(1e3<(r=parseInt(t.value,10))?r=1e3:~~r<200&&(r=200),s.height=r):\"link\"===t.message&&(r=new URL(s.getAttribute(\"src\")),n=new URL(t.value),c.test(n.protocol))&&n.host===r.host&&l.activeElement===s&&(d.top.location.href=t.value))}},d.addEventListener(\"message\",d.wp.receiveEmbedMessage,!1),l.addEventListener(\"DOMContentLoaded\",function(){for(var e,t,s=l.querySelectorAll(\"iframe.wp-embedded-content\"),r=0;r<s.length;r++)(t=(e=s[r]).getAttribute(\"data-secret\"))||(t=Math.random().toString(36).substring(2,12),e.src+=\"#?secret=\"+t,e.setAttribute(\"data-secret\",t)),e.contentWindow.postMessage({message:\"ready\",secret:t},\"*\")},!1)))}(window,document);\n\/* ]]> *\/\n<\/script>\n","description":"Lidija Janjiq, p\u00ebrfaq\u00ebsuesja e Qendr\u00ebs resursit civil, e nj\u00ebherit edhe an\u00ebtare e dalegacionit nga Bujanoci e cila ka qen\u00eb p\u00ebr vizit\u00eb dyditore n\u00eb Zrenjanin, n\u00eb deklarat\u00ebn e saj dh\u00ebn\u00eb mediave deklaroi se, Zrenjanini \u00ebsht\u00eb zgjedhur si shembull i praktik\u00ebs s\u00eb mir\u00eb, n\u00eb t\u00eb v\u00ebrtet si administrat\u00eb lolake nga e cila mund\u00eb t\u00eb m\u00ebsohet mbi rregullimin dhe p\u00ebrshtatshm\u00ebrin\u00eb e interesave t\u00eb qytetar\u00ebve n\u00eb sektorin joqeveritar\u00eb n\u00eb qeverin\u00eb komunale, sidomos kur \u00ebsht\u00eb fjala p\u00ebr mar\u00ebdh\u00ebniet nd\u00ebrnacionale n\u00eb mjedis multietnik."}