{"version":"1.0","provider_name":"Republika e S\u00ebrbis\u00eb Trupi Koordinues p\u00ebr komunat Bujanoc, Preshev\u00eb dhe Medvegj\u00eb","provider_url":"https:\/\/kt.gov.rs\/sq\/","author_name":"ktmin","author_url":"https:\/\/kt.gov.rs\/sq\/author\/ktmin\/","title":"01.tetor\u00eb.2010. - Republika e S\u00ebrbis\u00eb Trupi Koordinues p\u00ebr komunat Bujanoc, Preshev\u00eb dhe Medvegj\u00eb","type":"rich","width":600,"height":338,"html":"<blockquote class=\"wp-embedded-content\" data-secret=\"JG2zPQL1JI\"><a href=\"https:\/\/kt.gov.rs\/sq\/01-tetore-2010\/\">01.tetor\u00eb.2010.<\/a><\/blockquote><iframe sandbox=\"allow-scripts\" security=\"restricted\" src=\"https:\/\/kt.gov.rs\/sq\/01-tetore-2010\/embed\/#?secret=JG2zPQL1JI\" width=\"600\" height=\"338\" title=\"\u201c01.tetor\u00eb.2010.\u201d \u2014 Republika e S\u00ebrbis\u00eb Trupi Koordinues p\u00ebr komunat Bujanoc, Preshev\u00eb dhe Medvegj\u00eb\" data-secret=\"JG2zPQL1JI\" frameborder=\"0\" marginwidth=\"0\" marginheight=\"0\" scrolling=\"no\" class=\"wp-embedded-content\"><\/iframe><script type=\"text\/javascript\">\n\/* <![CDATA[ *\/\n\/*! This file is auto-generated *\/\n!function(d,l){\"use strict\";l.querySelector&&d.addEventListener&&\"undefined\"!=typeof URL&&(d.wp=d.wp||{},d.wp.receiveEmbedMessage||(d.wp.receiveEmbedMessage=function(e){var t=e.data;if((t||t.secret||t.message||t.value)&&!\/[^a-zA-Z0-9]\/.test(t.secret)){for(var s,r,n,a=l.querySelectorAll('iframe[data-secret=\"'+t.secret+'\"]'),o=l.querySelectorAll('blockquote[data-secret=\"'+t.secret+'\"]'),c=new RegExp(\"^https?:$\",\"i\"),i=0;i<o.length;i++)o[i].style.display=\"none\";for(i=0;i<a.length;i++)s=a[i],e.source===s.contentWindow&&(s.removeAttribute(\"style\"),\"height\"===t.message?(1e3<(r=parseInt(t.value,10))?r=1e3:~~r<200&&(r=200),s.height=r):\"link\"===t.message&&(r=new URL(s.getAttribute(\"src\")),n=new URL(t.value),c.test(n.protocol))&&n.host===r.host&&l.activeElement===s&&(d.top.location.href=t.value))}},d.addEventListener(\"message\",d.wp.receiveEmbedMessage,!1),l.addEventListener(\"DOMContentLoaded\",function(){for(var e,t,s=l.querySelectorAll(\"iframe.wp-embedded-content\"),r=0;r<s.length;r++)(t=(e=s[r]).getAttribute(\"data-secret\"))||(t=Math.random().toString(36).substring(2,12),e.src+=\"#?secret=\"+t,e.setAttribute(\"data-secret\",t)),e.contentWindow.postMessage({message:\"ready\",secret:t},\"*\")},!1)))}(window,document);\n\/* ]]> *\/\n<\/script>\n","description":"\u201eTELEKOM SRBIJA\u201c HAPI ZYREN E SAJ\u00cb N\u00cb MEDVEGJ\u00cb  \u201eTelekom Srbija\u201c\u0430.d. dje hapi zyren e saj\u00eb t\u00eb par\u00eb n\u00eb Medvegj\u00eb n\u00eb rrug\u00ebn Jabllani\u00e7ka nr 38 ,,Shfryt\u00ebzuesit i presin mund\u00ebsi shum\u00eb t\u00eb volitshme, si psh interneti p\u00ebr\u00a0 1 dinar\u00eb ose telefona mobil me \u00e7mime m\u00eb t\u00eb lira. P\u00ebr f\u00ebmij\u00ebt parashkollor\u00eb t\u00eb institucionit ,,Mladost\u2019\u2019 kemi siguruar donacion n\u00eb mjete shkollore dhe material didaktik\u2019\u2019, deklaroi Marina Tasiq, kryeshefe p\u00ebr shitje pran\u00eb ,,Telekom Srbija\u2019\u2019 a.d. n\u00eb Leskoc."}